{"id":3786,"date":"2019-06-17T11:11:43","date_gmt":"2019-06-17T11:11:43","guid":{"rendered":"https:\/\/nova.msf.hr\/arhiva-41-smotre-2007\/"},"modified":"2019-06-21T11:53:14","modified_gmt":"2019-06-21T09:53:14","slug":"archive-41th-iff-2007","status":"publish","type":"page","link":"https:\/\/msf.hr\/en\/archive-41th-iff-2007\/","title":{"rendered":"Archive 41TH IFF 2007"},"content":{"rendered":"<div class=\"wpb-content-wrapper\"><p>[vc_section full_width=&#8221;stretch_row&#8221;][vc_row full_width=&#8221;stretch_row_content&#8221; css=&#8221;.vc_custom_1560419928639{margin-bottom: 40px !important;padding-bottom: 50px !important;}&#8221; el_class=&#8221;text-center&#8221;][vc_column basel_color_scheme=&#8221;dark&#8221; css=&#8221;.vc_custom_1560419974723{padding-top: 0px !important;}&#8221;]\t\t\t<link rel=\"stylesheet\" id=\"basel-el-slider-css\" href=\"https:\/\/msf.hr\/wp-content\/themes\/basel\/css\/parts\/el-slider.min.css?ver=5.8.0\" type=\"text\/css\" media=\"all\" \/> \t\t\t\t\t\t<link rel=\"stylesheet\" id=\"basel-lib-owl-carousel-css\" href=\"https:\/\/msf.hr\/wp-content\/themes\/basel\/css\/parts\/lib-owl-carousel.min.css?ver=5.8.0\" type=\"text\/css\" media=\"all\" \/> \t\t\t\t\t\t<style>\n\t\t\t#slider-54 .basel-slide {\n\t\t\t\tmin-height: 550px;\n\t\t\t}\n\t\t\t\n\t\t\t@media (min-width: 1025px) {\n\t\t\t\t.browser-Internet #slider-54 .basel-slide {\n\t\t\t\t\theight: 550px;\n\t\t\t\t}\n\t\t\t}\n\n\t        @media (max-width: 1024px) {\n\t\t\t\t#slider-54 .basel-slide {\n\t\t\t\t\tmin-height: 500px;\n\t\t\t\t}\n\t\t\t}\n\n\t\t\t@media (max-width: 767px) {\n\t\t\t\t#slider-54 .basel-slide {\n\t\t\t\t\tmin-height: 300px;\n\t\t\t\t}\n\t\t\t}\n\n\t\t\t\t\t\t\t\t\t#slide-2524.basel-loaded {\n\t\t\t\t\t\t\tbackground-image:url(https:\/\/msf.hr\/wp-content\/uploads\/2019\/06\/41_slide1.jpg);\t\t\t\t\t\t}\n\n\t\t\t\t\t\t#slide-2524 {\n\t\t\t\t\t\t\tbackground-color:#fefefe;\t\t\t\t\t\t}\n\n\t\t\t\t\t    \t\t\t\t\t\t#slide-2524 .basel-slide-inner {\n\t\t\t\t\t\t\tmax-width:1200px;\t\t\t\t\t\t}\n\t\t\t\t\t    \n\t\t\t\t        @media (max-width: 1024px) {\n\t\t\t\t\t\t\t\n\t\t\t\t\t        \t\t\t\t\t\t\t#slide-2524 .basel-slide-inner {\n\t\t\t\t\t\t\t\tmax-width:1200px;\t\t\t\t\t\t\t}\n\t\t\t\t\t        \t\t\t\t\t\t}\n\n\t\t\t\t\t\t@media (max-width: 767px) {\n\t\t\t\t\t\t\t\n\t\t\t\t\t        \t\t\t\t\t\t\t#slide-2524 .basel-slide-inner {\n\t\t\t\t\t\t\t\tmax-width:300px;\t\t\t\t\t\t\t}\n\t\t\t\t\t        \t\t\t\t\t\t}\n\n\t\t\t\t\t\t\n\t\t\t\t\t\t\n\t\t\t\t\t\t\t\t\t\t\t#slide-2526.basel-loaded {\n\t\t\t\t\t\t\tbackground-image:url(https:\/\/msf.hr\/wp-content\/uploads\/2019\/06\/41_slide2.jpg);\t\t\t\t\t\t}\n\n\t\t\t\t\t\t#slide-2526 {\n\t\t\t\t\t\t\tbackground-color:#fefefe;\t\t\t\t\t\t}\n\n\t\t\t\t\t    \t\t\t\t\t\t#slide-2526 .basel-slide-inner {\n\t\t\t\t\t\t\tmax-width:1200px;\t\t\t\t\t\t}\n\t\t\t\t\t    \n\t\t\t\t        @media (max-width: 1024px) {\n\t\t\t\t\t\t\t\n\t\t\t\t\t        \t\t\t\t\t\t\t#slide-2526 .basel-slide-inner {\n\t\t\t\t\t\t\t\tmax-width:1200px;\t\t\t\t\t\t\t}\n\t\t\t\t\t        \t\t\t\t\t\t}\n\n\t\t\t\t\t\t@media (max-width: 767px) {\n\t\t\t\t\t\t\t\n\t\t\t\t\t        \t\t\t\t\t\t\t#slide-2526 .basel-slide-inner {\n\t\t\t\t\t\t\t\tmax-width:300px;\t\t\t\t\t\t\t}\n\t\t\t\t\t        \t\t\t\t\t\t}\n\n\t\t\t\t\t\t\n\t\t\t\t\t\t\n\t\t\t\t\t\n\t\t<\/style>\t\t\t<div id=\"slider-54\" class=\"basel-slider-wrapper arrows-style-3 pagin-style-2 pagin-color-light vc_row vc_row-fluid\" data-vc-full-width=\"true\" data-vc-full-width-init=\"true\" data-vc-stretch-content=\"true\" data-owl-carousel data-speed=\"9000\" data-wrap=\"yes\" data-autoplay=\"yes\" data-autoheight=\"yes\" data-hide_pagination_control=\"no\" data-hide_prev_next_buttons=\"no\" data-sliding_speed=\"900\" data-content_animation=\"1\" data-desktop=\"1\" data-desktop_small=\"1\" data-tablet=\"1\" data-mobile=\"1\">\n\t\t\t\t<div class=\"owl-carousel basel-slider \">\n\t\t\t\t\t\t\t\t\t\t\t\t\t\t\t\t\t<div id=\"slide-2524\" class=\"basel-slide slide-valign-middle slide-halign-left content-fixed\">\n\t\t\t\t\t\t\t<div class=\"container basel-slide-container\">\n\t\t\t\t\t\t\t\t<div class=\"basel-slide-inner \">\n\t\t\t\t\t\t\t\t\t\t\t\t\t\t\t\t\t<\/div>\n\t\t\t\t\t\t\t<\/div>\n\t\t\t\t\t\t<\/div>\n\n\t\t\t\t\t\t\t\t\t\t\t\t\t\t\t\t\t<div id=\"slide-2526\" class=\"basel-slide slide-valign-middle slide-halign-left content-fixed\">\n\t\t\t\t\t\t\t<div class=\"container basel-slide-container\">\n\t\t\t\t\t\t\t\t<div class=\"basel-slide-inner \">\n\t\t\t\t\t\t\t\t\t\t\t\t\t\t\t\t\t<\/div>\n\t\t\t\t\t\t\t<\/div>\n\t\t\t\t\t\t<\/div>\n\n\t\t\t\t\t\t\t\t\t<\/div>\n\t\t\t<\/div>\n\t\t\t<div class=\"vc_row-full-width vc_clearfix\"><\/div>\t\t[\/vc_column][\/vc_row][vc_row][vc_column width=&#8221;1\/3&#8243; basel_color_scheme=&#8221;light&#8221;][vc_column_text]<\/p>\n<h2 class=\"font-alt\">41ST INTERNATIONAL FOLKLORE FESTIVAL<\/h2>\n<blockquote>\n<div class=\"info\">\n<p>18 &#8211; 22 July, 2007<\/p>\n<\/div>\n<\/blockquote>\n<p>This year&#8217;s 41st International Folklore Festival is being held in Zagreb from the 18th to the 22nd July 2007.<br \/>\nTwo of its events are dedicated to Croatians from Bosnia and Herzegovina: the exhibition at the Ethnographic Museum in Zagreb displaying the art of casting of traditional jewelry and everyday utensils, and the final performance of this year&#8217;s Festival at which are participating Croatians who are living in their country as well as those now living in Croatia. Also at the Festival are performing selected folklore groups from Croatia and attractive dance and music ensembles from Austria, Ghana, Greece, Georgia, India, Italy, Cameroon, Malawi, Norway, Slovakia, and Spain.<\/p>\n<p>[\/vc_column_text][\/vc_column][vc_column width=&#8221;1\/3&#8243; basel_color_scheme=&#8221;light&#8221;][vc_column_text]Besides performances of the participants we also have traditional accompanying events: an exhibition, concert of church folk singing (church singing from the island of \u0160olta) and world music (traditional multi-part singing from Croatia, Italy and Georgia) as well as several dance and music workshops that this Festival is paying increasing attention to.<\/p>\n<p>Performances of the 41st International Folklore Festival are taking place on the several stages in Zagreb, participants of the Festival are also performing as guests at other events in the vicinity of Zagreb, and their performances will be covered by Croatian Television and numerous radio stations. This manifestation as well as pleasant stay of all participants in our city was made possible with the support of the Ministry of Culture, City of Zagreb, Zagreb Tourist Board and Croatian National Tourist Board.[\/vc_column_text][\/vc_column][vc_column width=&#8221;1\/3&#8243; basel_color_scheme=&#8221;light&#8221;][vc_btn title=&#8221;PHOTOS ON 41TH IFF&#8221; shape=&#8221;square&#8221; size=&#8221;lg&#8221; align=&#8221;center&#8221; i_align=&#8221;right&#8221; i_icon_fontawesome=&#8221;fa fa-picture-o&#8221; button_block=&#8221;true&#8221; add_icon=&#8221;true&#8221; link=&#8221;url:https%3A%2F%2Fwww.flickr.com%2Fphotos%2F69495271%40N03%2Falbums%2F72157640549936253||target:%20_blank|&#8221;][\/vc_column][\/vc_row][vc_row css=&#8221;.vc_custom_1560429154538{padding-bottom: 40px !important;}&#8221;][vc_column]\t\t\t<link rel=\"stylesheet\" id=\"basel-el-social-icons-css\" href=\"https:\/\/msf.hr\/wp-content\/themes\/basel\/css\/parts\/el-social-icons.min.css?ver=5.8.0\" type=\"text\/css\" media=\"all\" \/> \t\t\t\n\t\t\t<ul class=\"social-icons text-center icons-design-colored icons-size-default social-share \">\n\t\t\t\t\t\t\t\t\t<li class=\"social-facebook\"><a rel=\"noopener noreferrer nofollow\" href=\"https:\/\/www.facebook.com\/sharer\/sharer.php?u=https:\/\/msf.hr\/en\/archive-41th-iff-2007\/\" target=\"_blank\" class=\"\"><i class=\"fa fa-facebook\"><\/i><span class=\"basel-social-icon-name\">Facebook<\/span><\/a><\/li>\n\t\t\t\t\n\t\t\t\t\n\t\t\t\t\n\t\t\t\t\n\t\t\t\t\n\t\t\t\t\n\t\t\t\t\n\t\t\t\t\t\t\t\t\t<li class=\"social-linkedin\"><a rel=\"noopener noreferrer nofollow\" href=\"https:\/\/www.linkedin.com\/shareArticle?mini=true&url=https:\/\/msf.hr\/en\/archive-41th-iff-2007\/\" target=\"_blank\" class=\"\"><i class=\"fa fa-linkedin\"><\/i><span class=\"basel-social-icon-name\">LinkedIn<\/span><\/a><\/li>\n\t\t\t\t\n\t\t\t\t\n\t\t\t\t\n\t\t\t\t\n\t\t\t\t\n\t\t\t\t\n\t\t\t\t\n\t\t\t\t\n\t\t\t\t\n\t\t\t\t\t\t\t\t\n\t\t\t\t\n\t\t\t\t\n\t\t\t\t\n\t\t\t\t\t\t\t<\/ul>\n\n\t\t[\/vc_column][\/vc_row][vc_row full_width=&#8221;stretch_row&#8221; css=&#8221;.vc_custom_1560759879805{padding-top: 40px !important;padding-bottom: 40px !important;background-color: #f2f2f2 !important;}&#8221; el_id=&#8221;#sudionici&#8221;][vc_column width=&#8221;1\/3&#8243; basel_color_scheme=&#8221;light&#8221; el_id=&#8221;#sudionici&#8221;][vc_column_text]<\/p>\n<h2 class=\"font-alt\">41TH INTERNATIONAL FOLKLORE FESTIVAL IN ZAGREB<\/h2>\n<blockquote>\n<div class=\"info\">\n<p>PARTICIPANTS FROM CROATIA<\/p>\n<\/div>\n<\/blockquote>\n<p><strong>BISTRA<\/strong>, Zagreba\u010dka County, KUD &#8220;Bistra&#8221;<br \/>\n<strong>DONJE JELENJE<\/strong>, Primorsko-goranska County, KUD &#8220;Zvir&#8221;<br \/>\n<strong>\u0110UR\u0110EVAC<\/strong>, Koprivni\u010dko-kri\u017eeva\u010dka County, KUD &#8220;Petar Preradovi\u0107&#8221;<br \/>\n<strong>KOTORIBA<\/strong>, Me\u0111imurska County, KUD &#8220;Kotoriba&#8221;<br \/>\n<strong>KR\u0160AN<\/strong>, Istarska County, KUD &#8220;Ivan Fonovi\u0107 Zlatela&#8221;<br \/>\n<strong>KUPLJENOVO<\/strong>, Zagreba\u010dka County, KUD &#8220;Kupljenovo&#8221;<br \/>\n<strong>ORIOVAC<\/strong>, Brodsko-posavska County, KUD &#8220;Luka Ili\u0107 Oriov\u010danin&#8221;<br \/>\n<strong>POLA\u010cA<\/strong>, Zadarska County, KUD &#8220;Gradina&#8221;<br \/>\n<strong>\u0160LJIVO\u0160EVCI<\/strong>, Osje\u010dko-baranjska County, KUD &#8220;Selja\u010dka sloga&#8221;<br \/>\n<strong>\u0160OLTA<\/strong>, Splitsko-dalmatinska County, Church folk singers from the Island of \u0160olta<br \/>\n<strong>\u0160TITAR<\/strong>, Vukovarsko-srijemska County, KUD &#8220;Josip Kozarac&#8221;<br \/>\n<strong>VISO\u010cANI I SMOKOVLJANI<\/strong>, Dubrova\u010dko-neretvanska County, KUU &#8220;\u017dutopas&#8221;<br \/>\n<strong>ZAGREB<\/strong>, Gra\u010dani, Croatian SPD &#8220;Podgorac&#8221;<br \/>\n<strong>ZAGREB<\/strong>, Klapa &#8220;Nostalgija&#8221;[\/vc_column_text][\/vc_column][vc_column width=&#8221;1\/3&#8243; basel_color_scheme=&#8221;light&#8221;][vc_column_text]<\/p>\n<blockquote>\n<div class=\"info\">\n<p>Croats from Bosnia and Herzegovina<\/p>\n<\/div>\n<\/blockquote>\n<p><strong>BUKOVICA<\/strong>, Hercegbosanska County, Croatian KUD &#8220;Fra Mijo \u010cui\u0107&#8221;<br \/>\n<strong>HUSINO<\/strong>, Hrvatski dom Tuzla &#8211; Husino<br \/>\n<strong>KUPRES<\/strong>, Croatian KD &#8220;Napredak&#8221; Kupres, singing group &#8220;Sto\u017eer&#8221;<br \/>\n<strong>LUG I BRANKOVI\u0106I<\/strong>, Croatian KUD &#8220;Ognji\u0161ta&#8221;<br \/>\n<strong>NEUM<\/strong>, Croatian KUD &#8220;Neumski glas&#8221;<br \/>\n<strong>O\u0160TRA LUKA i BOK<\/strong>, KUD &#8220;Ravnica&#8221;<br \/>\n<strong>POSU\u0160JE<\/strong>, Croatian KUD &#8220;Fra Petar Bakula&#8221;<br \/>\n<strong>RAMA-\u0160\u0106IT<\/strong>, Croatian KUD &#8220;Gornja Rama&#8221;<br \/>\n<strong>ZAGREB<\/strong>, ZD &#8220;Li\u010dka Plje\u0161evica&#8221;<br \/>\n<strong>ZAGREB<\/strong>, Unformal group from Komarica, Bosanska Posavina[\/vc_column_text][\/vc_column][vc_column width=&#8221;1\/3&#8243; basel_color_scheme=&#8221;light&#8221;][vc_column_text]<\/p>\n<h2 class=\"font-alt\"><\/h2>\n<blockquote>\n<div class=\"info\">\n<p>PARTICIPANTS FROM ABROAD<\/p>\n<\/div>\n<\/blockquote>\n<p><strong>AUSTRIA Vienna \u2013 Gradi\u0161\u010de\/Burgenland<\/strong>, Croatian folklore ensemble &#8220;Kolo Slavuj&#8221;<br \/>\n<strong>AUSTRIA<\/strong>, Musikkapelle Bannberg\/Osttirol<br \/>\n<strong>BULGARIA<\/strong>, &#8220;Draginovo&#8221;, Draginovo<br \/>\n<strong>GEORGIA<\/strong>, Ensemble &#8220;Sakhioba&#8221;, Tbilisi<br \/>\n<strong>INDIA<\/strong>, Avijit Ghosh i Bivash Sanghai, Kolkata<br \/>\n<strong>ITALY<\/strong>, Compagnia Folklorica &#8220;Citta dei Templi&#8221;, Agrigento<br \/>\n<strong>ITALY<\/strong>, Gruppo di canto a tenore &#8220;Su Cussertu C\u016fccuru &#8216;e Lunas&#8221;, Torpe<br \/>\n<strong>CAMEROUN<\/strong>, Galena Juju Dance Group, Bamenda<br \/>\n<strong>MALAWI<\/strong>, Konga Vibes<br \/>\n<strong>NORWAY<\/strong>, Klepp leikarring, Kleppe<br \/>\n<strong>SLOVAKIA<\/strong>, &#8220;\u017deleziar&#8221;, Ko\u0161ice<br \/>\n<strong>SPAIN (Basque Provinces)<\/strong>, &#8220;Aurtzaka&#8221;, Beasain[\/vc_column_text][\/vc_column][\/vc_row][\/vc_section][vc_row full_width=&#8221;stretch_row_content_no_spaces&#8221; css=&#8221;.vc_custom_1560760005156{margin-top: 0px !important;margin-bottom: 0px !important;border-top-width: 0px !important;border-bottom-width: 0px !important;padding-top: 0px !important;padding-bottom: 0px !important;}&#8221;][vc_column css=&#8221;.vc_custom_1560758172997{margin-top: 0px !important;margin-bottom: 0px !important;padding-top: 0px !important;padding-bottom: 0px !important;}&#8221;]\t\t\t<link rel=\"stylesheet\" id=\"basel-el-images-gallery-css\" href=\"https:\/\/msf.hr\/wp-content\/themes\/basel\/css\/parts\/el-images-gallery.min.css?ver=5.8.0\" type=\"text\/css\" media=\"all\" \/> \t\t\t\t\t\t<div id=\"gallery_177\" class=\"basel-images-gallery  spacing-0 columns-3 view-carousel\" data-owl-carousel data-speed=\"4000\" data-wrap=\"yes\" data-autoplay=\"yes\" data-hide_pagination_control=\"yes\" data-desktop=\"4\" data-desktop_small=\"3\" data-tablet=\"3\" data-mobile=\"1\">\n\t\t\t\t<div class=\"gallery-images owl-carousel\">\n\t\t\t\t\t\t\t\t\t\t\t\t\t\t\t\t\t\t<div class=\"basel-gallery-item\">\n\t\t\t\t\t\t\t\t\t\t\t\t\t\t\t\t\t<a href=\"https:\/\/www.youtube.com\/watch?v=-S_utKy9xcc\" data-index=\"1\" data-width=\"512\" data-height=\"375\" target=\"_blank\" >\n\t\t\t\t\t\t\t\t\t\t\t\t\t\t\t\n\t\t\t\t\t\t\t\t\t\t\t\t\t\t\t\t\t<img loading=\"lazy\" decoding=\"async\" width=\"512\" height=\"375\" src=\"https:\/\/msf.hr\/wp-content\/uploads\/2019\/06\/41-3.jpg\" class=\"basel-gallery-image image-1 attachment-full\" alt=\"\" title=\"41 (3)\" srcset=\"https:\/\/msf.hr\/wp-content\/uploads\/2019\/06\/41-3.jpg 512w, https:\/\/msf.hr\/wp-content\/uploads\/2019\/06\/41-3-300x220.jpg 300w\" sizes=\"auto, (max-width: 512px) 100vw, 512px\" \/>\t\t\t\t\t\t\t\t\n\t\t\t\t\t\t\t\t\t\t\t\t\t\t\t\t\t<\/a>\n\t\t\t\t\t\t\t\t\t\t\t\t\t\t\t<\/div>\n\t\t\t\t\t\t\t\t\t\t\t\t\t<div class=\"basel-gallery-item\">\n\t\t\t\t\t\t\t\t\t\t\t\t\t\t\t\t\t<a href=\"https:\/\/www.youtube.com\/watch?v=Mh34KYW96MA\" data-index=\"2\" data-width=\"512\" data-height=\"375\" target=\"_blank\" >\n\t\t\t\t\t\t\t\t\t\t\t\t\t\t\t\n\t\t\t\t\t\t\t\t\t\t\t\t\t\t\t\t\t<img loading=\"lazy\" decoding=\"async\" width=\"512\" height=\"375\" src=\"https:\/\/msf.hr\/wp-content\/uploads\/2019\/06\/41-4.jpg\" class=\"basel-gallery-image image-2 attachment-full\" alt=\"\" title=\"41 (4)\" srcset=\"https:\/\/msf.hr\/wp-content\/uploads\/2019\/06\/41-4.jpg 512w, https:\/\/msf.hr\/wp-content\/uploads\/2019\/06\/41-4-300x220.jpg 300w\" sizes=\"auto, (max-width: 512px) 100vw, 512px\" \/>\t\t\t\t\t\t\t\t\n\t\t\t\t\t\t\t\t\t\t\t\t\t\t\t\t\t<\/a>\n\t\t\t\t\t\t\t\t\t\t\t\t\t\t\t<\/div>\n\t\t\t\t\t\t\t\t\t\t\t\t\t<div class=\"basel-gallery-item\">\n\t\t\t\t\t\t\t\t\t\t\t\t\t\t\t\t\t<a href=\"https:\/\/www.youtube.com\/watch?v=F68vD6XmeI4\" data-index=\"3\" data-width=\"512\" data-height=\"375\" target=\"_blank\" >\n\t\t\t\t\t\t\t\t\t\t\t\t\t\t\t\n\t\t\t\t\t\t\t\t\t\t\t\t\t\t\t\t\t<img loading=\"lazy\" decoding=\"async\" width=\"512\" height=\"375\" src=\"https:\/\/msf.hr\/wp-content\/uploads\/2019\/06\/41-5.jpg\" class=\"basel-gallery-image image-3 attachment-full\" alt=\"\" title=\"41 (5)\" srcset=\"https:\/\/msf.hr\/wp-content\/uploads\/2019\/06\/41-5.jpg 512w, https:\/\/msf.hr\/wp-content\/uploads\/2019\/06\/41-5-300x220.jpg 300w\" sizes=\"auto, (max-width: 512px) 100vw, 512px\" \/>\t\t\t\t\t\t\t\t\n\t\t\t\t\t\t\t\t\t\t\t\t\t\t\t\t\t<\/a>\n\t\t\t\t\t\t\t\t\t\t\t\t\t\t\t<\/div>\n\t\t\t\t\t\t\t\t\t\t\t\t\t<div class=\"basel-gallery-item\">\n\t\t\t\t\t\t\t\t\t\t\t\t\t\t\t\t\t<a href=\"https:\/\/www.youtube.com\/watch?v=5MBjG7t8cwo\" data-index=\"4\" data-width=\"512\" data-height=\"375\" target=\"_blank\" >\n\t\t\t\t\t\t\t\t\t\t\t\t\t\t\t\n\t\t\t\t\t\t\t\t\t\t\t\t\t\t\t\t\t<img loading=\"lazy\" decoding=\"async\" width=\"512\" height=\"375\" src=\"https:\/\/msf.hr\/wp-content\/uploads\/2019\/06\/41-6.jpg\" class=\"basel-gallery-image image-4 attachment-full\" alt=\"\" title=\"41 (6)\" srcset=\"https:\/\/msf.hr\/wp-content\/uploads\/2019\/06\/41-6.jpg 512w, https:\/\/msf.hr\/wp-content\/uploads\/2019\/06\/41-6-300x220.jpg 300w\" sizes=\"auto, (max-width: 512px) 100vw, 512px\" \/>\t\t\t\t\t\t\t\t\n\t\t\t\t\t\t\t\t\t\t\t\t\t\t\t\t\t<\/a>\n\t\t\t\t\t\t\t\t\t\t\t\t\t\t\t<\/div>\n\t\t\t\t\t\t\t\t\t\t\t\t\t<div class=\"basel-gallery-item\">\n\t\t\t\t\t\t\t\t\t\t\t\t\t\t\t\t\t<a href=\"https:\/\/www.youtube.com\/watch?v=gFxT19uDuV8\" data-index=\"5\" data-width=\"512\" data-height=\"375\" target=\"_blank\" >\n\t\t\t\t\t\t\t\t\t\t\t\t\t\t\t\n\t\t\t\t\t\t\t\t\t\t\t\t\t\t\t\t\t<img loading=\"lazy\" decoding=\"async\" width=\"512\" height=\"375\" src=\"https:\/\/msf.hr\/wp-content\/uploads\/2019\/06\/41-7.jpg\" class=\"basel-gallery-image image-5 attachment-full\" alt=\"\" title=\"41 (7)\" srcset=\"https:\/\/msf.hr\/wp-content\/uploads\/2019\/06\/41-7.jpg 512w, https:\/\/msf.hr\/wp-content\/uploads\/2019\/06\/41-7-300x220.jpg 300w\" sizes=\"auto, (max-width: 512px) 100vw, 512px\" \/>\t\t\t\t\t\t\t\t\n\t\t\t\t\t\t\t\t\t\t\t\t\t\t\t\t\t<\/a>\n\t\t\t\t\t\t\t\t\t\t\t\t\t\t\t<\/div>\n\t\t\t\t\t\t\t\t\t\t\t\t\t<div class=\"basel-gallery-item\">\n\t\t\t\t\t\t\t\t\t\t\t\t\t\t\t\t\t<a href=\"https:\/\/www.youtube.com\/watch?v=NJp-w4c-w1U\" data-index=\"6\" data-width=\"512\" data-height=\"375\" target=\"_blank\" >\n\t\t\t\t\t\t\t\t\t\t\t\t\t\t\t\n\t\t\t\t\t\t\t\t\t\t\t\t\t\t\t\t\t<img loading=\"lazy\" decoding=\"async\" width=\"512\" height=\"375\" src=\"https:\/\/msf.hr\/wp-content\/uploads\/2019\/06\/41-8.jpg\" class=\"basel-gallery-image image-6 attachment-full\" alt=\"\" title=\"41 (8)\" srcset=\"https:\/\/msf.hr\/wp-content\/uploads\/2019\/06\/41-8.jpg 512w, https:\/\/msf.hr\/wp-content\/uploads\/2019\/06\/41-8-300x220.jpg 300w\" sizes=\"auto, (max-width: 512px) 100vw, 512px\" \/>\t\t\t\t\t\t\t\t\n\t\t\t\t\t\t\t\t\t\t\t\t\t\t\t\t\t<\/a>\n\t\t\t\t\t\t\t\t\t\t\t\t\t\t\t<\/div>\n\t\t\t\t\t\t\t\t\t\t\t\t\t<div class=\"basel-gallery-item\">\n\t\t\t\t\t\t\t\t\t\t\t\t\t\t\t\t\t<a href=\"https:\/\/www.youtube.com\/watch?v=vTCHEsaenQU\" data-index=\"7\" data-width=\"512\" data-height=\"375\" target=\"_blank\" >\n\t\t\t\t\t\t\t\t\t\t\t\t\t\t\t\n\t\t\t\t\t\t\t\t\t\t\t\t\t\t\t\t\t<img loading=\"lazy\" decoding=\"async\" width=\"512\" height=\"375\" src=\"https:\/\/msf.hr\/wp-content\/uploads\/2019\/06\/41-9.jpg\" class=\"basel-gallery-image image-7 attachment-full\" alt=\"\" title=\"41 (9)\" srcset=\"https:\/\/msf.hr\/wp-content\/uploads\/2019\/06\/41-9.jpg 512w, https:\/\/msf.hr\/wp-content\/uploads\/2019\/06\/41-9-300x220.jpg 300w\" sizes=\"auto, (max-width: 512px) 100vw, 512px\" \/>\t\t\t\t\t\t\t\t\n\t\t\t\t\t\t\t\t\t\t\t\t\t\t\t\t\t<\/a>\n\t\t\t\t\t\t\t\t\t\t\t\t\t\t\t<\/div>\n\t\t\t\t\t\t\t\t\t\t\t\t\t<div class=\"basel-gallery-item\">\n\t\t\t\t\t\t\t\t\t\t\t\t\t\t\t\t\t<a href=\"https:\/\/www.youtube.com\/watch?v=PsLulEvM9lY\" data-index=\"8\" data-width=\"512\" data-height=\"375\" target=\"_blank\" >\n\t\t\t\t\t\t\t\t\t\t\t\t\t\t\t\n\t\t\t\t\t\t\t\t\t\t\t\t\t\t\t\t\t<img loading=\"lazy\" decoding=\"async\" width=\"512\" height=\"375\" src=\"https:\/\/msf.hr\/wp-content\/uploads\/2019\/06\/41-10.jpg\" class=\"basel-gallery-image image-8 attachment-full\" alt=\"\" title=\"41 (10)\" srcset=\"https:\/\/msf.hr\/wp-content\/uploads\/2019\/06\/41-10.jpg 512w, https:\/\/msf.hr\/wp-content\/uploads\/2019\/06\/41-10-300x220.jpg 300w\" sizes=\"auto, (max-width: 512px) 100vw, 512px\" \/>\t\t\t\t\t\t\t\t\n\t\t\t\t\t\t\t\t\t\t\t\t\t\t\t\t\t<\/a>\n\t\t\t\t\t\t\t\t\t\t\t\t\t\t\t<\/div>\n\t\t\t\t\t\t\t\t\t\t\t\t\t<div class=\"basel-gallery-item\">\n\t\t\t\t\t\t\t\t\t\t\t\t\t\t\t\t\t<a href=\"https:\/\/www.youtube.com\/watch?v=pL8vLrgSCHo\" data-index=\"9\" data-width=\"512\" data-height=\"375\" target=\"_blank\" >\n\t\t\t\t\t\t\t\t\t\t\t\t\t\t\t\n\t\t\t\t\t\t\t\t\t\t\t\t\t\t\t\t\t<img loading=\"lazy\" decoding=\"async\" width=\"512\" height=\"375\" src=\"https:\/\/msf.hr\/wp-content\/uploads\/2019\/06\/41-11.jpg\" class=\"basel-gallery-image image-9 attachment-full\" alt=\"\" title=\"41 (11)\" srcset=\"https:\/\/msf.hr\/wp-content\/uploads\/2019\/06\/41-11.jpg 512w, https:\/\/msf.hr\/wp-content\/uploads\/2019\/06\/41-11-300x220.jpg 300w\" sizes=\"auto, (max-width: 512px) 100vw, 512px\" \/>\t\t\t\t\t\t\t\t\n\t\t\t\t\t\t\t\t\t\t\t\t\t\t\t\t\t<\/a>\n\t\t\t\t\t\t\t\t\t\t\t\t\t\t\t<\/div>\n\t\t\t\t\t\t\t\t\t\t\t\t\t<div class=\"basel-gallery-item\">\n\t\t\t\t\t\t\t\t\t\t\t\t\t\t\t\t\t<a href=\"https:\/\/www.youtube.com\/watch?v=6GMIsKTm8wc\" data-index=\"10\" data-width=\"512\" data-height=\"375\" target=\"_blank\" >\n\t\t\t\t\t\t\t\t\t\t\t\t\t\t\t\n\t\t\t\t\t\t\t\t\t\t\t\t\t\t\t\t\t<img loading=\"lazy\" decoding=\"async\" width=\"512\" height=\"375\" src=\"https:\/\/msf.hr\/wp-content\/uploads\/2019\/06\/41-12.jpg\" class=\"basel-gallery-image image-10 attachment-full\" alt=\"\" title=\"41 (12)\" srcset=\"https:\/\/msf.hr\/wp-content\/uploads\/2019\/06\/41-12.jpg 512w, https:\/\/msf.hr\/wp-content\/uploads\/2019\/06\/41-12-300x220.jpg 300w\" sizes=\"auto, (max-width: 512px) 100vw, 512px\" \/>\t\t\t\t\t\t\t\t\n\t\t\t\t\t\t\t\t\t\t\t\t\t\t\t\t\t<\/a>\n\t\t\t\t\t\t\t\t\t\t\t\t\t\t\t<\/div>\n\t\t\t\t\t\t\t\t\t\t\t\t\t\t\t<\/div>\n\t\t\t<\/div>\n\t\t\t\t\t[\/vc_column][\/vc_row]<\/p>\n<\/div>","protected":false},"excerpt":{"rendered":"<p>[vc_section full_width=&#8221;stretch_row&#8221;][vc_row full_width=&#8221;stretch_row_content&#8221; css=&#8221;.vc_custom_1560419928639{margin-bottom: 40px !important;padding-bottom: 50px !important;}&#8221; el_class=&#8221;text-center&#8221;][vc_column basel_color_scheme=&#8221;dark&#8221; css=&#8221;.vc_custom_1560419974723{padding-top: 0px !important;}&#8221;][\/vc_column][\/vc_row][vc_row][vc_column width=&#8221;1\/3&#8243; basel_color_scheme=&#8221;light&#8221;][vc_column_text] 41ST INTERNATIONAL FOLKLORE FESTIVAL 18<\/p>\n","protected":false},"author":1,"featured_media":0,"parent":0,"menu_order":0,"comment_status":"closed","ping_status":"closed","template":"","meta":{"footnotes":""},"class_list":["post-3786","page","type-page","status-publish","hentry"],"aioseo_notices":[],"_links":{"self":[{"href":"https:\/\/msf.hr\/en\/wp-json\/wp\/v2\/pages\/3786","targetHints":{"allow":["GET"]}}],"collection":[{"href":"https:\/\/msf.hr\/en\/wp-json\/wp\/v2\/pages"}],"about":[{"href":"https:\/\/msf.hr\/en\/wp-json\/wp\/v2\/types\/page"}],"author":[{"embeddable":true,"href":"https:\/\/msf.hr\/en\/wp-json\/wp\/v2\/users\/1"}],"replies":[{"embeddable":true,"href":"https:\/\/msf.hr\/en\/wp-json\/wp\/v2\/comments?post=3786"}],"version-history":[{"count":4,"href":"https:\/\/msf.hr\/en\/wp-json\/wp\/v2\/pages\/3786\/revisions"}],"predecessor-version":[{"id":3790,"href":"https:\/\/msf.hr\/en\/wp-json\/wp\/v2\/pages\/3786\/revisions\/3790"}],"wp:attachment":[{"href":"https:\/\/msf.hr\/en\/wp-json\/wp\/v2\/media?parent=3786"}],"curies":[{"name":"wp","href":"https:\/\/api.w.org\/{rel}","templated":true}]}}