{"id":3862,"date":"2019-06-13T12:37:09","date_gmt":"2019-06-13T12:37:09","guid":{"rendered":"https:\/\/nova.msf.hr\/arhiva-52-smotre-2018\/"},"modified":"2019-06-24T08:55:07","modified_gmt":"2019-06-24T06:55:07","slug":"archive-52th-iff-2018","status":"publish","type":"page","link":"https:\/\/msf.hr\/en\/archive-52th-iff-2018\/","title":{"rendered":"Archive 52TH IFF 2018"},"content":{"rendered":"<div class=\"wpb-content-wrapper\"><p>[vc_section full_width=&#8221;stretch_row&#8221;][vc_row full_width=&#8221;stretch_row_content&#8221; css=&#8221;.vc_custom_1560419928639{margin-bottom: 40px !important;padding-bottom: 50px !important;}&#8221; el_class=&#8221;text-center&#8221;][vc_column basel_color_scheme=&#8221;dark&#8221; css=&#8221;.vc_custom_1560419974723{padding-top: 0px !important;}&#8221;]\t\t\t<link rel=\"stylesheet\" id=\"basel-el-slider-css\" href=\"https:\/\/msf.hr\/wp-content\/themes\/basel\/css\/parts\/el-slider.min.css?ver=5.8.0\" type=\"text\/css\" media=\"all\" \/> \t\t\t\t\t\t<link rel=\"stylesheet\" id=\"basel-lib-owl-carousel-css\" href=\"https:\/\/msf.hr\/wp-content\/themes\/basel\/css\/parts\/lib-owl-carousel.min.css?ver=5.8.0\" type=\"text\/css\" media=\"all\" \/> \t\t\t\t\t\t<style>\n\t\t\t#slider-42 .basel-slide {\n\t\t\t\tmin-height: 550px;\n\t\t\t}\n\t\t\t\n\t\t\t@media (min-width: 1025px) {\n\t\t\t\t.browser-Internet #slider-42 .basel-slide {\n\t\t\t\t\theight: 550px;\n\t\t\t\t}\n\t\t\t}\n\n\t        @media (max-width: 1024px) {\n\t\t\t\t#slider-42 .basel-slide {\n\t\t\t\t\tmin-height: 500px;\n\t\t\t\t}\n\t\t\t}\n\n\t\t\t@media (max-width: 767px) {\n\t\t\t\t#slider-42 .basel-slide {\n\t\t\t\t\tmin-height: 300px;\n\t\t\t\t}\n\t\t\t}\n\n\t\t\t\t\t\t\t\t\t#slide-1935.basel-loaded {\n\t\t\t\t\t\t\tbackground-image:url(https:\/\/msf.hr\/wp-content\/uploads\/2019\/06\/arhiva_2018_slider1.jpg);\t\t\t\t\t\t}\n\n\t\t\t\t\t\t#slide-1935 {\n\t\t\t\t\t\t\tbackground-color:#fefefe;\t\t\t\t\t\t}\n\n\t\t\t\t\t    \n\t\t\t\t        @media (max-width: 1024px) {\n\t\t\t\t\t\t\t\n\t\t\t\t\t        \t\t\t\t\t\t}\n\n\t\t\t\t\t\t@media (max-width: 767px) {\n\t\t\t\t\t\t\t\n\t\t\t\t\t        \t\t\t\t\t\t}\n\n\t\t\t\t\t\t\n\t\t\t\t\t\t\n\t\t\t\t\t\t\t\t\t\t\t#slide-1937.basel-loaded {\n\t\t\t\t\t\t\tbackground-image:url(https:\/\/msf.hr\/wp-content\/uploads\/2019\/06\/arhiva_201_slider2.jpg);\t\t\t\t\t\t}\n\n\t\t\t\t\t\t#slide-1937 {\n\t\t\t\t\t\t\tbackground-color:#fefefe;\t\t\t\t\t\t}\n\n\t\t\t\t\t    \n\t\t\t\t        @media (max-width: 1024px) {\n\t\t\t\t\t\t\t\n\t\t\t\t\t        \t\t\t\t\t\t}\n\n\t\t\t\t\t\t@media (max-width: 767px) {\n\t\t\t\t\t\t\t\n\t\t\t\t\t        \t\t\t\t\t\t}\n\n\t\t\t\t\t\t\n\t\t\t\t\t\t\n\t\t\t\t\t\n\t\t<\/style>\t\t\t<div id=\"slider-42\" class=\"basel-slider-wrapper arrows-style-3 pagin-style-2 pagin-color-light vc_row vc_row-fluid\" data-vc-full-width=\"true\" data-vc-full-width-init=\"true\" data-vc-stretch-content=\"true\" data-owl-carousel data-speed=\"9000\" data-wrap=\"yes\" data-autoplay=\"yes\" data-autoheight=\"yes\" data-hide_pagination_control=\"no\" data-hide_prev_next_buttons=\"no\" data-sliding_speed=\"900\" data-animation=\"fadeOut\" data-content_animation=\"1\" data-desktop=\"1\" data-desktop_small=\"1\" data-tablet=\"1\" data-mobile=\"1\">\n\t\t\t\t<div class=\"owl-carousel basel-slider \">\n\t\t\t\t\t\t\t\t\t\t\t\t\t\t\t\t\t<div id=\"slide-1935\" class=\"basel-slide slide-valign-middle slide-halign-center content-full-width\">\n\t\t\t\t\t\t\t<div class=\"container basel-slide-container\">\n\t\t\t\t\t\t\t\t<div class=\"basel-slide-inner \">\n\t\t\t\t\t\t\t\t\t\t\t\t\t\t\t\t\t<\/div>\n\t\t\t\t\t\t\t<\/div>\n\t\t\t\t\t\t<\/div>\n\n\t\t\t\t\t\t\t\t\t\t\t\t\t\t\t\t\t<div id=\"slide-1937\" class=\"basel-slide slide-valign-middle slide-halign-center content-full-width\">\n\t\t\t\t\t\t\t<div class=\"container basel-slide-container\">\n\t\t\t\t\t\t\t\t<div class=\"basel-slide-inner \">\n\t\t\t\t\t\t\t\t\t\t\t\t\t\t\t\t\t<\/div>\n\t\t\t\t\t\t\t<\/div>\n\t\t\t\t\t\t<\/div>\n\n\t\t\t\t\t\t\t\t\t<\/div>\n\t\t\t<\/div>\n\t\t\t<div class=\"vc_row-full-width vc_clearfix\"><\/div>\t\t[\/vc_column][\/vc_row][vc_row][vc_column width=&#8221;1\/3&#8243; basel_color_scheme=&#8221;light&#8221;][vc_column_text]<\/p>\n<h2 class=\"font-alt\">52ND INTERNATIONAL FOLKLORE FESTIVAL<\/h2>\n<blockquote>\n<div class=\"info\">\n<p>18 to 22 July 2018<\/p>\n<\/div>\n<\/blockquote>\n<p>The affirmation of values of the national culture that make up the native-place dance, music, language and modes of expression along with traditional craftsmanship, skills and cultural values of countries around the world will be shown in the program of the 52nd International Folklore Festival. The main theme \u2013 Heritage and Migrations \u2013 is in accordance with the proclamation of 2018 as the European Year of Cultural Heritage, making the Festival part of this program by the Ministry of Culture. Performances will be held by folklore groups and individuals representing the diversity of Croatian ethnographic heritage, representatives of national minorities, Croats from neighboring countries and the diaspora (a total of 20 groups), along with 15 ensembles representing the heritage of other peoples and cultures. The main festival program will last five days and will be comprised of stage performances, dance and music workshops, folk theatre, ethno music concerts (Ethno Croatia \u2013 summer camp of the International Cultural Centre of the Hrvatske glazbene mlade\u017ei u Gro\u017enjanu \u2013 JMC, Gro\u017enjan; mariachi \u2013 Mexico-Croatia) and[\/vc_column_text][\/vc_column][vc_column width=&#8221;1\/3&#8243; basel_color_scheme=&#8221;light&#8221;][vc_column_text]church folk singing at Saint Catherine Church.<br \/>\nprevious years, the Croatian Parliament. The theme of Heritage and Migration gathers groups that perform the folklore tradition of the old native-place regardless of the period in which they left it. It is known that migrations were carried out as a result of wars, colonization and the agrarian reforms, that is economic reasons as well, which is why we can talk about collective migrations of particular communities (like Croats from the Bay of Kotor). However, individuals who are creating new homes in the places of settlement are also moving, encouraging at the same time the creative processes by which they promote the cultural heritage of the country they came from (e.g. Irish dance in Croatia). In co-operation with the Croatian Heritage Foundation, the festival will feature groups of Croats from the far diaspora (New Zealand and Canada), along with a photography exhibition in the Croatian Heritage Foundation. The program of the festival will also showcase the elements of culture that, thanks to the migrations of their bearers, also travelled and remained in certain areas and eventually became accepted as the local customs of a particular cultural heritage (e.g. be\u0107arac in Slavonia, Lika, Ravni Kotari, Dalmatinska Zagora, Bosnia and Herzegovina).<br \/>\nThe program is realized in cooperation with the Institute of Ethnology and Folklore Research, which celebrates its 70th anniversary this year, the[\/vc_column_text][\/vc_column][vc_column width=&#8221;1\/3&#8243; basel_color_scheme=&#8221;light&#8221;][vc_column_text]<\/p>\n<p class=\"font-alt\">Ethnographic Museums in Zagreb and Pazin, Klovi\u0107evi Dvori Gallery, Cultural Center Travno, Croatian Heritage Foundation, Academy of Music, POU Oto\u010dac \u2013 Open University, as well as the embassies of the guest ensembles from abroad.<br \/>\nIn the European Year of Cultural Heritage, the International Folklore Festival is held under the auspices of Croatian Commission for UNESCO and, as in the<\/p>\n<p>[\/vc_column_text][vc_btn title=&#8221;CATALOGUE&#8221; shape=&#8221;square&#8221; size=&#8221;lg&#8221; align=&#8221;center&#8221; i_align=&#8221;right&#8221; i_icon_fontawesome=&#8221;fa fa-file-pdf-o&#8221; button_block=&#8221;true&#8221; add_icon=&#8221;true&#8221; css=&#8221;.vc_custom_1561358523708{padding-top: 15px !important;}&#8221; link=&#8221;url:%2Fwp-content%2Fuploads%2F2019%2F06%2FMSF2018_Katalog.pdf|||&#8221;][vc_btn title=&#8221;PROGRAMME&#8221; shape=&#8221;square&#8221; size=&#8221;lg&#8221; align=&#8221;center&#8221; i_align=&#8221;right&#8221; i_icon_fontawesome=&#8221;fa fa-file-pdf-o&#8221; button_block=&#8221;true&#8221; add_icon=&#8221;true&#8221; link=&#8221;url:%2Fwp-content%2Fuploads%2F2019%2F06%2FMSF2018_Deplijan.pdf|||&#8221;][vc_btn title=&#8221;PHOTOS FROM 52ND IFF&#8221; shape=&#8221;square&#8221; size=&#8221;lg&#8221; align=&#8221;center&#8221; i_align=&#8221;right&#8221; i_icon_fontawesome=&#8221;fa fa-picture-o&#8221; button_block=&#8221;true&#8221; add_icon=&#8221;true&#8221; link=&#8221;url:https%3A%2F%2Fwww.flickr.com%2Fphotos%2F69495271%40N03%2Falbums%2F72157707203101845||target:%20_blank|&#8221;][\/vc_column][\/vc_row][vc_row css=&#8221;.vc_custom_1560429154538{padding-bottom: 40px !important;}&#8221;][vc_column]\t\t\t<link rel=\"stylesheet\" id=\"basel-el-social-icons-css\" href=\"https:\/\/msf.hr\/wp-content\/themes\/basel\/css\/parts\/el-social-icons.min.css?ver=5.8.0\" type=\"text\/css\" media=\"all\" \/> \t\t\t\n\t\t\t<ul class=\"social-icons text-center icons-design-colored icons-size-default social-share \">\n\t\t\t\t\t\t\t\t\t<li class=\"social-facebook\"><a rel=\"noopener noreferrer nofollow\" href=\"https:\/\/www.facebook.com\/sharer\/sharer.php?u=https:\/\/msf.hr\/en\/archive-52th-iff-2018\/\" target=\"_blank\" class=\"\"><i class=\"fa fa-facebook\"><\/i><span class=\"basel-social-icon-name\">Facebook<\/span><\/a><\/li>\n\t\t\t\t\n\t\t\t\t\n\t\t\t\t\n\t\t\t\t\n\t\t\t\t\n\t\t\t\t\n\t\t\t\t\n\t\t\t\t\t\t\t\t\t<li class=\"social-linkedin\"><a rel=\"noopener noreferrer nofollow\" href=\"https:\/\/www.linkedin.com\/shareArticle?mini=true&url=https:\/\/msf.hr\/en\/archive-52th-iff-2018\/\" target=\"_blank\" class=\"\"><i class=\"fa fa-linkedin\"><\/i><span class=\"basel-social-icon-name\">LinkedIn<\/span><\/a><\/li>\n\t\t\t\t\n\t\t\t\t\n\t\t\t\t\n\t\t\t\t\n\t\t\t\t\n\t\t\t\t\n\t\t\t\t\n\t\t\t\t\n\t\t\t\t\n\t\t\t\t\t\t\t\t\n\t\t\t\t\n\t\t\t\t\n\t\t\t\t\n\t\t\t\t\t\t\t<\/ul>\n\n\t\t[\/vc_column][\/vc_row][vc_row full_width=&#8221;stretch_row&#8221; css=&#8221;.vc_custom_1560759879805{padding-top: 40px !important;padding-bottom: 40px !important;background-color: #f2f2f2 !important;}&#8221; el_id=&#8221;#sudionici&#8221;][vc_column width=&#8221;1\/3&#8243; basel_color_scheme=&#8221;light&#8221; el_id=&#8221;#sudionici&#8221;][vc_column_text]<\/p>\n<h2 class=\"font-alt\">52TH INTERNATIONAL FOLKLORE FESTIVAL<\/h2>\n<blockquote>\n<div class=\"info\">\n<p>PARTICIPANTS FROM CROATIA<\/p>\n<\/div>\n<\/blockquote>\n<p><strong>\u010cakovec<\/strong>, Udruga ruskog govornog podru\u010dja u Me\u0111imurju &#8220;Kalinka&#8221;\u00a0<a href=\"https:\/\/youtu.be\/a5HulWv-zFc\" target=\"_blank\" rel=\"noopener noreferrer\">\u00a0video\u00a0<\/a><br \/>\n<strong>\u010cepin<\/strong>, KUD &#8220;Ivan Kapistran Adamovi\u0107&#8221; (iz Kukujevaca, Srijem)<a href=\"https:\/\/youtu.be\/mIVITQDtSFo\" target=\"_blank\" rel=\"noopener noreferrer\">\u00a0\u00a0video\u00a0<\/a><br \/>\n<strong>\u0106eralije<\/strong>, KUD &#8220;\u0106eralije&#8221; (Hrvati iz Letnice, Kosovo)\u00a0<a href=\"https:\/\/youtu.be\/oshQcWKX1oY\" target=\"_blank\" rel=\"noopener noreferrer\">\u00a0video\u00a0<\/a><br \/>\n<strong>Donji Lapac<\/strong>, KUD &#8220;Kraljica Katarina&#8221; (Hrvati iz Kraljeve Sutjeske)<a href=\"https:\/\/youtu.be\/DzLO3L24jYA\" target=\"_blank\" rel=\"noopener noreferrer\">\u00a0\u00a0video\u00a0<\/a><br \/>\n<strong>Drenje<\/strong>, KUD &#8220;Drenje&#8221;\u00a0<a href=\"https:\/\/youtu.be\/59bQIoEcyn0\" target=\"_blank\" rel=\"noopener noreferrer\">\u00a0video\u00a0<\/a><br \/>\n<strong>Kljake<\/strong>, KUD &#8220;Na\u0161i korijeni&#8221;\u00a0<a href=\"https:\/\/youtu.be\/5TBODrJ6Mqo\" target=\"_blank\" rel=\"noopener noreferrer\">\u00a0video\u00a0<\/a><br \/>\n<strong>Kr\u0161an<\/strong>, KUD &#8220;Ivan Fonovi\u0107 Zlatela&#8221;<br \/>\n<strong>Li\u010dko Le\u0161\u0107e<\/strong>, KUU &#8220;Gacka&#8221;\u00a0<a href=\"https:\/\/youtu.be\/l8xLedX_MKM\" target=\"_blank\" rel=\"noopener noreferrer\">\u00a0video\u00a0<\/a><br \/>\n<strong>Peroj<\/strong>, Dru\u0161tvo perojskih Crnogoraca &#8220;Peroj 1657&#8221;\u00a0<a href=\"https:\/\/youtu.be\/AeoMA96n0G0\" target=\"_blank\" rel=\"noopener noreferrer\">\u00a0video\u00a0<\/a><br \/>\n<strong>Pleternica<\/strong>, ZD &#8220;Rama&#8221;\u00a0<a href=\"https:\/\/youtu.be\/JiMHl21xr98\" target=\"_blank\" rel=\"noopener noreferrer\">\u00a0video\u00a0<\/a><br \/>\n<strong>Radovin<\/strong>, KUD &#8220;Radovin&#8221;\u00a0<a href=\"https:\/\/youtu.be\/JdidvwDL2T4\" target=\"_blank\" rel=\"noopener noreferrer\">\u00a0video\u00a0<\/a><br \/>\n<strong>Sisak<\/strong>, Romsko kulturno-umjetni\u010dko dru\u0161tvo &#8220;Crni biseri&#8221;\u00a0<a href=\"https:\/\/youtu.be\/ZGdPMFPacnk\" target=\"_blank\" rel=\"noopener noreferrer\">\u00a0video\u00a0<\/a><br \/>\n<strong>Stari Jankovci<\/strong>, KUD &#8220;Jankovci&#8221;\u00a0<a href=\"https:\/\/youtu.be\/hHdHzLlCdjE\" target=\"_blank\" rel=\"noopener noreferrer\">\u00a0video\u00a0<\/a><br \/>\n<strong>Stari Mikanovci<\/strong>, KUD &#8220;\u0160okadija&#8221;\u00a0<a href=\"https:\/\/youtu.be\/4-qgK10qD5w\" target=\"_blank\" rel=\"noopener noreferrer\">\u00a0video\u00a0<\/a><br \/>\n[\/vc_column_text][\/vc_column][vc_column width=&#8221;1\/3&#8243; basel_color_scheme=&#8221;light&#8221;][vc_column_text]<strong>\u0160iljakovina<\/strong>, FA &#8220;\u0160iljakovina&#8221;<br \/>\n<strong>Zagreb<\/strong>, zbor Janjevo i KUD &#8220;Novo \u010ci\u010de&#8221;<br \/>\n<strong>Zagreb<\/strong>, glazbeni sastav JRS Isusova\u010dke slu\u017ebe za izbjeglice<\/p>\n<p><strong>Church folk singers:<\/strong><br \/>\nDonji Lapac, KUD \u201eKraljica Katarina\u201c<br \/>\nKuterevo, KUD \u201eDangubice\u201c<br \/>\nLi\u010dko Le\u0161\u0107e, KUU \u201eGacka\u201c i \u017eupni zbor BDM od Svete Krunice<br \/>\nPeru\u0161i\u0107, KUD \u201ePeru\u0161i\u0107\u201c<\/p>\n<p><strong>Pu\u010dko kazali\u0161te<\/strong><br \/>\nDragani\u0107, Dramska dru\u017eina KUD-a \u201eSveti Juraj\u201c[\/vc_column_text][vc_column_text]<\/p>\n<h2 class=\"font-alt\"><\/h2>\n<blockquote>\n<div class=\"info\">CROATS FROM ABROAD<\/div>\n<\/blockquote>\n<p><strong>Bosnia and Hercegovina<\/strong><br \/>\nDobri\u010d, \u0160iroki Brijeg, HKD \u201eVrila\u201c\u00a0<a href=\"https:\/\/youtu.be\/Gv9dDQJUPDA\" target=\"_blank\" rel=\"noopener noreferrer\">\u00a0video\u00a0<\/a><br \/>\nPodhum, Livno, KUD \u201eKame\u0161nica\u201c\u00a0<a href=\"https:\/\/youtu.be\/hV6aG-xveYE\" target=\"_blank\" rel=\"noopener noreferrer\">\u00a0video\u00a0<\/a><br \/>\n\u017dabljak \u2013 Usora, KUD \u201eIzvor\u201c<br \/>\n<strong>Hungary<\/strong><br \/>\nPecs, FA \u201eTanac\u201c\u00a0<a href=\"https:\/\/youtu.be\/KPcQF7OqI7U\" target=\"_blank\" rel=\"noopener noreferrer\">\u00a0video\u00a0<\/a><br \/>\n<strong>Serbia \/Vojvodina\/<\/strong><br \/>\nSombor, HKUD \u201eVladimir Nazor\u201c\u00a0<a href=\"https:\/\/youtu.be\/WBwdaoK6tGI\" target=\"_blank\" rel=\"noopener noreferrer\">\u00a0video<\/a>[\/vc_column_text][\/vc_column][vc_column width=&#8221;1\/3&#8243; basel_color_scheme=&#8221;light&#8221;][vc_column_text]<\/p>\n<h2 class=\"font-alt\"><\/h2>\n<blockquote>\n<div class=\"info\">\n<p>FOREIGN GROUPS<\/p>\n<\/div>\n<\/blockquote>\n<p><strong>ALBANIA<\/strong>, \u201eBilbili\u201c, Vlor\u00eb<br \/>\n<strong>ALGERIA<\/strong>, \u201eCouleurs D&#8217;Algerie\u201c, Sidi Bel Abbes<br \/>\n<strong>AUSTRIA<\/strong>, \u201eMusikkapelle Virgen\u201c, Virgen<br \/>\n<strong>BELGIUM<\/strong>, \u201eRoyal Art Group Alkuone\u201c, Aalst<br \/>\n<strong>GEORGIA<\/strong>, \u201eFolkart\u201c, Tbilisi<br \/>\n<strong>INDONESIA<\/strong>, Genzer Lana, \u201eNusa Tuak\u201c, Yogyakarta<br \/>\n<strong>CANADA<\/strong>, Hrvatska \u017eupna folklorna grupa \u201eSljeme\u201c, Mississauga<br \/>\n<strong>CHINA<\/strong>, \u201eYunnanjin Xiaofeng Art Troupe\u201c, Junan<br \/>\n<strong>COLOMBIA<\/strong>, \u201eColombia Folklore Cultural Foundation\u201c, Cali<br \/>\n<strong>KOSOVO<\/strong>, \u201cLidhja e Prizrenit\u201d, Prizren<br \/>\n<strong>MEXICO<\/strong>, \u201eBallet Folklorico de Occidente Corazon de Jalisco\u201c, Guadalajara Jalisco<br \/>\n<strong>NETHERLAND<\/strong>, \u201eNitsanim Ensemble\u201c, Haag<br \/>\n<strong>NEW ZEALAND<\/strong>, \u201eTarara Folklore Ensemble, Dalmatian Cultural Society\u201c, Auckland<br \/>\n<strong>POLAND<\/strong>, Zespol &#8220;Istebna&#8221;, Istebna<br \/>\n<strong>POLAND<\/strong>, OSET, Wroc\u0142aw<br \/>\n<strong>SPAIN<\/strong>,\u201cGrup de Danses Tradicionals l&#8217;Arenilla\u201c, Borriana, Valencia<br \/>\n<strong>SRI LANKA<\/strong>, \u201eSridhara Dance Academy\u201c, Dalupothagama, Katupotha[\/vc_column_text][\/vc_column][\/vc_row][\/vc_section][vc_row full_width=&#8221;stretch_row_content_no_spaces&#8221; css=&#8221;.vc_custom_1560760005156{margin-top: 0px !important;margin-bottom: 0px !important;border-top-width: 0px !important;border-bottom-width: 0px !important;padding-top: 0px !important;padding-bottom: 0px !important;}&#8221;][vc_column css=&#8221;.vc_custom_1560758172997{margin-top: 0px !important;margin-bottom: 0px !important;padding-top: 0px !important;padding-bottom: 0px !important;}&#8221;]\t\t\t<link rel=\"stylesheet\" id=\"basel-el-images-gallery-css\" href=\"https:\/\/msf.hr\/wp-content\/themes\/basel\/css\/parts\/el-images-gallery.min.css?ver=5.8.0\" type=\"text\/css\" media=\"all\" \/> \t\t\t\t\t\t<div id=\"gallery_200\" class=\"basel-images-gallery  spacing-0 columns-3 view-carousel\" data-owl-carousel data-speed=\"4000\" data-wrap=\"yes\" data-autoplay=\"yes\" data-hide_pagination_control=\"yes\" data-desktop=\"4\" data-desktop_small=\"3\" data-tablet=\"3\" data-mobile=\"1\">\n\t\t\t\t<div class=\"gallery-images owl-carousel\">\n\t\t\t\t\t\t\t\t\t\t\t\t\t\t\t\t\t\t<div class=\"basel-gallery-item\">\n\t\t\t\t\t\t\t\t\t\t\t\t\t\t\t\t\t<a href=\"https:\/\/www.youtube.com\/watch?v=YmN4kRhRhZg\" data-index=\"1\" data-width=\"512\" data-height=\"375\" target=\"_blank\" >\n\t\t\t\t\t\t\t\t\t\t\t\t\t\t\t\n\t\t\t\t\t\t\t\t\t\t\t\t\t\t\t\t\t<img loading=\"lazy\" decoding=\"async\" width=\"512\" height=\"375\" src=\"https:\/\/msf.hr\/wp-content\/uploads\/2019\/06\/52msfiiff_video.jpg\" class=\"basel-gallery-image image-1 attachment-full\" alt=\"\" title=\"52msfiiff_video\" srcset=\"https:\/\/msf.hr\/wp-content\/uploads\/2019\/06\/52msfiiff_video.jpg 512w, https:\/\/msf.hr\/wp-content\/uploads\/2019\/06\/52msfiiff_video-300x220.jpg 300w\" sizes=\"auto, (max-width: 512px) 100vw, 512px\" \/>\t\t\t\t\t\t\t\t\n\t\t\t\t\t\t\t\t\t\t\t\t\t\t\t\t\t<\/a>\n\t\t\t\t\t\t\t\t\t\t\t\t\t\t\t<\/div>\n\t\t\t\t\t\t\t\t\t\t\t\t\t<div class=\"basel-gallery-item\">\n\t\t\t\t\t\t\t\t\t\t\t\t\t\t\t\t\t<a href=\"https:\/\/www.youtube.com\/watch?v=HMRcyeDxtAE\" data-index=\"2\" data-width=\"512\" data-height=\"375\" target=\"_blank\" >\n\t\t\t\t\t\t\t\t\t\t\t\t\t\t\t\n\t\t\t\t\t\t\t\t\t\t\t\t\t\t\t\t\t<img loading=\"lazy\" decoding=\"async\" width=\"512\" height=\"375\" src=\"https:\/\/msf.hr\/wp-content\/uploads\/2019\/06\/msfiff_video2.jpg\" class=\"basel-gallery-image image-2 attachment-full\" alt=\"\" title=\"msfiff_video2\" srcset=\"https:\/\/msf.hr\/wp-content\/uploads\/2019\/06\/msfiff_video2.jpg 512w, https:\/\/msf.hr\/wp-content\/uploads\/2019\/06\/msfiff_video2-300x220.jpg 300w\" sizes=\"auto, (max-width: 512px) 100vw, 512px\" \/>\t\t\t\t\t\t\t\t\n\t\t\t\t\t\t\t\t\t\t\t\t\t\t\t\t\t<\/a>\n\t\t\t\t\t\t\t\t\t\t\t\t\t\t\t<\/div>\n\t\t\t\t\t\t\t\t\t\t\t\t\t<div class=\"basel-gallery-item\">\n\t\t\t\t\t\t\t\t\t\t\t\t\t\t\t\t\t<a href=\"https:\/\/www.youtube.com\/watch?v=uBk7ZO-ikDw\" data-index=\"3\" data-width=\"512\" data-height=\"375\" target=\"_blank\" >\n\t\t\t\t\t\t\t\t\t\t\t\t\t\t\t\n\t\t\t\t\t\t\t\t\t\t\t\t\t\t\t\t\t<img loading=\"lazy\" decoding=\"async\" width=\"512\" height=\"375\" src=\"https:\/\/msf.hr\/wp-content\/uploads\/2019\/06\/52_video6.jpg\" class=\"basel-gallery-image image-3 attachment-full\" alt=\"\" title=\"52_video6\" srcset=\"https:\/\/msf.hr\/wp-content\/uploads\/2019\/06\/52_video6.jpg 512w, https:\/\/msf.hr\/wp-content\/uploads\/2019\/06\/52_video6-300x220.jpg 300w\" sizes=\"auto, (max-width: 512px) 100vw, 512px\" \/>\t\t\t\t\t\t\t\t\n\t\t\t\t\t\t\t\t\t\t\t\t\t\t\t\t\t<\/a>\n\t\t\t\t\t\t\t\t\t\t\t\t\t\t\t<\/div>\n\t\t\t\t\t\t\t\t\t\t\t\t\t<div class=\"basel-gallery-item\">\n\t\t\t\t\t\t\t\t\t\t\t\t\t\t\t\t\t<a href=\"https:\/\/www.youtube.com\/watch?v=VWuRhYsdDnM\" data-index=\"4\" data-width=\"512\" data-height=\"375\" target=\"_blank\" >\n\t\t\t\t\t\t\t\t\t\t\t\t\t\t\t\n\t\t\t\t\t\t\t\t\t\t\t\t\t\t\t\t\t<img loading=\"lazy\" decoding=\"async\" width=\"512\" height=\"375\" src=\"https:\/\/msf.hr\/wp-content\/uploads\/2019\/06\/52_video4.jpg\" class=\"basel-gallery-image image-4 attachment-full\" alt=\"\" title=\"52_video4\" srcset=\"https:\/\/msf.hr\/wp-content\/uploads\/2019\/06\/52_video4.jpg 512w, https:\/\/msf.hr\/wp-content\/uploads\/2019\/06\/52_video4-300x220.jpg 300w\" sizes=\"auto, (max-width: 512px) 100vw, 512px\" \/>\t\t\t\t\t\t\t\t\n\t\t\t\t\t\t\t\t\t\t\t\t\t\t\t\t\t<\/a>\n\t\t\t\t\t\t\t\t\t\t\t\t\t\t\t<\/div>\n\t\t\t\t\t\t\t\t\t\t\t\t\t<div class=\"basel-gallery-item\">\n\t\t\t\t\t\t\t\t\t\t\t\t\t\t\t\t\t<a href=\"https:\/\/www.youtube.com\/watch?v=yPTxZmx8ob0\" data-index=\"5\" data-width=\"512\" data-height=\"375\" target=\"_blank\" >\n\t\t\t\t\t\t\t\t\t\t\t\t\t\t\t\n\t\t\t\t\t\t\t\t\t\t\t\t\t\t\t\t\t<img loading=\"lazy\" decoding=\"async\" width=\"512\" height=\"375\" src=\"https:\/\/msf.hr\/wp-content\/uploads\/2019\/06\/52_video5.jpg\" class=\"basel-gallery-image image-5 attachment-full\" alt=\"\" title=\"52_video5\" srcset=\"https:\/\/msf.hr\/wp-content\/uploads\/2019\/06\/52_video5.jpg 512w, https:\/\/msf.hr\/wp-content\/uploads\/2019\/06\/52_video5-300x220.jpg 300w\" sizes=\"auto, (max-width: 512px) 100vw, 512px\" \/>\t\t\t\t\t\t\t\t\n\t\t\t\t\t\t\t\t\t\t\t\t\t\t\t\t\t<\/a>\n\t\t\t\t\t\t\t\t\t\t\t\t\t\t\t<\/div>\n\t\t\t\t\t\t\t\t\t\t\t\t\t<div class=\"basel-gallery-item\">\n\t\t\t\t\t\t\t\t\t\t\t\t\t\t\t\t\t<a href=\"https:\/\/www.youtube.com\/watch?v=3XnBhMDBcpU\" data-index=\"6\" data-width=\"512\" data-height=\"375\" target=\"_blank\" >\n\t\t\t\t\t\t\t\t\t\t\t\t\t\t\t\n\t\t\t\t\t\t\t\t\t\t\t\t\t\t\t\t\t<img loading=\"lazy\" decoding=\"async\" width=\"512\" height=\"375\" src=\"https:\/\/msf.hr\/wp-content\/uploads\/2019\/06\/52_video7.jpg\" class=\"basel-gallery-image image-6 attachment-full\" alt=\"\" title=\"52_video7\" srcset=\"https:\/\/msf.hr\/wp-content\/uploads\/2019\/06\/52_video7.jpg 512w, https:\/\/msf.hr\/wp-content\/uploads\/2019\/06\/52_video7-300x220.jpg 300w\" sizes=\"auto, (max-width: 512px) 100vw, 512px\" \/>\t\t\t\t\t\t\t\t\n\t\t\t\t\t\t\t\t\t\t\t\t\t\t\t\t\t<\/a>\n\t\t\t\t\t\t\t\t\t\t\t\t\t\t\t<\/div>\n\t\t\t\t\t\t\t\t\t\t\t\t\t<div class=\"basel-gallery-item\">\n\t\t\t\t\t\t\t\t\t\t\t\t\t\t\t\t\t<a href=\"https:\/\/www.youtube.com\/watch?v=D9V_jqhBBYg\" data-index=\"7\" data-width=\"512\" data-height=\"375\" target=\"_blank\" >\n\t\t\t\t\t\t\t\t\t\t\t\t\t\t\t\n\t\t\t\t\t\t\t\t\t\t\t\t\t\t\t\t\t<img loading=\"lazy\" decoding=\"async\" width=\"512\" height=\"375\" src=\"https:\/\/msf.hr\/wp-content\/uploads\/2019\/06\/52_video9.jpg\" class=\"basel-gallery-image image-7 attachment-full\" alt=\"\" title=\"52_video9\" srcset=\"https:\/\/msf.hr\/wp-content\/uploads\/2019\/06\/52_video9.jpg 512w, https:\/\/msf.hr\/wp-content\/uploads\/2019\/06\/52_video9-300x220.jpg 300w\" sizes=\"auto, (max-width: 512px) 100vw, 512px\" \/>\t\t\t\t\t\t\t\t\n\t\t\t\t\t\t\t\t\t\t\t\t\t\t\t\t\t<\/a>\n\t\t\t\t\t\t\t\t\t\t\t\t\t\t\t<\/div>\n\t\t\t\t\t\t\t\t\t\t\t\t\t<div class=\"basel-gallery-item\">\n\t\t\t\t\t\t\t\t\t\t\t\t\t\t\t\t\t<a href=\"https:\/\/www.youtube.com\/watch?v=ZcgGQVXYdg8\" data-index=\"8\" data-width=\"512\" data-height=\"375\" target=\"_blank\" >\n\t\t\t\t\t\t\t\t\t\t\t\t\t\t\t\n\t\t\t\t\t\t\t\t\t\t\t\t\t\t\t\t\t<img loading=\"lazy\" decoding=\"async\" width=\"512\" height=\"375\" src=\"https:\/\/msf.hr\/wp-content\/uploads\/2019\/06\/52_video10.jpg\" class=\"basel-gallery-image image-8 attachment-full\" alt=\"\" title=\"52_video10\" srcset=\"https:\/\/msf.hr\/wp-content\/uploads\/2019\/06\/52_video10.jpg 512w, https:\/\/msf.hr\/wp-content\/uploads\/2019\/06\/52_video10-300x220.jpg 300w\" sizes=\"auto, (max-width: 512px) 100vw, 512px\" \/>\t\t\t\t\t\t\t\t\n\t\t\t\t\t\t\t\t\t\t\t\t\t\t\t\t\t<\/a>\n\t\t\t\t\t\t\t\t\t\t\t\t\t\t\t<\/div>\n\t\t\t\t\t\t\t\t\t\t\t\t\t\t\t<\/div>\n\t\t\t<\/div>\n\t\t\t\t\t[\/vc_column][\/vc_row]<\/p>\n<\/div>","protected":false},"excerpt":{"rendered":"<p>[vc_section full_width=&#8221;stretch_row&#8221;][vc_row full_width=&#8221;stretch_row_content&#8221; css=&#8221;.vc_custom_1560419928639{margin-bottom: 40px !important;padding-bottom: 50px !important;}&#8221; el_class=&#8221;text-center&#8221;][vc_column basel_color_scheme=&#8221;dark&#8221; css=&#8221;.vc_custom_1560419974723{padding-top: 0px !important;}&#8221;][\/vc_column][\/vc_row][vc_row][vc_column width=&#8221;1\/3&#8243; basel_color_scheme=&#8221;light&#8221;][vc_column_text] 52ND INTERNATIONAL FOLKLORE FESTIVAL 18<\/p>\n","protected":false},"author":2,"featured_media":0,"parent":0,"menu_order":0,"comment_status":"closed","ping_status":"closed","template":"","meta":{"footnotes":""},"class_list":["post-3862","page","type-page","status-publish","hentry"],"aioseo_notices":[],"_links":{"self":[{"href":"https:\/\/msf.hr\/en\/wp-json\/wp\/v2\/pages\/3862","targetHints":{"allow":["GET"]}}],"collection":[{"href":"https:\/\/msf.hr\/en\/wp-json\/wp\/v2\/pages"}],"about":[{"href":"https:\/\/msf.hr\/en\/wp-json\/wp\/v2\/types\/page"}],"author":[{"embeddable":true,"href":"https:\/\/msf.hr\/en\/wp-json\/wp\/v2\/users\/2"}],"replies":[{"embeddable":true,"href":"https:\/\/msf.hr\/en\/wp-json\/wp\/v2\/comments?post=3862"}],"version-history":[{"count":8,"href":"https:\/\/msf.hr\/en\/wp-json\/wp\/v2\/pages\/3862\/revisions"}],"predecessor-version":[{"id":3873,"href":"https:\/\/msf.hr\/en\/wp-json\/wp\/v2\/pages\/3862\/revisions\/3873"}],"wp:attachment":[{"href":"https:\/\/msf.hr\/en\/wp-json\/wp\/v2\/media?parent=3862"}],"curies":[{"name":"wp","href":"https:\/\/api.w.org\/{rel}","templated":true}]}}