{"id":3922,"date":"2019-06-24T10:30:13","date_gmt":"2019-06-24T08:30:13","guid":{"rendered":"https:\/\/nova.msf.hr\/?page_id=3922"},"modified":"2025-06-30T17:15:32","modified_gmt":"2025-06-30T15:15:32","slug":"participants-from-croatia","status":"publish","type":"page","link":"https:\/\/msf.hr\/en\/participants-from-croatia\/","title":{"rendered":"PARTICIPANTS FROM CROATIA"},"content":{"rendered":"<div class=\"wpb-content-wrapper\"><p>[vc_section css=&#8221;.vc_custom_1560243932922{padding-bottom: 30px !important;}&#8221;][vc_row full_width=&#8221;stretch_row_content_no_spaces&#8221; css=&#8221;.vc_custom_1751295993420{margin-bottom: -40px !important;background-color: #ffffff !important;background-position: 0 0 !important;background-repeat: repeat !important;}&#8221;][vc_column css=&#8221;.vc_custom_1488896100599{padding-top: 0px !important;}&#8221;]\t\t\t<link rel=\"stylesheet\" id=\"basel-el-row-divider-css\" href=\"https:\/\/msf.hr\/wp-content\/themes\/basel\/css\/parts\/el-row-divider.min.css?ver=5.8.0\" type=\"text\/css\" media=\"all\" \/> \t\t\t\t\t\t<div class=\"basel-row-divider svg-wrap-9556 dvr-position-top dvr-style-diagonal-right\">\n\t\t\t\t<svg id=\"diagonal-top\" xmlns=\"http:\/\/www.w3.org\/2000\/svg\" version=\"1.1\" width=\"100%\" height=\"50px\" viewBox=\"0 0 999 1000\" preserveAspectRatio=\"none\">\n  <polygon points=\"1000,0 0,1000 0,0\"\/>\n<\/svg>\n\t\t\t\t<style>.svg-wrap-9556 svg {\n\t\t\t\t\t\tfill: #ffffff;\n\t\t\t\t\t\theight:100px\t\t\t\t\t}\n\t\t\t\t<\/style>\n\t\t\t<\/div>\n\t\t[\/vc_column][\/vc_row][vc_row][vc_column][vc_empty_space][\/vc_column][\/vc_row][vc_row][vc_column width=&#8221;1\/3&#8243;][vc_column_text css=&#8221;&#8221;]<\/p>\n<h3><span style=\"color: #ff0000;\">Participants from Croatia<\/span><\/h3>\n<p>[\/vc_column_text][vc_column_text css=&#8221;&#8221;]Bobovac, Kulturno-umjetni\u010dko dru\u0161tvo \u201cSloga\u201d, Sisa\u010dko-moslava\u010dka \u017eupanija<br \/>\n\u010cu\u010derje, Hrvatsko kulturno prosvjetno dru\u0161tvo \u201cBosiljak\u201d, Grad Zagreb<br \/>\nDonji Andrijevci, Kulturno-umjetni\u010dko dru\u0161tvo \u201cTomislav\u201d Brodsko-posavska \u017eupanija<br \/>\nDonji Miholjac, Kulturno-umjetni\u010dko dru\u0161tvo \u201cMatija Gubec\u201d, Osje\u010dko-baranjska \u017eupanija<br \/>\nGrude i \u0160iroki Brijeg, Jure Milo\u0161 i Ivan Bara\u0107 (Bosna i Hercegovina)<br \/>\nKri\u017eevci, Kulturno-umjetni\u010dko dru\u0161tvo \u201cPrigorje\u201d, Koprivni\u010dko-kri\u017eeva\u010dka \u017eupanija<br \/>\nKuterevo, Kulturno-umjetni\u010dko dru\u0161tvo \u201cDangubice\u201d, Li\u010dko-senjska \u017eupanija<br \/>\nLegrad, Kulturno-umjetni\u010dko dru\u0161tvo \u201cZrin\u201d, Koprivni\u010dko-kri\u017eeva\u010dka \u017eupanija<br \/>\nNovalja, Centar za kulturu Novalja, Budimir Perani\u0107 i Josip Dabo, Li\u010dko-senjska \u017eupanija<br \/>\nPo\u017eega, Gradska glazba \u201cTrenkovi panduri\u201d, Po\u017ee\u0161ko-slavonska \u017eupanija<br \/>\nTomislavgrad, Hrvatska duvanjska ba\u0161tina (Bosna i Hercegovina)<br \/>\nTavankut, HKPD \u201cMatija Gubec\u201d (Vojvodina, Srbija)<br \/>\nVara\u017edin, Vara\u017edinska gra\u0111anska garda, Purgari, Vara\u017edinska \u017eupanija<br \/>\nVelika Gorica, Plemenita op\u010dina Turopoljska, Turopoljski banderij, Zagreba\u010dka \u017eupanija<br \/>\nVrbovec, Hrvatsko kulturno-umjetni\u010dko dru\u0161tvo \u201cPetar Zrinski\u201d, Zagreba\u010dka \u017eupanija<br \/>\nZagreb, Tambura\u0161ki orkestar Gaj, Grad Zagreb<br \/>\nZagreb, Zavi\u010dajno dru\u0161tvo Sinac, Grad Zagreb<br \/>\n\u017dupanja, Kulturno-umjetni\u010dko dru\u0161tvo \u201cTomislav\u201d, Vukovarsko-srijemska \u017eupanija<\/p>\n<p>Ferdinandovac, Kulturno-umjetni\u010dko dru\u0161tvo \u201cFrankopan\u201d, Kri\u017eeva\u010dko-koprivni\u010dka \u017eupanija<br \/>\nJak\u0161i\u0107, Hrvatsko kulturno umjetni\u010dko dru\u0161tvo \u201cSlavonija\u201d, Po\u017ee\u0161ko-slavonska \u017eupanija<br \/>\nKupinec, Kulturno-umjetni\u010dko dru\u0161tvo \u201cSelja\u010dka sloga\u201d, Zagreba\u010dka \u017eupanija<br \/>\nSlavonski Koba\u0161, Kulturno-umjetni\u010dko dru\u0161tvo \u201cMatija Gubec\u201d, Brodsko-posavska \u017eupanija[\/vc_column_text][\/vc_column][vc_column width=&#8221;1\/3&#8243;][vc_column_text css=&#8221;&#8221;]<\/p>\n<h3><span style=\"color: #ff0000;\">Croats from abroad<\/span><\/h3>\n<p>[\/vc_column_text][vc_column_text css=&#8221;&#8221;]<strong>Bosnia and Herzegovina<\/strong>, Grude i \u0160iroki Brijeg, \u017dupanija Zapadnohercegova\u010dka, Jure Milo\u0161 i<br \/>\nIvan Bara\u0107<br \/>\n<strong>Bosnia and Herzegovina<\/strong>, Tomislavgrad, Hercegbosanska \u017eupanija, Hrvatska duvanjska ba\u0161tina<br \/>\n<strong>Chile<\/strong>, Antofagasta, Hrvatska jeka<br \/>\n<strong>New Zeland<\/strong>, Auckland, Hrvatsko kulturno dru\u0161tvo, Folklorni ansambl \u201cKralj Tomislav\u201d<br \/>\n<strong>Serbia<\/strong>, Vojvodina, Ba\u010dka, Tavankut, Hrvatsko kulturno prosvjetno dru\u0161tvo \u201cMatija Gubec\u201d<br \/>\n28[\/vc_column_text][vc_column_text css=&#8221;&#8221;]<\/p>\n<h3><span style=\"color: #ff0000;\">Participants of standalone concerts<\/span><\/h3>\n<p>[\/vc_column_text][vc_column_text css=&#8221;&#8221;]Singrlice, Karlovac<br \/>\nOrkestar Ansambla narodnih plesova i pjesma Hrvatske Lado, Zagreb<br \/>\nMimika orkestar, Zagreb<br \/>\nDubravko Lapaine \u2013 did\u017eeridu<br \/>\nIvana Gali\u0107 i glazbeni sastav[\/vc_column_text][vc_column_text css=&#8221;&#8221;]<\/p>\n<h3><span style=\"color: #ff0000;\">Folk Theatre<\/span><\/h3>\n<p>[\/vc_column_text][vc_column_text css=&#8221;&#8221;]Dramska grupa Centra izvornosti, znanja, umije\u0107a i sposobnosti Tomislavgrad, Osnovna<br \/>\n\u0161kola fra Mije \u010cui\u0107a, Bukovica, Tomislavgrad, Hercegbosanska \u017eupanija (BiH)[\/vc_column_text][\/vc_column][vc_column width=&#8221;1\/3&#8243; css=&#8221;.vc_custom_1560257304093{padding-top: 45px !important;}&#8221;][vc_column_text css=&#8221;&#8221;]<\/p>\n<h3><span style=\"color: #ff0000;\">Participants of the Concert Furlana Festivity <\/span><\/h3>\n<p>[\/vc_column_text][vc_column_text css=&#8221;&#8221;]Dubrovnik, Folklorni ansambl \u201cLin\u0111o\u201d<br \/>\nGali\u017eana \/ Gallesano, Folklorna skupina Zajednice Talijana Gali\u017eana \/ Gruppo folkloristico<br \/>\nComunit\u00e1 degli Italiani \u201cArmando Capolicchio\u201d, Istarska \u017eupanija<br \/>\nGr\u010dka, Krf, Kallithea, Folklorna skupina op\u0107ine Kallithea<br \/>\nHvar, Kulturno-umjetni\u010dko dru\u0161tvo \u201c\u0160altin\u201d, Splitsko-dalmatinska \u017eupanija<br \/>\nItalija, Aviano, Gruppo Folkloristico \u201cFederico Angelica\u201d<br \/>\nItalija, Bovolone, Verona, Gruppo Folkloristico \u201cEl Paiar\u201d<br \/>\nItalija, Gorizia, Gruppo Folkloristico \u201cSanta Gorizia\u201d<br \/>\nItalija, Val Resia, Udine, Gruppo Folkloristico \u201cVal Resia\u201d<br \/>\nVodnjan \/ Dignano, Zajednica Talijana Vodnjan \/ La comunit\u00e1 degli Italiani di Dignano<br \/>\nVela Luka, otok Kor\u010dula, Folklorno dru\u0161tvo \u201cMafrina\u201d, Dubrova\u010dko-neretvanska \u017eupanija[\/vc_column_text][vc_column_text css=&#8221;&#8221;]<\/p>\n<h3><span style=\"color: #ff0000;\">Participants of the Concert of marian chants \u2013 O, Virgin Mary, Queen of the Holy Rosary <\/span><\/h3>\n<p>[\/vc_column_text][vc_column_text css=&#8221;&#8221;]Gornji Kraljevec, Kulturno umjetni\u010dka udruga \u201cDru\u0161tvo \u017eena Gornji Kraljevec\u201d<br \/>\n\u017di\u0161kovec, \u017denska vokalna skupina Kulturno-umjetni\u010dkog dru\u0161tva \u017di\u0161kovec<br \/>\nMala Subotica, Puha\u010dki orkestar op\u0107ine Mala Subotica[\/vc_column_text][vc_column_text css=&#8221;&#8221;]<\/p>\n<h3><span style=\"color: #ff0000;\">Participants of the Glagolitic singing Concert <\/span><\/h3>\n<p>[\/vc_column_text][vc_column_text css=&#8221;&#8221;]Pu\u010dki piva\u010di op\u0107ine Ra\u017eanac[\/vc_column_text][\/vc_column][\/vc_row][vc_row][vc_column][\/vc_column][\/vc_row][\/vc_section][vc_row full_width=&#8221;stretch_row_content_no_spaces&#8221; css=&#8221;.vc_custom_1560255891698{margin-bottom: -40px !important;background-color: #000000 !important;background-position: 0 0 !important;background-repeat: repeat !important;}&#8221;][vc_column css=&#8221;.vc_custom_1488896100599{padding-top: 0px !important;}&#8221;]\t\t\t<div class=\"basel-row-divider svg-wrap-6388 dvr-position-top dvr-style-diagonal-right\">\n\t\t\t\t<svg id=\"diagonal-top\" xmlns=\"http:\/\/www.w3.org\/2000\/svg\" version=\"1.1\" width=\"100%\" height=\"50px\" viewBox=\"0 0 999 1000\" preserveAspectRatio=\"none\">\n  <polygon points=\"1000,0 0,1000 0,0\"\/>\n<\/svg>\n\t\t\t\t<style>.svg-wrap-6388 svg {\n\t\t\t\t\t\tfill: #ffffff;\n\t\t\t\t\t\theight:100px\t\t\t\t\t}\n\t\t\t\t<\/style>\n\t\t\t<\/div>\n\t\t[vc_row_inner][vc_column_inner width=&#8221;1\/3&#8243;][\/vc_column_inner][vc_column_inner width=&#8221;1\/3&#8243;][\/vc_column_inner][vc_column_inner width=&#8221;1\/3&#8243;][vc_empty_space height=&#8221;55px&#8221;][\/vc_column_inner][\/vc_row_inner][\/vc_column][\/vc_row][vc_row full_width=&#8221;stretch_row_content_no_spaces&#8221; css=&#8221;.vc_custom_1474195862238{margin-bottom: -40px !important;}&#8221;][vc_column width=&#8221;1\/2&#8243; css=&#8221;.vc_custom_1474127578432{margin-bottom: -30px !important;}&#8221;][\/vc_column][vc_column width=&#8221;1\/2&#8243; css=&#8221;.vc_custom_1474127582449{margin-bottom: -30px !important;}&#8221;][\/vc_column][\/vc_row]<\/p>\n<\/div>","protected":false},"excerpt":{"rendered":"<p>[vc_section css=&#8221;.vc_custom_1560243932922{padding-bottom: 30px !important;}&#8221;][vc_row full_width=&#8221;stretch_row_content_no_spaces&#8221; css=&#8221;.vc_custom_1751295993420{margin-bottom: -40px !important;background-color: #ffffff !important;background-position: 0 0 !important;background-repeat: repeat !important;}&#8221;][vc_column css=&#8221;.vc_custom_1488896100599{padding-top: 0px !important;}&#8221;][\/vc_column][\/vc_row][vc_row][vc_column][vc_empty_space][\/vc_column][\/vc_row][vc_row][vc_column width=&#8221;1\/3&#8243;][vc_column_text css=&#8221;&#8221;]<\/p>\n","protected":false},"author":2,"featured_media":17093,"parent":0,"menu_order":0,"comment_status":"closed","ping_status":"closed","template":"","meta":{"footnotes":""},"class_list":["post-3922","page","type-page","status-publish","has-post-thumbnail","hentry"],"aioseo_notices":[],"_links":{"self":[{"href":"https:\/\/msf.hr\/en\/wp-json\/wp\/v2\/pages\/3922","targetHints":{"allow":["GET"]}}],"collection":[{"href":"https:\/\/msf.hr\/en\/wp-json\/wp\/v2\/pages"}],"about":[{"href":"https:\/\/msf.hr\/en\/wp-json\/wp\/v2\/types\/page"}],"author":[{"embeddable":true,"href":"https:\/\/msf.hr\/en\/wp-json\/wp\/v2\/users\/2"}],"replies":[{"embeddable":true,"href":"https:\/\/msf.hr\/en\/wp-json\/wp\/v2\/comments?post=3922"}],"version-history":[{"count":36,"href":"https:\/\/msf.hr\/en\/wp-json\/wp\/v2\/pages\/3922\/revisions"}],"predecessor-version":[{"id":17207,"href":"https:\/\/msf.hr\/en\/wp-json\/wp\/v2\/pages\/3922\/revisions\/17207"}],"wp:featuredmedia":[{"embeddable":true,"href":"https:\/\/msf.hr\/en\/wp-json\/wp\/v2\/media\/17093"}],"wp:attachment":[{"href":"https:\/\/msf.hr\/en\/wp-json\/wp\/v2\/media?parent=3922"}],"curies":[{"name":"wp","href":"https:\/\/api.w.org\/{rel}","templated":true}]}}