{"id":3931,"date":"2019-06-24T10:42:25","date_gmt":"2019-06-24T08:42:25","guid":{"rendered":"https:\/\/nova.msf.hr\/?page_id=3931"},"modified":"2025-09-09T11:46:10","modified_gmt":"2025-09-09T09:46:10","slug":"programme","status":"publish","type":"page","link":"https:\/\/msf.hr\/en\/programme\/","title":{"rendered":"PROGRAMME"},"content":{"rendered":"<div class=\"wpb-content-wrapper\"><p>[vc_row full_width=&#8221;stretch_row_content_no_spaces&#8221; css_animation=&#8221;fadeIn&#8221; css=&#8221;.vc_custom_1521109761069{margin-bottom: 0px !important;}&#8221;][vc_column offset=&#8221;vc_hidden-xs&#8221;][vc_images_carousel images=&#8221;17351&#8243; img_size=&#8221;full&#8221; onclick=&#8221;link_no&#8221; css=&#8221;&#8221;][\/vc_column][\/vc_row][vc_row full_width=&#8221;stretch_row_content_no_spaces&#8221; css_animation=&#8221;fadeIn&#8221; css=&#8221;.vc_custom_1521109761069{margin-bottom: 0px !important;}&#8221;][vc_column offset=&#8221;vc_hidden-lg vc_hidden-md vc_hidden-sm&#8221;][vc_images_carousel images=&#8221;17347&#8243; img_size=&#8221;full&#8221; onclick=&#8221;link_no&#8221; css=&#8221;&#8221;][\/vc_column][\/vc_row][vc_row content_placement=&#8221;middle&#8221; row_reverse_mobile=&#8221;1&#8243; el_class=&#8221;vc_hidden-sm vc_hidden-xs&#8221;][vc_column basel_text_align=&#8221;center&#8221; css=&#8221;.vc_custom_1752095198398{margin-bottom: 4vh !important;}&#8221; offset=&#8221;vc_col-lg-4\/5 vc_col-md-5 vc_hidden-xs&#8221;][vc_custom_heading text=&#8221;The program for the 59th International Folklore Festival Zagreb&#8221; font_container=&#8221;tag:h3|font_size:35px|text_align:left|color:%23dd3333|line_height:1.3&#8243; use_theme_fonts=&#8221;yes&#8221; css=&#8221;&#8221;][\/vc_column][\/vc_row][vc_row][vc_column offset=&#8221;vc_hidden-lg vc_hidden-md vc_hidden-sm&#8221;][vc_custom_heading text=&#8221;The program for the 59th International Folklore Festival Zagreb&#8221; font_container=&#8221;tag:h3|font_size:35px|text_align:left|color:%23dd3333|line_height:1.3&#8243; use_theme_fonts=&#8221;yes&#8221; css=&#8221;&#8221;][\/vc_column][\/vc_row][vc_section css=&#8221;.vc_custom_1560243932922{padding-bottom: 30px !important;}&#8221;][vc_row][vc_column width=&#8221;1\/3&#8243;][vc_column_text css=&#8221;&#8221;]<strong>PREPROGRAMS<\/strong><\/p>\n<p><strong>Saturday, May 31, 2025<\/strong><br \/>\n<span style=\"color: #ff0000;\">6:00 PM, Cultural Ceter Travno, Bo\u017eidara Magovca 17<\/span><br \/>\nThe show Coronation<br \/>\nDrama studio of the Tomislavgrad Center of Excellence in Knowledge, Art And Skills; Fra Mijo \u010cui\u0107 Elementary School, author: Ivana \u0106uri\u0107, announcement: Prof. Sanja Nik\u010devi\u0107, PhD<\/p>\n<p><strong>Thursday, June 12, 2025<\/strong><br \/>\n<span style=\"color: #ff0000;\">6:00 PM, Zagreb City Library \u2013 the dome, Trg Ante Star\u010devi\u0107a 6<\/span><br \/>\nPanel discussion: Traditional Culture and Identities, panelists: Jasna \u010capo (Institute of Ethnology and Folklore Research), Josip Forjan (Traditional Cultural Heritage Center), Dr. Suzana Le\u010dek (Croatian Institute of History), Dr. Tvrtko Zebec (Institute of Ethnology and Folklore Research, Artistic Director of the Zagreb International Folklore Festival)<\/p>\n<p><strong>Tuesday, June 17, 2025<\/strong><br \/>\n<span style=\"color: #ff0000;\">9:00 PM, Zagreb City Museum, Opati\u010dka 20<\/span><br \/>\nConcert of the Lado ensemble orchestra: Rivers of Sound<\/p>\n<p><strong>Thursday, July 03, 2025<\/strong><br \/>\n<span style=\"color: #ff0000;\">8:00 PM, Trg Ante Star\u010devi\u0107a, Sveta Nedjelja<\/span><br \/>\nConcert: Kia ora \u2013 Greetings from New Zealand<br \/>\nPerformers: Kralj Tomislav Folklore Group, Auckland, The Shades, Samoan-Tongan singers and members of the kapa haka group Te roopu Manutaki, New Zealand<\/p>\n<p><strong>Tuesday, July 08, 2025<br \/>\n<\/strong><span style=\"color: #ff0000;\">6:00 PM, Bogdan Ogrizovi\u0107 Library and Reading Room, Preradovi\u0107eva 5<\/span><br \/>\nExhibition opening: The blend of the traditional and urban from the children&#8217;s perspective, children\u2019s folklore section of the Ivan Goran Kova\u010di\u0107 folklore group<\/p>\n<p><span style=\"color: #ff0000;\">7:00 PM,Bogdan Ogrizovi\u0107 Library and Reading Room, Preradovi\u0107eva 5<\/span><br \/>\nPanel discussion: Devica zmo\u017ena, divico mogu\u0107a, life of Croatian literary heritage in modern local vernaculars on the example of the Litany of Loreto, participants: Dr. Ivana Kurtovi\u0107 Budja (Institute of Croatian Language), Prof. Velimir Pi\u0161korec (University of Zagreb, Faculty of Humanities and Social Sciences)<\/p>\n<p><strong>Wednesday, July 09, 2025<\/strong><br \/>\n<span style=\"color: #ff0000;\">8:30 PM, Vintage Industrial Bar, Savska cesta 160<\/span><br \/>\nConcert: Mimika Orchestra \u2013 the cross between jazz and tradition<\/p>\n<p><strong>Thursday, July 10, 2025<\/strong><br \/>\n7:00 pm, Special Police Gallery, Trg \u017ertava fa\u0161izma 1<br \/>\nExhibition opening: Croatian National Symbols on Traditional Textiles<\/p>\n<p><strong>Saturday, July 12, 2025<\/strong><br \/>\n<span style=\"color: #ff0000;\">12:00 noon; Nikola Tesla Technical Museum, Savska cesta 18<\/span><br \/>\nOpening of the international exhibition: The multiple aspects of beads<br \/>\nConsultants: Vinka Marekovi\u0107 (Croatia), Antonio Stoj\u010deski (North Macedonia), Ivan Terzi\u0107 (Serbia)<br \/>\nAuthors: Bojana Poljakovi\u0107 Popovi\u0107, Sara Vladi\u0107 Ru\u017ei\u0107<\/p>\n<p><span style=\"color: #ff0000;\">8:00 PM, The Greek Catholic Co-cathedral of Sts. Cyril and Methodius, \u0106irilometodska 1<\/span><br \/>\nGlagolitic singing concert: O jezi\u010de spivaj virno<br \/>\nFolk singers of the Ra\u017eanac Municipality<\/p>\n<p><strong>Monday, July 14, 2025<\/strong><br \/>\n<span style=\"color: #ff0000;\">Cultural centre Travno, B. Magovca 17<\/span><br \/>\nExhibiton Preserving the Tradition &#8211; photos of traditional costumes<br \/>\nExhibiton is open until August 31st<\/p>\n<p><strong>Tuesday, July 15, 2025<\/strong><br \/>\n<span style=\"color: #ff0000;\">7:00 PM, Gornjogradska gimnazija high school, Katarinin trg 5<\/span><br \/>\nDance Workshop: Salon Circle Dance, led by: Pablo Sapulveda Rosso, 6 or an even number<br \/>\n*Registration required at msf@msf.hr or 01\/6601-626<\/p>\n<p><span style=\"color: #ff0000;\">8:00 pm, Zrinjevac stage<\/span><br \/>\nConcert: Dubravko Lapaine, solo didgeridoo: The Phantasies of Underworld Vibrations<br \/>\nGuitar guest: Jakov Ko\u0161\u010dak[\/vc_column_text][\/vc_column][vc_column width=&#8221;1\/3&#8243;][vc_column_text css=&#8221;&#8221;]<\/p>\n<h1 style=\"text-align: center;\"><strong>Festival part of the program<\/strong><\/h1>\n<h1 style=\"text-align: center;\">July 16 \u2013 20, 2025<\/h1>\n<p><strong>Wednesday, July 16, 2025<\/strong><br \/>\n<span style=\"color: #ff0000;\">7.00 pm, Cultural Center Travno, Bo\u017eidara Magovca 17, Mamutica plateu<\/span><br \/>\n(in case of rain, the Cultural Center hall)<br \/>\nsmoTRAvno, performance of international folklore groups:<br \/>\nItaly, Toscana, Fivizzano, Gruppo Storico Sbandieratori Fivizzano<br \/>\nBulgaria, \u0160opluk, Ansambl Bistrica, Bistri\u010dke Baby<br \/>\nFrance, Landes, Dax, Lous Gouyats de l&#8217;Adou,<br \/>\nGeorgia, Guria, Ozurgeti, \u201cShvidkaca Trio\u201d<br \/>\nN. Macedonia, Del\u010devo, s. Dram\u010de, Kopa\u010dka<br \/>\nChile, Antofagasta, Hrvatska jeka<br \/>\nCosta Rica, San Jos\u00e9, Tib\u00e1s, Ansambl Folkl\u00f3rico Rey Cure\u00e9<\/p>\n<p><strong>Thursday, July 17, 2025<\/strong><br \/>\n<span style=\"color: #ff0000;\">9:30 AM \u2013 11:30 AM, city center<\/span><br \/>\nFolklore Promenade:<br \/>\nBulgaria, \u0160opluk, Ansambl Bistrica, Bistri\u010dke Baby<br \/>\nFrance, Landes, Dax, Lous Gouyats de l&#8217;Adou<br \/>\nN. Macedonia, Del\u010devo, s. Dram\u010de, Kopa\u010dka<br \/>\nCosta Rica, San Jos\u00e9, Tib\u00e1s, Ansambl Folkl\u00f3rico Rey Cure\u00e9<\/p>\n<p><span style=\"color: #ff0000;\">7:00 pm, Zrinjevac stage<\/span><br \/>\nConcert: The Beauty of Tradition and Modern Ambitions<br \/>\nSingrlice<br \/>\nGroup leader: TomislavJozi\u0107<\/p>\n<p><span style=\"color: #ff0000;\">8:00 PM, Sveta Nedjelja, Kipi\u0161\u0107e Lake stage, Strmec<\/span><br \/>\nThe Zagreb International Folklore Festival outside of Zagreb<br \/>\nPerformances of folklore groups<br \/>\nBulgaria: Bistritsa, Sofia, Ensemble Bistritsa; Chile: Antofagasta, Folklore group Hrvatska Jeka; France: Dax, Landes, Lous Gouyats de l&#8217;Adou; Georgia: Guria,Ozureti, Shvidkaca Trio; Italy: Fivizzano, Tuscany, Gruppo Storico Sbandieratori Fivizzano; Costa Rica: San Jos\u00e9, Tib\u00e1s, Ensamble Folkl\u00f3rico Rey Curr\u00e9; North Macedonia: Dram\u010de, Del\u010devo, AFG Kopachka<\/p>\n<p><strong>Friday, July 18, 2025<\/strong><br \/>\n<span style=\"color: #ff0000;\">9:30 AM \u2013 11:30 AM, city center<\/span><br \/>\nFolklore Promenade and performances of folklore groups on the Jela\u010di\u0107 Square stage:<br \/>\nGeorgia, Guria, Ozurgeti, \u201cShvidkaca Trio\u201d<br \/>\nN. Macedonia, Del\u010devo, s. Dram\u010de, Kopa\u010dka<br \/>\nItaly, Toskana, Fivizzano, Gruppo Storico Sbandieratori Fivizzano<br \/>\nCosta Rica, San Jos\u00e9, Tib\u00e1s, Ansambl Folkl\u00f3rico Rey Cure\u00e9<\/p>\n<p><span style=\"color: #ff0000;\">6:30 PM, Zrinjevac stage<\/span><br \/>\nPerformances of folklore groups:<br \/>\nBiH (Jure Milo\u0161 i Ivan Bara\u0107),<br \/>\nHrvatska duvanjska ba\u0161tina,<br \/>\nKri\u017eevci, KUD \u201cPrigorje\u201d,<br \/>\nNovalja, otok Pag, kantaduri<br \/>\nLegrad, KUD \u201cZrin\u201d,<br \/>\nDonji Miholjac, KUD \u201cMatija Gubec\u201d<br \/>\nDonji Andrijevci, Kulturno-umjetni\u010dko dru\u0161tvo \u201cTomislav\u201d Brodsko-posavska \u017eupanija<\/p>\n<p><span style=\"color: #ff0000;\">7:30 PM, Trg bana Josipa Jela\u010di\u0107a<\/span><br \/>\nPerformances of folklore groups:<br \/>\nMilitary regiments: Po\u017eega, Trenkovi panduri; Velika Gorica, Turopoljski banderij; Vara\u017edin, Purgari<br \/>\nBobovac, Kulturno-umjetni\u010dko dru\u0161tvo \u201cSloga\u201d<br \/>\nKuterevo, Kulturno-umjetni\u010dko dru\u0161tvo \u201cDangubice\u201d<br \/>\nVrbovec, Hrvatsko kulturno-umjetni\u010dko dru\u0161tvo \u201cPetar Zrinski\u201d<br \/>\nZagreb, Zavi\u010dajno dru\u0161tvo Sinac<\/p>\n<p><span style=\"color: #ff0000;\">9:00 PM, Gradec plateu<\/span><br \/>\nFormal event of the 59th Zagreb International Folklore Festival <strong>Traditional Culture and Identities<\/strong>:<br \/>\nZagreb, Tambura\u0161ki orkestar Gaj<br \/>\nPo\u017eega, Trenkovi panduri<br \/>\nVelika Gorica, Turopoljski banderij<br \/>\nVara\u017edin, Vara\u017edinska gra\u0111anska garda \u2013 Purgari<br \/>\nLegrad, Kulturno-umjetni\u010dko dru\u0161tvo \u201cZrin\u201d<br \/>\nGrude i \u0160iroki Brijeg, Jure Milo\u0161 i Ivan Bara\u0107 (Bosna i Hercegovina)<br \/>\nDonji Miholjac, Kulturno-umjetni\u010dko dru\u0161tvo \u201cMatija Gubec\u201d<br \/>\nNovalja, Centar za kulturu Novalja, kantaduri<br \/>\nTomislavgrad, Hrvatska duvanjska ba\u0161tina (Bosna i Hercegovina)<br \/>\nBobovac, Kulturno-umjetni\u010dko dru\u0161tvo \u201cSloga\u201d, Sisa\u010dko-moslava\u010dka \u017eupanija<br \/>\nKri\u017eevci, Kulturno-umjetni\u010dko dru\u0161tvo \u201cPrigorje\u201d<br \/>\nKuterevo, Kulturno-umjetni\u010dko dru\u0161tvo \u201cDangubice\u201d<br \/>\nDonji Andrijevci, Kulturno-umjetni\u010dko dru\u0161tvo \u201cTomislav\u201d Brodsko-posavska \u017eupanija<br \/>\nVrbovec, Hrvatsko kulturno-umjetni\u010dko dru\u0161tvo \u201cPetar Zrinski\u201d<br \/>\n\u017dupanja, Kulturno-umjetni\u010dko dru\u0161tvo \u201cTomislav\u201d<br \/>\nAntofagasta, Hrvatska jeka (\u010cile) i Zagreb, Tambura\u0161ki orkestar Gaj<br \/>\nTavankut, HKPD \u201cMatija Gubec\u201d (Vojvodina, Srbija)<br \/>\nZagreb, Zavi\u010dajno dru\u0161tvo Sinac<br \/>\n\u010cu\u010derje, Hrvatsko kulturno prosvjetno dru\u0161tvo \u201cBosiljak\u201d, Grad Zagreb<\/p>\n<p><span style=\"color: #ff0000;\">8:00 PM, Beltinci, Slovenia<\/span><br \/>\nThe Zagreb International Folklore Festival outside of Zagreb<br \/>\nPerformances of folklore groups:<br \/>\nFrance, Lous Gouyats de l\u2019Adou, Dax<br \/>\nBulgaria, Bistri\u010dke Baby<\/p>\n<p><span style=\"color: #ff0000;\">8:00 PM, Vrbovec<\/span><br \/>\nThe Zagreb International Folklore Festival outside of Zagreb<br \/>\nPerformance of a folklore group<br \/>\nCosta Rica, San Jos\u00e9, Tib\u00e1s, Ansambl Folkl\u00f3rico Rey Cure\u00e9[\/vc_column_text][\/vc_column][vc_column width=&#8221;1\/3&#8243;][vc_column_text css=&#8221;&#8221;]<strong>Saturday, July 19, 2025<\/strong><br \/>\n<span style=\"color: #ff0000;\">9:30 AM \u2013 11:30 AM, city center<\/span><br \/>\nFolklore Promenade and performances on the Jela\u010di\u0107 Square stage:<br \/>\nAntofagasta, Hrvatska jeka (\u010cile) i Zagreb, Tambura\u0161ki orkestar Gaj<br \/>\nKuterevo, Kulturno-umjetni\u010dko dru\u0161tvo \u201cDangubice\u201d<br \/>\nDonji Andrijevci, Kulturno-umjetni\u010dko dru\u0161tvo \u201cTomislav\u201d Brodsko-posavska \u017eupanija<\/p>\n<p><span style=\"color: #ff0000;\">11:00 AM, The Cultural Information Center of North Macedonia in Zagreb, Andrije Hebranga 4<\/span><br \/>\nPanel discussion: Intangible culture and identity: Croatian and Macedonian elements on UNESCO\u2019s lists, panelists: Vesela Cestoeva (Ministry of Culture, North Macedonia), Dr. Mirela Hrovatin (Institute of Anthropological Research), Ivona Opetcheska Tatarchevska (Ministry of Culture, North Macedonia), Dr. Tvrtko Zebec (Institute of Ethnology and Folklore Research, Artistic Director of the Zagreb International Folklore Festival)<\/p>\n<p><span style=\"color: #ff0000;\">12:00 noon, Trg bana Josipa Jela\u010di\u0107a<\/span><br \/>\nChanging of the Guard \u2013 Guard of Honor of the Cravat Regiment<\/p>\n<p><span style=\"color: #ff0000;\">6:30 PM, Zrinjevac stage<\/span><br \/>\nPerformances of folklore groups:<br \/>\n\u017dupanja, Kulturno-umjetni\u010dko dru\u0161tvo \u201cTomislav\u201d<br \/>\nFrance, Lous Gouyats de l&#8217;Adou, Dax<br \/>\nBulgaria, Bistri\u010dke Baby<br \/>\nTavankut, HKPD \u201cMatija Gubec\u201d (Vojvodina, Serbia)<br \/>\nItaly, Toskana, Fivizzano, Gruppo Storico Sbandieratori Fivizzano<\/p>\n<p><span style=\"color: #ff0000;\">7:15 PM, Church of St. Francis, Kaptol 9<\/span><br \/>\nO Marija Devica, svetoga \u010disla Kralica\u2026 \u2013 concert of Me\u0111imurje hymns to Mary based on Vinko \u017dganec\u2019s 1925 records:<br \/>\nGornji Kraljevec, Kulturno umjetni\u010dka udruga \u201cDru\u0161tvo \u017eena Gornji Kraljevec\u201d<br \/>\n\u017di\u0161kovec, \u017denska vokalna skupina Kulturno-umjetni\u010dkog dru\u0161tva \u017di\u0161kovec<br \/>\nMala Subotica, Puha\u010dki orkestar op\u0107ine Mala Subotica<\/p>\n<p><span style=\"color: #ff0000;\">7:30 PM, Greek Catholic Seminary, \u0106irilometodska 1<\/span><br \/>\nA workshop on Bulgarian singing<\/p>\n<p><span style=\"color: #ff0000;\">7:30 PM, the Jela\u010di\u0107 Square stage<\/span><br \/>\nPerformances of folklore groups:<br \/>\nMakedonija, Del\u010devo, s. Dram\u010de, Udru\u017eenje folklorne grupe Kopa\u010dka<br \/>\nMakedonija, Tetovo, Trio Gavrovski<br \/>\nFerdinandovac, Kulturno-umjetni\u010dko dru\u0161tvo \u201cFrankopan\u201d, Kri\u017eeva\u010dko-koprivni\u010dka \u017eupanija<br \/>\nKostarika, San Jos\u00e9, Tib\u00e1s, Ansambl Folkl\u00f3rico Rey Cure\u00e9<br \/>\nGornji Kraljevec, Kulturno umjetni\u010dka udruga \u201cDru\u0161tvo \u017eena Gornji Kraljevec\u201d<br \/>\n\u017di\u0161kovec, \u017denska vokalna skupina Kulturno-umjetni\u010dkog dru\u0161tva \u017di\u0161kovec<br \/>\nMala Subotica, Puha\u010dki orkestar op\u0107ine Mala Subotica<\/p>\n<p><span style=\"color: #ff0000;\">9:00 PM, Gradec stage<\/span><br \/>\nPerformances of folklore groups:<br \/>\nItaly, Toskana, Fivizzano, Gruppo Storico Sbandieratori Fivizzano<br \/>\nDonji Andrijevci, Kulturno-umjetni\u010dko dru\u0161tvo \u201cTomislav\u201d Brodsko-posavska \u017eupanija<br \/>\n\u017dupanja, Kulturno-umjetni\u010dko dru\u0161tvo \u201cTomislav\u201d<br \/>\nN. Macedonia, Del\u010devo, s. Dram\u010de, Udru\u017eenje folklorne grupe Kopa\u010dka<br \/>\nN. Macedonia,, Tetovo, Trio Gavrovski<br \/>\nFerdinandovac, Kulturno-umjetni\u010dko dru\u0161tvo \u201cFrankopan\u201d, Kri\u017eeva\u010dko-koprivni\u010dka \u017eupanija<br \/>\nBulgaria, \u0160opluk, Ansambl Bistrica, \u201cBistri\u010dke Babi\u201d<br \/>\nCosta Rica, San Jos\u00e9, Tib\u00e1s, Ansambl Folkl\u00f3rico Rey Cure\u00e9<br \/>\nFrance, Landes, Dax, \u201cLous Gouyats de l&#8217;Adou\u201d<br \/>\nGeorgia, Guria, Ozurgeti, \u201cShvidkaca Trio\u201d<br \/>\nKuterevo, Kulturno-umjetni\u010dko dru\u0161tvo \u201cDangubice\u201d<br \/>\nTavankut, HKPD \u201cMatija Gubec\u201d (Vojvodina, Serbia)<\/p>\n<p><span style=\"color: #ff0000;\">10:30 PM, Gradec stage<\/span><br \/>\nDance with us workshop:<\/p>\n<p><strong>Sunday, July 20, 2025<\/strong><br \/>\n<span style=\"color: #ff0000;\">9:30 AM \u2013 11:30 AM, city center<\/span><br \/>\nFolklore Promenade and performances on the Jela\u010di\u0107 Square stage:<br \/>\nGeorgia, Guria, Ozurgeti, \u201cShvidkaca Trio\u201d<br \/>\nBulgaria, \u0160opluk, Ansambl Bistrica, \u201cBistri\u010dke Babi\u201d<br \/>\nCosta Rica, San Jos\u00e9, Tib\u00e1s, Ansambl Folkl\u00f3rico Rey Cure\u00e9<br \/>\nTavankut, HKPD \u201cMatija Gubec\u201d (Vojvodina, Serbia)<\/p>\n<p><span style=\"color: #ff0000;\">6:30 PM, Zrinjevac stage<\/span><br \/>\nPerformances of folklore groups:<br \/>\nN. Macedonia, Del\u010devo, s. Dram\u010de, Udru\u017eenje folklorne grupe Kopa\u010dka<br \/>\nJak\u0161i\u0107, Hrvatsko kulturno umjetni\u010dko dru\u0161tvo \u201cSlavonija\u201d, Po\u017ee\u0161ko-slavonska \u017eupanija<\/p>\n<p><span style=\"color: #ff0000;\">19.30 sati, Zrinjevac stage<\/span><br \/>\nConcert: Alma del viento \u2013 traditional music of South America and Me\u0111imurje in the folk style and rhythm of South America<br \/>\nIvana Gali\u0107 and a music band<\/p>\n<p><span style=\"color: #ff0000;\">9:00 PM, Trg bana Josipa Jela\u010di\u0107a<\/span><br \/>\nConcert \u2013 performances of folklore groups:<br \/>\nItaly, Toskana, Fivizzano, Gruppo Storico Sbandieratori Fivizzano<br \/>\nFrance, Landes, Dax, \u201cLous Gouyats de l&#8217;Adou\u201d<br \/>\nN. Macedonia, Del\u010devo, s. Dram\u010de, Udru\u017eenje folklorne grupe Kopa\u010dka<br \/>\nAntofagasta, Hrvatska jeka (Chile)<br \/>\nSlavonski Koba\u0161, Kulturno-umjetni\u010dko dru\u0161tvo \u201cMatija Gubec\u201d, Brodsko-posavska \u017eupanija<br \/>\nKupinec, Kulturno-umjetni\u010dko dru\u0161tvo \u201cSelja\u010dka sloga\u201d, Zagreba\u010dka \u017eupanija<br \/>\nJak\u0161i\u0107, Hrvatsko kulturno umjetni\u010dko dru\u0161tvo \u201cSlavonija\u201d, Po\u017ee\u0161ko-slavonska \u017eupanija<br \/>\n\u010cu\u010derje, Hrvatsko kulturno prosvjetno dru\u0161tvo \u201cBosiljak\u201d, Grad Zagreb<br \/>\nGeorgia, Guria, Ozurgeti, \u201cShvidkaca Trio\u201d<\/p>\n<p><span style=\"color: #ff0000;\">10:30 PM, Trg bana Josipa Jela\u010di\u0107a<\/span><br \/>\nDance with us workshop<\/p>\n<p><span style=\"color: #ff0000;\">7:00 PM, Pleternica<\/span><br \/>\nThe Zagreb International Folklore Festival outside of Zagreb<br \/>\nPerformances of folklore groups:<br \/>\nBulgaria, \u0160opluk, Ansambl Bistrica, \u201cBistri\u010dke Babi\u201d<br \/>\nCosta Rica, San Jos\u00e9, Tib\u00e1s, Ansambl Folkl\u00f3rico Rey Cure\u00e9<br \/>\nTavankut, HKPD \u201cMatija Gubec\u201d (Vojvodina, Serbia)<\/p>\n<p>Part II of the 59th Zagreb International Folklore Festival<\/p>\n<p><strong>Saturday, October 25, 2025<br \/>\n<\/strong><span style=\"color: #ff0000;\">11:00 AM, , Pula<\/span><br \/>\nPanel discussion on the furlane<\/p>\n<p><span style=\"color: #ff0000;\">8:00 PM; Istrian National Theatre, Laginjina 5, Pula<\/span><br \/>\nFormal concert Furlane Festival \/ Festa furlana[\/vc_column_text][\/vc_column][vc_column][vc_column_text]<\/p>\n<p style=\"text-align: center;\">The organizer has the right to change the programme do to unexpected circumstances.<\/p>\n<p>[\/vc_column_text][\/vc_column][vc_column][\/vc_column][\/vc_row][\/vc_section][vc_row full_width=&#8221;stretch_row_content_no_spaces&#8221;][vc_column width=&#8221;1\/2&#8243; offset=&#8221;vc_hidden-sm vc_hidden-xs&#8221; css=&#8221;.vc_custom_1560253906039{margin-bottom: -30px !important;}&#8221;]\t\t\t<link rel=\"stylesheet\" id=\"basel-el-banner-css\" href=\"https:\/\/msf.hr\/wp-content\/themes\/basel\/css\/parts\/el-banner.min.css?ver=5.8.0\" type=\"text\/css\" media=\"all\" \/> \t\t\t\n\t\t\t<div class=\"promo-banner-wrapper\">\n\t\t\t\t<div class=\"promo-banner cursor-pointer text-left vertical-alignment-middle banner- hover-4 color-scheme-dark \" onclick=\"window.location.href='\/sudionici-iz-hrvatske\/'\" >\n\n\t\t\t\t\t<div class=\"main-wrapp-img\">\n\t\t\t\t\t\t<div class=\"banner-image\">\n\t\t\t\t\t\t\t\t\t\t\t\t\t\t\t\t\t\t\t\t\t\t\t\t<img decoding=\"async\" class=\"promo-banner-image image-1 \" src=\"https:\/\/msf.hr\/wp-content\/uploads\/2019\/06\/sudionici_hrvatska_msf-1200x800.jpg\" width=\"1200\" height=\"800\" alt=\"sudionici_hrvatska_msf\" title=\"sudionici_hrvatska_msf\" loading=\"lazy\" \/>\t\t\t\t\t\t\t\t\t\t\t\t\t\t\t\t\t\t\t\t\t<\/div>\n\t\t\t\t\t<\/div>\n\n\t\t\t\t\t<div class=\"wrapper-content-baner\">\n\t\t\t\t\t\t<div class=\"banner-inner\">\n\t\t\t\t\t\t\t<\/p>\n<div style=\"display: inline-block; text-align: center; padding-left: 50px;\">\n<h4 style=\"font-size: 30px; margin-bottom: 0px;\"><strong>PARTICIPANTS FROM CROATIA<br \/>\n<\/strong><\/h4>\n<p class=\"hidden-xs\" style=\"font-size: 16px;\">Participants from Croatia &amp; Croats from abroad<\/p>\n<p><a class=\"btn btn-color-primary btn-style-default btn-size-small\" href=\"\/sudionici-iz-hrvatske\/\">See the list<\/a><\/p>\n<\/div>\n<p>\n\t\t\t\t\t\t<\/div>\n\t\t\t\t\t<\/div>\n\n\t\t\t\t<\/div>\n\t\t\t<\/div>\n\n\t\t[\/vc_column][vc_column width=&#8221;1\/2&#8243; offset=&#8221;vc_hidden-sm vc_hidden-xs&#8221; css=&#8221;.vc_custom_1560253911806{margin-bottom: -30px !important;}&#8221;]\n\t\t\t<div class=\"promo-banner-wrapper\">\n\t\t\t\t<div class=\"promo-banner cursor-pointer text-left vertical-alignment-middle banner- hover-4 color-scheme-dark \" onclick=\"window.location.href='\/sudionici-iz-inozemstva\/'\" >\n\n\t\t\t\t\t<div class=\"main-wrapp-img\">\n\t\t\t\t\t\t<div class=\"banner-image\">\n\t\t\t\t\t\t\t\t\t\t\t\t\t\t\t\t\t\t\t\t\t\t\t\t<img decoding=\"async\" class=\"promo-banner-image image-1 \" src=\"https:\/\/msf.hr\/wp-content\/uploads\/2019\/06\/inozemni_sudionici_msf-1200x800.jpg\" width=\"1200\" height=\"800\" alt=\"inozemni_sudionici_msf\" title=\"inozemni_sudionici_msf\" loading=\"lazy\" \/>\t\t\t\t\t\t\t\t\t\t\t\t\t\t\t\t\t\t\t\t\t<\/div>\n\t\t\t\t\t<\/div>\n\n\t\t\t\t\t<div class=\"wrapper-content-baner\">\n\t\t\t\t\t\t<div class=\"banner-inner\">\n\t\t\t\t\t\t\t<\/p>\n<div style=\"display: inline-block; text-align: center; padding-left: 50px;\">\n<h4 style=\"font-size: 30px; margin-bottom: 0px;\"><strong>PARTICIPANTS FROM ABROAD<\/strong><\/h4>\n<p class=\"hidden-xs\" style=\"font-size: 16px;\">Folklore groups from abroad<\/p>\n<p><a class=\"btn btn-color-primary btn-style-default btn-size-small\" href=\"#\">See the list<\/a><\/p>\n<\/div>\n<p>\n\t\t\t\t\t\t<\/div>\n\t\t\t\t\t<\/div>\n\n\t\t\t\t<\/div>\n\t\t\t<\/div>\n\n\t\t[\/vc_column][\/vc_row][vc_row full_width=&#8221;stretch_row_content_no_spaces&#8221;][vc_column width=&#8221;1\/2&#8243; offset=&#8221;vc_hidden-lg vc_hidden-md&#8221; css=&#8221;.vc_custom_1560253942376{margin-bottom: -30px !important;}&#8221;]\n\t\t\t<div class=\"promo-banner-wrapper\">\n\t\t\t\t<div class=\"promo-banner cursor-pointer text-left vertical-alignment-middle banner- hover-4 color-scheme-dark \" onclick=\"window.location.href='\/sudionici-iz-hrvatske\/'\" >\n\n\t\t\t\t\t<div class=\"main-wrapp-img\">\n\t\t\t\t\t\t<div class=\"banner-image\">\n\t\t\t\t\t\t\t\t\t\t\t\t\t\t\t\t\t\t\t\t\t\t\t\t<img decoding=\"async\" class=\"promo-banner-image image-1 \" src=\"https:\/\/msf.hr\/wp-content\/uploads\/2019\/06\/sudionici_hrvatska_msf-1200x800.jpg\" width=\"1200\" height=\"800\" alt=\"sudionici_hrvatska_msf\" title=\"sudionici_hrvatska_msf\" loading=\"lazy\" \/>\t\t\t\t\t\t\t\t\t\t\t\t\t\t\t\t\t\t\t\t\t<\/div>\n\t\t\t\t\t<\/div>\n\n\t\t\t\t\t<div class=\"wrapper-content-baner\">\n\t\t\t\t\t\t<div class=\"banner-inner\">\n\t\t\t\t\t\t\t<\/p>\n<div style=\"display: inline-block; text-align: center;\">\n<h4 style=\"font-size: 15px; margin-bottom: 0px; text-align: left;\"><strong>PARTICIPANTS FROM CROATIA<\/strong><\/h4>\n<p style=\"font-size: 10px; text-align: left;\">Participants from Croatia &amp; Croats from abroad<\/p>\n<p style=\"text-align: left;\"><a class=\"btn btn-color-primary btn-style-default btn-size-small\" href=\"#\">See the list<\/a><\/p>\n<\/div>\n<p>\n\t\t\t\t\t\t<\/div>\n\t\t\t\t\t<\/div>\n\n\t\t\t\t<\/div>\n\t\t\t<\/div>\n\n\t\t[\/vc_column][vc_column width=&#8221;1\/2&#8243; offset=&#8221;vc_hidden-lg vc_hidden-md&#8221; css=&#8221;.vc_custom_1560253952006{margin-bottom: -30px !important;}&#8221;]\n\t\t\t<div class=\"promo-banner-wrapper\">\n\t\t\t\t<div class=\"promo-banner cursor-pointer text-left vertical-alignment-middle banner- hover-4 color-scheme-dark \" onclick=\"window.location.href='\/sudionici-iz-inozemstva\/'\" >\n\n\t\t\t\t\t<div class=\"main-wrapp-img\">\n\t\t\t\t\t\t<div class=\"banner-image\">\n\t\t\t\t\t\t\t\t\t\t\t\t\t\t\t\t\t\t\t\t\t\t\t\t<img decoding=\"async\" class=\"promo-banner-image image-1 \" src=\"https:\/\/msf.hr\/wp-content\/uploads\/2019\/06\/inozemni_sudionici_msf-1200x800.jpg\" width=\"1200\" height=\"800\" alt=\"inozemni_sudionici_msf\" title=\"inozemni_sudionici_msf\" loading=\"lazy\" \/>\t\t\t\t\t\t\t\t\t\t\t\t\t\t\t\t\t\t\t\t\t<\/div>\n\t\t\t\t\t<\/div>\n\n\t\t\t\t\t<div class=\"wrapper-content-baner\">\n\t\t\t\t\t\t<div class=\"banner-inner\">\n\t\t\t\t\t\t\t<\/p>\n<div style=\"display: inline-block; text-align: center;\">\n<h4 style=\"font-size: 15px; margin-bottom: 0px; text-align: left;\"><strong>PARTICIPANTS FROM ABROAD<\/strong><\/h4>\n<p style=\"font-size: 10px; text-align: left;\">Folklore groups from abroad<\/p>\n<p style=\"text-align: left;\"><a class=\"btn btn-color-primary btn-style-default btn-size-small\" href=\"#\">See the list<\/a><\/p>\n<\/div>\n<p>\n\t\t\t\t\t\t<\/div>\n\t\t\t\t\t<\/div>\n\n\t\t\t\t<\/div>\n\t\t\t<\/div>\n\n\t\t[\/vc_column][\/vc_row]<\/p>\n<\/div>","protected":false},"excerpt":{"rendered":"<p>[vc_row full_width=&#8221;stretch_row_content_no_spaces&#8221; css_animation=&#8221;fadeIn&#8221; css=&#8221;.vc_custom_1521109761069{margin-bottom: 0px !important;}&#8221;][vc_column offset=&#8221;vc_hidden-xs&#8221;][vc_images_carousel images=&#8221;17351&#8243; img_size=&#8221;full&#8221; onclick=&#8221;link_no&#8221; css=&#8221;&#8221;][\/vc_column][\/vc_row][vc_row full_width=&#8221;stretch_row_content_no_spaces&#8221; css_animation=&#8221;fadeIn&#8221; css=&#8221;.vc_custom_1521109761069{margin-bottom: 0px !important;}&#8221;][vc_column offset=&#8221;vc_hidden-lg vc_hidden-md vc_hidden-sm&#8221;][vc_images_carousel images=&#8221;17347&#8243;<\/p>\n","protected":false},"author":2,"featured_media":0,"parent":0,"menu_order":0,"comment_status":"closed","ping_status":"closed","template":"","meta":{"footnotes":""},"class_list":["post-3931","page","type-page","status-publish","hentry"],"aioseo_notices":[],"_links":{"self":[{"href":"https:\/\/msf.hr\/en\/wp-json\/wp\/v2\/pages\/3931","targetHints":{"allow":["GET"]}}],"collection":[{"href":"https:\/\/msf.hr\/en\/wp-json\/wp\/v2\/pages"}],"about":[{"href":"https:\/\/msf.hr\/en\/wp-json\/wp\/v2\/types\/page"}],"author":[{"embeddable":true,"href":"https:\/\/msf.hr\/en\/wp-json\/wp\/v2\/users\/2"}],"replies":[{"embeddable":true,"href":"https:\/\/msf.hr\/en\/wp-json\/wp\/v2\/comments?post=3931"}],"version-history":[{"count":79,"href":"https:\/\/msf.hr\/en\/wp-json\/wp\/v2\/pages\/3931\/revisions"}],"predecessor-version":[{"id":17894,"href":"https:\/\/msf.hr\/en\/wp-json\/wp\/v2\/pages\/3931\/revisions\/17894"}],"wp:attachment":[{"href":"https:\/\/msf.hr\/en\/wp-json\/wp\/v2\/media?parent=3931"}],"curies":[{"name":"wp","href":"https:\/\/api.w.org\/{rel}","templated":true}]}}