{"id":4038,"date":"2019-06-24T15:06:57","date_gmt":"2019-06-24T13:06:57","guid":{"rendered":"https:\/\/nova.msf.hr\/?page_id=4038"},"modified":"2025-07-23T16:21:43","modified_gmt":"2025-07-23T14:21:43","slug":"world-music-archive","status":"publish","type":"page","link":"https:\/\/msf.hr\/en\/world-music-archive\/","title":{"rendered":"WORLD MUSIC ARCHIVE"},"content":{"rendered":"<div class=\"wpb-content-wrapper\"><p>[vc_row full_width=&#8221;stretch_row&#8221; full_height=&#8221;yes&#8221; basel_parallax=&#8221;1&#8243; css=&#8221;.vc_custom_1753280402891{padding-top: 40px !important;padding-bottom: 40px !important;background-image: url(https:\/\/msf.hr\/wp-content\/uploads\/2025\/07\/Dizajn-bez-naslova-\u2013-kopija-2.jpg?id=17596) !important;}&#8221; el_class=&#8221;vc_hidden-sm vc_hidden-xs&#8221;][vc_column width=&#8221;1\/2&#8243; offset=&#8221;vc_hidden-sm vc_hidden-xs&#8221;][vc_custom_heading text=&#8221;59th IFF &#8211; Concert KIA ORA&#8221; font_container=&#8221;tag:h2|font_size:25|text_align:left|color:%23ffffff&#8221; use_theme_fonts=&#8221;yes&#8221; css=&#8221;.vc_custom_1753280459388{margin-bottom: 15px !important;}&#8221;][vc_custom_heading text=&#8221;Thursday, July 3, 2025&#8243; font_container=&#8221;tag:h4|font_size:16|text_align:left|color:%23d30101|line_height:0.2&#8243; google_fonts=&#8221;font_family:Lato%3A100%2C100italic%2C300%2C300italic%2Cregular%2Citalic%2C700%2C700italic%2C900%2C900italic|font_style:400%20regular%3A400%3Anormal&#8221; css=&#8221;.vc_custom_1753280474422{margin-bottom: 10px !important;}&#8221;][vc_column_text css=&#8221;.vc_custom_1753280493795{margin-bottom: 25px !important;}&#8221; basel_color_scheme=&#8221;light&#8221;]<\/p>\n<p class=\"tw-data-text tw-text-large tw-ta\" dir=\"ltr\" data-placeholder=\"Translation\" data-ved=\"2ahUKEwi9l5-bmeuBAxUGhv0HHaETA3gQ3ewLegQICRAQ\">The \u201cKralj Tomislav\u201d folklore ensemble has been working under the Croatian Cultural Society in Auckland for more than 30 years as one of the most successful promotors of Croatian cultural tradition, preserving the Croatian national identity in New Zealand. The 70-minute program includes almost 50 performers&#8230;<\/p>\n<p>[\/vc_column_text][vc_btn title=&#8221;Find out more&#8221; style=&#8221;custom&#8221; custom_background=&#8221;#981414&#8243; custom_text=&#8221;#ffffff&#8221; shape=&#8221;square&#8221; css=&#8221;&#8221; link=&#8221;url:https%3A%2F%2Fmsf.hr%2Fen%2Fconcert-kia-ora%2F&#8221;][\/vc_column][vc_column width=&#8221;1\/2&#8243; css=&#8221;.vc_custom_1560509328606{padding-right: 30px !important;padding-left: 50px !important;}&#8221; offset=&#8221;vc_hidden-sm vc_hidden-xs&#8221;][\/vc_column][\/vc_row][vc_row full_width=&#8221;stretch_row&#8221; full_height=&#8221;yes&#8221; basel_parallax=&#8221;1&#8243; css=&#8221;.vc_custom_1753279413031{padding-top: 40px !important;padding-bottom: 40px !important;background-image: url(https:\/\/msf.hr\/wp-content\/uploads\/2025\/07\/Dizajn-bez-naslova-1-3.jpg?id=17599) !important;}&#8221; el_class=&#8221;vc_hidden-sm vc_hidden-xs&#8221;][vc_column width=&#8221;1\/2&#8243; offset=&#8221;vc_hidden-sm vc_hidden-xs&#8221;][\/vc_column][vc_column width=&#8221;1\/2&#8243; css=&#8221;.vc_custom_1560509328606{padding-right: 30px !important;padding-left: 50px !important;}&#8221; offset=&#8221;vc_hidden-sm vc_hidden-xs&#8221;][vc_custom_heading text=&#8221;59th IFF &#8211; Mimika orkestar \u2013 at the crossroads of jazz and tradition&#8221; font_container=&#8221;tag:h2|font_size:25|text_align:left|color:%23ffffff&#8221; use_theme_fonts=&#8221;yes&#8221; css=&#8221;.vc_custom_1753279460391{margin-bottom: 15px !important;}&#8221;][vc_custom_heading text=&#8221;Wednesday, July 9, 2025&#8243; font_container=&#8221;tag:h4|font_size:16|text_align:left|color:%23d30101|line_height:0.2&#8243; google_fonts=&#8221;font_family:Lato%3A100%2C100italic%2C300%2C300italic%2Cregular%2Citalic%2C700%2C700italic%2C900%2C900italic|font_style:400%20regular%3A400%3Anormal&#8221; css=&#8221;.vc_custom_1753279483872{margin-bottom: 10px !important;}&#8221;][vc_column_text css=&#8221;.vc_custom_1753279494861{margin-bottom: 25px !important;}&#8221; basel_color_scheme=&#8221;light&#8221;]<\/p>\n<p class=\"tw-data-text tw-text-large tw-ta\" dir=\"ltr\" data-placeholder=\"Translation\" data-ved=\"2ahUKEwi9l5-bmeuBAxUGhv0HHaETA3gQ3ewLegQICRAQ\">Mimika Orchestra, a visionary force in the world of progressive, avant-garde, and concept jazz,,traces its roots back to its formation in London (UK) in 2010 by the ingenious Croatian multi-instrumentalist\/composer Mak Murti\u0107 and the captivating vocalist Maja Rivi\u0107. While initially birthed in London, the ensemble now calls Zagreb (Croatia) home&#8230;<\/p>\n<p>[\/vc_column_text][vc_btn title=&#8221;Find out more&#8221; style=&#8221;custom&#8221; custom_background=&#8221;#981414&#8243; custom_text=&#8221;#ffffff&#8221; shape=&#8221;square&#8221; css=&#8221;&#8221; link=&#8221;url:https%3A%2F%2Fmsf.hr%2Fen%2Fexhibitio-multiple-aspects-of-beads-at-nikola-tesla-technical-museum-4%2F&#8221;][\/vc_column][\/vc_row][vc_row full_width=&#8221;stretch_row&#8221; full_height=&#8221;yes&#8221; basel_parallax=&#8221;1&#8243; css=&#8221;.vc_custom_1697707294210{padding-top: 40px !important;padding-bottom: 40px !important;background-image: url(https:\/\/msf.hr\/wp-content\/uploads\/2023\/09\/Copy-of-Copy-of-Untitled-Design-11.jpg?id=11486) !important;}&#8221; el_class=&#8221;vc_hidden-sm vc_hidden-xs&#8221;][vc_column width=&#8221;1\/2&#8243; offset=&#8221;vc_hidden-sm vc_hidden-xs&#8221;][vc_custom_heading text=&#8221;57 IFF &#8211; Saturday folklore concert&#8221; font_container=&#8221;tag:h2|font_size:25|text_align:left|color:%23ffffff&#8221; use_theme_fonts=&#8221;yes&#8221; css=&#8221;.vc_custom_1697707342317{margin-bottom: 15px !important;}&#8221;][vc_custom_heading text=&#8221;July 22, 2023, KUC Travno hall&#8221; font_container=&#8221;tag:h4|font_size:16|text_align:left|color:%23d30101|line_height:0.2&#8243; google_fonts=&#8221;font_family:Lato%3A100%2C100italic%2C300%2C300italic%2Cregular%2Citalic%2C700%2C700italic%2C900%2C900italic|font_style:400%20regular%3A400%3Anormal&#8221; css=&#8221;.vc_custom_1697707360678{margin-bottom: 10px !important;}&#8221;][vc_column_text css=&#8221;.vc_custom_1697707390433{margin-bottom: 25px !important;}&#8221; basel_color_scheme=&#8221;light&#8221;]<\/p>\n<p class=\"tw-data-text tw-text-large tw-ta\" dir=\"ltr\" data-placeholder=\"Translation\" data-ved=\"2ahUKEwi9l5-bmeuBAxUGhv0HHaETA3gQ3ewLegQICRAQ\"><span class=\"Y2IQFc\" lang=\"en\">In a cheerful atmosphere, numerous performers from Croatia and abroad filled the plateau in front of KUC Travno during the warm-up for Saturday\u2019s concert. The concert was traditionally led by Drago Celezi\u0107, and numerous high-ranking officials from the embassies of the participating countries were also present.<\/span><\/p>\n<p class=\"tw-data-text tw-text-large tw-ta\" dir=\"ltr\" data-placeholder=\"Translation\" data-ved=\"2ahUKEwi9l5-bmeuBAxUGhv0HHaETA3gQ3ewLegQICRAQ\"><span class=\"Y2IQFc\" lang=\"en\">After the concert, IFF\u2019s longtime colleagues Francis Feybli and Vido Bagur held a dance workshop \u201cDance with us!\u201d&#8230;<\/span><\/p>\n<p>[\/vc_column_text][vc_btn title=&#8221;Find out more&#8221; style=&#8221;custom&#8221; custom_background=&#8221;#981414&#8243; custom_text=&#8221;#ffffff&#8221; shape=&#8221;square&#8221; link=&#8221;url:https%3A%2F%2Fmsf.hr%2Fen%2Ffestive-concert-saturday-22-july-2023%2F&#8221;][\/vc_column][vc_column width=&#8221;1\/2&#8243; css=&#8221;.vc_custom_1560509328606{padding-right: 30px !important;padding-left: 50px !important;}&#8221; offset=&#8221;vc_hidden-sm vc_hidden-xs&#8221;][\/vc_column][\/vc_row][vc_row full_width=&#8221;stretch_row&#8221; full_height=&#8221;yes&#8221; basel_parallax=&#8221;1&#8243; css=&#8221;.vc_custom_1697706142162{padding-top: 40px !important;padding-bottom: 40px !important;background-image: url(https:\/\/msf.hr\/wp-content\/uploads\/2023\/09\/Copy-of-Copy-of-Untitled-Design-12.jpg?id=11491) !important;}&#8221; el_class=&#8221;vc_hidden-sm vc_hidden-xs&#8221;][vc_column width=&#8221;1\/2&#8243; offset=&#8221;vc_hidden-sm vc_hidden-xs&#8221;][\/vc_column][vc_column width=&#8221;1\/2&#8243; css=&#8221;.vc_custom_1560509328606{padding-right: 30px !important;padding-left: 50px !important;}&#8221; offset=&#8221;vc_hidden-sm vc_hidden-xs&#8221;][vc_custom_heading text=&#8221;57 IFF &#8211; Sunday folklore concert&#8221; font_container=&#8221;tag:h2|font_size:25|text_align:left|color:%23ffffff&#8221; use_theme_fonts=&#8221;yes&#8221; css=&#8221;.vc_custom_1697706947693{margin-bottom: 15px !important;}&#8221;][vc_custom_heading text=&#8221;July 23, 2023, Ban Jela\u010di\u0107 Square&#8221; font_container=&#8221;tag:h4|font_size:16|text_align:left|color:%23d30101|line_height:0.2&#8243; google_fonts=&#8221;font_family:Lato%3A100%2C100italic%2C300%2C300italic%2Cregular%2Citalic%2C700%2C700italic%2C900%2C900italic|font_style:400%20regular%3A400%3Anormal&#8221; css=&#8221;.vc_custom_1697706972333{margin-bottom: 10px !important;}&#8221;][vc_column_text css=&#8221;.vc_custom_1697707017624{margin-bottom: 25px !important;}&#8221; basel_color_scheme=&#8221;light&#8221;]On Sunday, July 23, 2023, the last, third folklore concert of the main part of the IFF Zagreb was held on Trg ban Jela\u010di\u0107. Many folklore groups from Croatia and abroad performed in front of a large audience&#8230;[\/vc_column_text][vc_btn title=&#8221;Find out more&#8221; style=&#8221;custom&#8221; custom_background=&#8221;#981414&#8243; custom_text=&#8221;#ffffff&#8221; shape=&#8221;square&#8221; link=&#8221;url:https%3A%2F%2Fmsf.hr%2Fen%2Ffestive-concert-sunday-23-july-2023%2F&#8221;][\/vc_column][\/vc_row][vc_row full_width=&#8221;stretch_row&#8221; full_height=&#8221;yes&#8221; basel_parallax=&#8221;1&#8243; css=&#8221;.vc_custom_1697703556961{padding-top: 40px !important;padding-bottom: 40px !important;background-image: url(https:\/\/msf.hr\/wp-content\/uploads\/2023\/09\/Copy-of-Copy-of-Untitled-Design-4.jpg?id=11355) !important;}&#8221; el_class=&#8221;vc_hidden-sm vc_hidden-xs&#8221;][vc_column width=&#8221;1\/2&#8243; offset=&#8221;vc_hidden-sm vc_hidden-xs&#8221;][vc_custom_heading text=&#8221;57 IFF &#8211; Performance of \u201cTuropolje wedding\u201d&#8221; font_container=&#8221;tag:h2|font_size:25|text_align:left|color:%23ffffff&#8221; use_theme_fonts=&#8221;yes&#8221; css=&#8221;.vc_custom_1697703766758{margin-bottom: 15px !important;}&#8221;][vc_custom_heading text=&#8221;July 18, 2023, pavilion in Zrinjevac park&#8221; font_container=&#8221;tag:h4|font_size:16|text_align:left|color:%23d30101|line_height:0.2&#8243; google_fonts=&#8221;font_family:Lato%3A100%2C100italic%2C300%2C300italic%2Cregular%2Citalic%2C700%2C700italic%2C900%2C900italic|font_style:400%20regular%3A400%3Anormal&#8221; css=&#8221;.vc_custom_1697703747645{margin-bottom: 10px !important;}&#8221;][vc_column_text css=&#8221;.vc_custom_1697703729754{margin-bottom: 25px !important;}&#8221; basel_color_scheme=&#8221;light&#8221;]This year, the branch of \u201cPeasant Harmony\u201d in Bu\u0161evec performed a clip from the wedding customs of Turopolj and attracted a large audience with its attractive performance, who danced traditional dances with the performers themselves. This year, the branch celebrates 50 years of performing the Turopolje wedding based on the play by Josip Kova\u010devi\u0107&#8230;[\/vc_column_text][vc_btn title=&#8221;Find out more&#8221; style=&#8221;custom&#8221; custom_background=&#8221;#981414&#8243; custom_text=&#8221;#ffffff&#8221; shape=&#8221;square&#8221; link=&#8221;url:https%3A%2F%2Fmsf.hr%2Fen%2Fperformance-of-turopolje-wedding%2F&#8221;][\/vc_column][vc_column width=&#8221;1\/2&#8243; css=&#8221;.vc_custom_1560509328606{padding-right: 30px !important;padding-left: 50px !important;}&#8221; offset=&#8221;vc_hidden-sm vc_hidden-xs&#8221;][\/vc_column][\/vc_row][vc_row full_width=&#8221;stretch_row&#8221; full_height=&#8221;yes&#8221; basel_parallax=&#8221;1&#8243; css=&#8221;.vc_custom_1697703870059{padding-top: 40px !important;padding-bottom: 40px !important;background-image: url(https:\/\/msf.hr\/wp-content\/uploads\/2023\/09\/Copy-of-Copy-of-Untitled-Design-8.jpg?id=11476) !important;}&#8221; el_class=&#8221;vc_hidden-sm vc_hidden-xs&#8221;][vc_column width=&#8221;1\/2&#8243; offset=&#8221;vc_hidden-sm vc_hidden-xs&#8221;][\/vc_column][vc_column width=&#8221;1\/2&#8243; css=&#8221;.vc_custom_1560509328606{padding-right: 30px !important;padding-left: 50px !important;}&#8221; offset=&#8221;vc_hidden-sm vc_hidden-xs&#8221;][vc_custom_heading text=&#8221;57 IFF &#8211; \u201cKak zvon je KAJ grmelo\u201d, Cinku\u0161i&#8221; font_container=&#8221;tag:h2|font_size:25|text_align:left|color:%23ffffff&#8221; use_theme_fonts=&#8221;yes&#8221; css=&#8221;.vc_custom_1697704254468{margin-bottom: 15px !important;}&#8221;][vc_custom_heading text=&#8221;July 23, 2023, European Square&#8221; font_container=&#8221;tag:h4|font_size:16|text_align:left|color:%23d30101|line_height:0.2&#8243; google_fonts=&#8221;font_family:Lato%3A100%2C100italic%2C300%2C300italic%2Cregular%2Citalic%2C700%2C700italic%2C900%2C900italic|font_style:400%20regular%3A400%3Anormal&#8221; css=&#8221;.vc_custom_1697704425001{margin-bottom: 10px !important;}&#8221;][vc_column_text css=&#8221;.vc_custom_1697704334833{margin-bottom: 25px !important;}&#8221; basel_color_scheme=&#8221;light&#8221;]As the basis of their music, the Cinku\u0161i use the rich traditional heritage of Croatia, mostly from the Kajkavian speaking area, into which they interpolate the author\u2019s approach and literary models and even clich\u00e9s that awaken collective emotionality. They are an excellent example of \u201ctranslating\u201d traditional songs into explosive parts of punk, freak-folk, brilliant ballads or subtle combinations of waltz and cabaret with a touch of neo-folk underground. They are completely open to many metamorphoses of rock, psychedelic, jazz to traces of expressive and even chamber music&#8230;[\/vc_column_text][vc_btn title=&#8221;Find out more&#8221; style=&#8221;custom&#8221; custom_background=&#8221;#981414&#8243; custom_text=&#8221;#ffffff&#8221; shape=&#8221;square&#8221; link=&#8221;url:https%3A%2F%2Fmsf.hr%2Fen%2Fconcert-kak-zvon-je-kaj-grelo-cinkusi%2F&#8221;][\/vc_column][\/vc_row][vc_row full_width=&#8221;stretch_row&#8221; full_height=&#8221;yes&#8221; basel_parallax=&#8221;1&#8243; css=&#8221;.vc_custom_1697705862587{padding-top: 40px !important;padding-bottom: 40px !important;background-image: url(https:\/\/msf.hr\/wp-content\/uploads\/2023\/10\/Copy-of-Untitled-Design-3.jpg?id=11726) !important;}&#8221; el_class=&#8221;vc_hidden-sm vc_hidden-xs&#8221;][vc_column width=&#8221;1\/2&#8243; offset=&#8221;vc_hidden-sm vc_hidden-xs&#8221;][vc_custom_heading text=&#8221;57 IFF &#8211; \u201cSpaces In-Between\u201d&#8221; font_container=&#8221;tag:h2|font_size:25|text_align:left|color:%23ffffff&#8221; use_theme_fonts=&#8221;yes&#8221; css=&#8221;.vc_custom_1697704551124{margin-bottom: 15px !important;}&#8221;][vc_custom_heading text=&#8221;July 14, 2023, pavilion in Zrinjevac park&#8221; font_container=&#8221;tag:h4|font_size:16|text_align:left|color:%23d30101|line_height:0.2&#8243; google_fonts=&#8221;font_family:Lato%3A100%2C100italic%2C300%2C300italic%2Cregular%2Citalic%2C700%2C700italic%2C900%2C900italic|font_style:400%20regular%3A400%3Anormal&#8221; css=&#8221;.vc_custom_1697704564472{margin-bottom: 10px !important;}&#8221;][vc_column_text css=&#8221;.vc_custom_1697704597561{margin-bottom: 25px !important;}&#8221; basel_color_scheme=&#8221;light&#8221;]The concert called \u201cSpaces In-Between\u201d searches for and questions the interspaces of two colorful traditions, all as a result of research into Croatian traditional music and different traditions related to gamelan. Such interspaces are opened by in-depth knowledge of traditions and mutual opposition or merging of their elements. At the same time, gamelan is not only a source of \u2018new\u2019 and \u2018different\u2019 sound, but traditional playing techniques and forms are interwoven with singing techniques and chants from various parts of Croatia&#8230;[\/vc_column_text][vc_btn title=&#8221;Find out more&#8221; style=&#8221;custom&#8221; custom_background=&#8221;#981414&#8243; custom_text=&#8221;#ffffff&#8221; shape=&#8221;square&#8221; link=&#8221;url:https%3A%2F%2Fmsf.hr%2Fen%2Fconcert-spaces-in-between%2F&#8221;][\/vc_column][vc_column width=&#8221;1\/2&#8243; css=&#8221;.vc_custom_1560509328606{padding-right: 30px !important;padding-left: 50px !important;}&#8221; offset=&#8221;vc_hidden-sm vc_hidden-xs&#8221;][\/vc_column][\/vc_row][vc_row full_width=&#8221;stretch_row&#8221; full_height=&#8221;yes&#8221; basel_parallax=&#8221;1&#8243; css=&#8221;.vc_custom_1697705509134{padding-top: 40px !important;padding-bottom: 40px !important;background-image: url(https:\/\/msf.hr\/wp-content\/uploads\/2023\/10\/Copy-of-Copy-of-Untitled-Design-1.jpg?id=11723) !important;}&#8221; el_class=&#8221;vc_hidden-sm vc_hidden-xs&#8221;][vc_column width=&#8221;1\/2&#8243; offset=&#8221;vc_hidden-sm vc_hidden-xs&#8221;][\/vc_column][vc_column width=&#8221;1\/2&#8243; css=&#8221;.vc_custom_1560509328606{padding-right: 30px !important;padding-left: 50px !important;}&#8221; offset=&#8221;vc_hidden-sm vc_hidden-xs&#8221;][vc_custom_heading text=&#8221;57 IFF &#8211; \u201cVientos del alma\u201d&#8221; font_container=&#8221;tag:h2|font_size:25|text_align:left|color:%23ffffff&#8221; use_theme_fonts=&#8221;yes&#8221; css=&#8221;.vc_custom_1697704386353{margin-bottom: 15px !important;}&#8221;][vc_custom_heading text=&#8221;Saturday, July 22, 2023, European Square&#8221; font_container=&#8221;tag:h4|font_size:16|text_align:left|color:%23d30101|line_height:0.2&#8243; google_fonts=&#8221;font_family:Lato%3A100%2C100italic%2C300%2C300italic%2Cregular%2Citalic%2C700%2C700italic%2C900%2C900italic|font_style:400%20regular%3A400%3Anormal&#8221; css=&#8221;.vc_custom_1697704407893{margin-bottom: 10px !important;}&#8221;][vc_column_text css=&#8221;.vc_custom_1697704464278{margin-bottom: 25px !important;}&#8221; basel_color_scheme=&#8221;light&#8221;]Ivana Gali\u0107 and the band held the concert \u201cVientos del alma\u201d &#8211; The Winds of the Soul program of South American traditional music was inspired by the greatest Argentinian singer and activist Mercedes Sosa. The songs and compositions of Argentina, Bolivia, Chile, Peru and Uruguay are almost unknown to the audience of these areas. They are performed by musicians led by our best guitarist for Latin music, Darko Horvat, and academic flautist Zrinka Bo\u017ei\u010devi\u0107 Plavec&#8230;[\/vc_column_text][vc_btn title=&#8221;Find out more&#8221; style=&#8221;custom&#8221; custom_background=&#8221;#981414&#8243; custom_text=&#8221;#ffffff&#8221; shape=&#8221;square&#8221; link=&#8221;url:https%3A%2F%2Fmsf.hr%2Fen%2Fconcert-vientos-del-alma%2F&#8221;][\/vc_column][\/vc_row][vc_row full_width=&#8221;stretch_row&#8221; full_height=&#8221;yes&#8221; basel_parallax=&#8221;1&#8243; css=&#8221;.vc_custom_1697704077853{padding-top: 40px !important;padding-bottom: 40px !important;background-image: url(https:\/\/msf.hr\/wp-content\/uploads\/2023\/09\/Copy-of-Copy-of-Untitled-Design-13.jpg?id=11494) !important;}&#8221; el_class=&#8221;vc_hidden-sm vc_hidden-xs&#8221;][vc_column width=&#8221;1\/2&#8243; offset=&#8221;vc_hidden-sm vc_hidden-xs&#8221;][vc_custom_heading text=&#8221;57 IFF &#8211; \u201cZagorje Blues\u201d&#8221; font_container=&#8221;tag:h2|font_size:25|text_align:left|color:%23ffffff&#8221; use_theme_fonts=&#8221;yes&#8221; css=&#8221;.vc_custom_1697704675221{margin-bottom: 15px !important;}&#8221;][vc_custom_heading text=&#8221;September 7th, KUC Travno hall&#8221; font_container=&#8221;tag:h4|font_size:16|text_align:left|color:%23d30101|line_height:0.2&#8243; google_fonts=&#8221;font_family:Lato%3A100%2C100italic%2C300%2C300italic%2Cregular%2Citalic%2C700%2C700italic%2C900%2C900italic|font_style:400%20regular%3A400%3Anormal&#8221; css=&#8221;.vc_custom_1697705091318{margin-bottom: 10px !important;}&#8221;][vc_column_text css=&#8221;.vc_custom_1697705110358{margin-bottom: 25px !important;}&#8221; basel_color_scheme=&#8221;light&#8221;]Tomislav Goluban is a harmonica player and composer from Zabok who combines blues with Croatian traditional music in an interesting way. Goluban\u2019s passion for what he does, sense of humor and attractive performance are his trump cards that will not leave you indifferent. A musician who always wants to give the audience an original and unusual performance, draws you into his own musical world where you will feel at home&#8230;[\/vc_column_text][vc_btn title=&#8221;Find out more&#8221; style=&#8221;custom&#8221; custom_background=&#8221;#981414&#8243; custom_text=&#8221;#ffffff&#8221; shape=&#8221;square&#8221; link=&#8221;url:https%3A%2F%2Fmsf.hr%2Fen%2Fconcert-zagorje-blues%2F&#8221;][\/vc_column][vc_column width=&#8221;1\/2&#8243; css=&#8221;.vc_custom_1560509328606{padding-right: 30px !important;padding-left: 50px !important;}&#8221; offset=&#8221;vc_hidden-sm vc_hidden-xs&#8221;][\/vc_column][\/vc_row][vc_row full_width=&#8221;stretch_row&#8221; full_height=&#8221;yes&#8221; basel_parallax=&#8221;1&#8243; css=&#8221;.vc_custom_1697703169712{padding-top: 40px !important;padding-bottom: 40px !important;background-image: url(https:\/\/msf.hr\/wp-content\/uploads\/2023\/09\/Copy-of-Copy-of-Untitled-Design-5.jpg?id=11470) !important;}&#8221; el_class=&#8221;vc_hidden-sm vc_hidden-xs&#8221;][vc_column width=&#8221;1\/2&#8243; offset=&#8221;vc_hidden-sm vc_hidden-xs&#8221;][\/vc_column][vc_column width=&#8221;1\/2&#8243; css=&#8221;.vc_custom_1560509328606{padding-right: 30px !important;padding-left: 50px !important;}&#8221; offset=&#8221;vc_hidden-sm vc_hidden-xs&#8221;][vc_custom_heading text=&#8221;57 IFF &#8211; Ogenj \u201cSi kak jen\u201d&#8221; font_container=&#8221;tag:h2|font_size:25|text_align:left|color:%23ffffff&#8221; use_theme_fonts=&#8221;yes&#8221; css=&#8221;.vc_custom_1697703259087{margin-bottom: 15px !important;}&#8221;][vc_custom_heading text=&#8221;July 20, 2023, stage at European Square&#8221; font_container=&#8221;tag:h4|font_size:16|text_align:left|color:%23d30101|line_height:0.2&#8243; google_fonts=&#8221;font_family:Lato%3A100%2C100italic%2C300%2C300italic%2Cregular%2Citalic%2C700%2C700italic%2C900%2C900italic|font_style:400%20regular%3A400%3Anormal&#8221; css=&#8221;.vc_custom_1697703282878{margin-bottom: 10px !important;}&#8221;][vc_column_text css=&#8221;.vc_custom_1697703336857{margin-bottom: 25px !important;}&#8221; basel_color_scheme=&#8221;light&#8221;]This summer, the Ogenj group set the audience on fire on the Zagreb asphalt. Ogenj gathers people from Podravka full of energy, which they give at every meeting and concert. The music that Ogenj creates is a mixture of pure rock\u2019n\u2019roll with a touch of punk, and everything is enriched with a drinkable Kajkavian lyric. In addition to the standard instruments of a punk rock band, there are also tambourines and sometimes violins. Some compare them to local Flogging Molly, while they are not far from Mumford and the Sons either. Ballads, jumps, push-ups, landings, choral singing, bursts of energy, sweat and tears are part of every performance of Ogenj&#8230;[\/vc_column_text][vc_btn title=&#8221;Find out more&#8221; style=&#8221;custom&#8221; custom_background=&#8221;#981414&#8243; custom_text=&#8221;#ffffff&#8221; shape=&#8221;square&#8221; link=&#8221;url:https%3A%2F%2Fmsf.hr%2Fen%2Fsi-kak-jen-concert%2F&#8221;][\/vc_column][\/vc_row][vc_row full_width=&#8221;stretch_row&#8221; full_height=&#8221;yes&#8221; basel_parallax=&#8221;1&#8243; css=&#8221;.vc_custom_1697702836379{padding-top: 40px !important;padding-bottom: 40px !important;background-image: url(https:\/\/msf.hr\/wp-content\/uploads\/2023\/10\/Copy-of-Untitled-Design-1.jpg?id=11716) !important;}&#8221; el_class=&#8221;vc_hidden-sm vc_hidden-xs&#8221;][vc_column width=&#8221;1\/2&#8243; offset=&#8221;vc_hidden-sm vc_hidden-xs&#8221;][vc_custom_heading text=&#8221;57 IFF &#8211; Ethno on the way&#8221; font_container=&#8221;tag:h2|font_size:25|text_align:left|color:%23ffffff&#8221; use_theme_fonts=&#8221;yes&#8221; css=&#8221;.vc_custom_1697702970696{margin-bottom: 15px !important;}&#8221;][vc_custom_heading text=&#8221;July 19, 2023, KUC Travno hall (Bo\u017eidara Magovca 17)&#8221; font_container=&#8221;tag:h4|font_size:16|text_align:left|color:%23d30101|line_height:0.2&#8243; google_fonts=&#8221;font_family:Lato%3A100%2C100italic%2C300%2C300italic%2Cregular%2Citalic%2C700%2C700italic%2C900%2C900italic|font_style:400%20regular%3A400%3Anormal&#8221; css=&#8221;.vc_custom_1697702999904{margin-bottom: 10px !important;}&#8221;][vc_column_text css=&#8221;.vc_custom_1697703016841{margin-bottom: 25px !important;}&#8221; basel_color_scheme=&#8221;light&#8221;]Zagreb Due to the bad weather that befell the city of Zagreb in July, a good part of the program of this year\u2019s International Folklore Fair Zagreb was moved from the open spaces of the city to the hall of the Travno Cultural Center. One of the events was the \u201cEthno on the Road\u201d concert by the Croatian Musical Youth. The performers were not swayed by the bad weather and held a two-hour concert in which the participants of the \u201cEthno Croatia\u201d project, led by the Croatian Music Youth (HGM), presented themselves&#8230;[\/vc_column_text][vc_btn title=&#8221;Find out more&#8221; style=&#8221;custom&#8221; custom_background=&#8221;#981414&#8243; custom_text=&#8221;#ffffff&#8221; shape=&#8221;square&#8221; link=&#8221;url:https%3A%2F%2Fmsf.hr%2Fen%2Fconcert-ethno-on-the-way%2F&#8221;][\/vc_column][vc_column width=&#8221;1\/2&#8243; css=&#8221;.vc_custom_1560509328606{padding-right: 30px !important;padding-left: 50px !important;}&#8221; offset=&#8221;vc_hidden-sm vc_hidden-xs&#8221;][\/vc_column][\/vc_row][vc_row full_width=&#8221;stretch_row&#8221; full_height=&#8221;yes&#8221; basel_parallax=&#8221;1&#8243; css=&#8221;.vc_custom_1627991816037{padding-top: 40px !important;padding-bottom: 40px !important;background-image: url(https:\/\/msf.hr\/wp-content\/uploads\/2021\/07\/w_MSF-za-web-priredbe_Nina-Kraljic.jpg?id=7253) !important;}&#8221; el_class=&#8221;vc_hidden-sm vc_hidden-xs&#8221;][vc_column width=&#8221;1\/2&#8243; offset=&#8221;vc_hidden-sm vc_hidden-xs&#8221;][\/vc_column][vc_column width=&#8221;1\/2&#8243; css=&#8221;.vc_custom_1560509328606{padding-right: 30px !important;padding-left: 50px !important;}&#8221; offset=&#8221;vc_hidden-sm vc_hidden-xs&#8221;][vc_custom_heading text=&#8221;Wednesday, July 14, 2021, 9.00 pm &#8211; Klovi\u0107evi dvori Gallery Atrium&#8221; font_container=&#8221;tag:h4|font_size:16|text_align:left|color:%23d30101|line_height:0.2&#8243; google_fonts=&#8221;font_family:Lato%3A100%2C100italic%2C300%2C300italic%2Cregular%2Citalic%2C700%2C700italic%2C900%2C900italic|font_style:400%20regular%3A400%3Anormal&#8221; css=&#8221;.vc_custom_1627991600450{margin-bottom: 10px !important;}&#8221;][vc_custom_heading text=&#8221;55th IFF &#8211; Nina Kralji\u0107 &#8211; Rijeka \u2013 Back to the roots&#8221; font_container=&#8221;tag:h2|font_size:25|text_align:left|color:%23ffffff&#8221; use_theme_fonts=&#8221;yes&#8221; css=&#8221;.vc_custom_1627991737502{margin-bottom: 15px !important;}&#8221;][vc_column_text css=&#8221;.vc_custom_1627991947919{margin-bottom: 25px !important;}&#8221; basel_color_scheme=&#8221;light&#8221;]&#8221;Alconost of Balkan&#8221; is a project that is based exclusively on the ethno of the entire Balkans with adaptations made in a completely new way. Nina Kralji\u0107 is one of the few artists of the younger generation who strives to revive, popularize and restore the lost splendor of our cultural heritage and bring it closer to a wider audience.[\/vc_column_text][vc_btn title=&#8221;Find out more&#8221; style=&#8221;custom&#8221; custom_background=&#8221;#981414&#8243; custom_text=&#8221;#ffffff&#8221; shape=&#8221;square&#8221; link=&#8221;title:54.%20IFF%20%E2%80%93%202020%20Ansambl%20gamelana%20%E2%80%93%20Java%20prije%20sna&#8221;][\/vc_column][\/vc_row][vc_row full_width=&#8221;stretch_row&#8221; full_height=&#8221;yes&#8221; basel_parallax=&#8221;1&#8243; css=&#8221;.vc_custom_1627991508706{padding-top: 40px !important;padding-bottom: 40px !important;background-image: url(https:\/\/msf.hr\/wp-content\/uploads\/2021\/07\/w_MSF-za-web-priredbe_Veja.jpg?id=7250) !important;}&#8221; el_class=&#8221;vc_hidden-sm vc_hidden-xs&#8221;][vc_column width=&#8221;1\/2&#8243; offset=&#8221;vc_hidden-sm vc_hidden-xs&#8221;][vc_custom_heading text=&#8221;Sunday, July 11, 2021., 9.00 pm &#8211; Klovi\u0107evi dvori Gallery Atrium&#8221; font_container=&#8221;tag:h4|font_size:16|text_align:left|color:%23d30101|line_height:0.2&#8243; google_fonts=&#8221;font_family:Lato%3A100%2C100italic%2C300%2C300italic%2Cregular%2Citalic%2C700%2C700italic%2C900%2C900italic|font_style:400%20regular%3A400%3Anormal&#8221; css=&#8221;.vc_custom_1627991344911{margin-bottom: 10px !important;}&#8221;][vc_custom_heading text=&#8221;55th IFF &#8211; Veja &#8211; Raznobojna Istra&#8221; font_container=&#8221;tag:h2|font_size:25|text_align:left|color:%23ffffff&#8221; use_theme_fonts=&#8221;yes&#8221; css=&#8221;.vc_custom_1627991758704{margin-bottom: 15px !important;}&#8221;][vc_column_text css=&#8221;.vc_custom_1627991474811{margin-bottom: 25px !important;}&#8221; basel_color_scheme=&#8221;light&#8221;]Ethno group Veja comes from Pazin and researches Istrian folk traditional music and performs it in more modern arrangements using various traditional instruments from around the world. Thus, in their performances, they use mih, bagpipes, kaval, violin, accordion, guitar, bass guitar and cajon, in various combinations. They draw inspiration and motivation from music that filled the lives of their ancestors by giving it new energy.[\/vc_column_text][vc_btn title=&#8221;Find out more&#8221; style=&#8221;custom&#8221; custom_background=&#8221;#981414&#8243; custom_text=&#8221;#ffffff&#8221; shape=&#8221;square&#8221; link=&#8221;title:54.%20IFF%20%E2%80%93%202020%20Lado%20Electro&#8221;][\/vc_column][vc_column width=&#8221;1\/2&#8243; css=&#8221;.vc_custom_1560509328606{padding-right: 30px !important;padding-left: 50px !important;}&#8221; offset=&#8221;vc_hidden-sm vc_hidden-xs&#8221;][\/vc_column][\/vc_row][vc_row full_width=&#8221;stretch_row&#8221; full_height=&#8221;yes&#8221; basel_parallax=&#8221;1&#8243; css=&#8221;.vc_custom_1627991219302{padding-top: 40px !important;padding-bottom: 40px !important;background-image: url(https:\/\/msf.hr\/wp-content\/uploads\/2021\/07\/w_MSF-za-web-priredbe_Traditional-Songbook.jpg?id=7247) !important;}&#8221; el_class=&#8221;vc_hidden-sm vc_hidden-xs&#8221;][vc_column width=&#8221;1\/2&#8243; offset=&#8221;vc_hidden-sm vc_hidden-xs&#8221;][\/vc_column][vc_column width=&#8221;1\/2&#8243; css=&#8221;.vc_custom_1560509328606{padding-right: 30px !important;padding-left: 50px !important;}&#8221; offset=&#8221;vc_hidden-sm vc_hidden-xs&#8221;][vc_custom_heading text=&#8221;Friday, July 9, 2021, 9.00 pm &#8211; Klovi\u0107evi dvori Gallery Atrium&#8221; font_container=&#8221;tag:h4|font_size:16|text_align:left|color:%23d30101|line_height:0.2&#8243; google_fonts=&#8221;font_family:Lato%3A100%2C100italic%2C300%2C300italic%2Cregular%2Citalic%2C700%2C700italic%2C900%2C900italic|font_style:400%20regular%3A400%3Anormal&#8221; css=&#8221;.vc_custom_1627991077640{margin-bottom: 10px !important;}&#8221;][vc_custom_heading text=&#8221;55th IFF &#8211; Duo Hojsak &amp; Novose &#8211; Traditional Songbook&#8221; font_container=&#8221;tag:h2|font_size:25|text_align:left|color:%23ffffff&#8221; use_theme_fonts=&#8221;yes&#8221; css=&#8221;.vc_custom_1627991111115{margin-bottom: 15px !important;}&#8221;][vc_column_text css=&#8221;.vc_custom_1627991167099{margin-bottom: 25px !important;}&#8221; basel_color_scheme=&#8221;light&#8221;]Two string instruments with a different tradition of playing based on Croatian traditional music, in the hands of Filip and Tihomir, bring ethno jazz with Pannonian overtones. Top improvisations filled with folk musical motifs fully reveal the reach of both instruments &#8211; tambourine and double bass.[\/vc_column_text][vc_btn title=&#8221;Find out more&#8221; style=&#8221;custom&#8221; custom_background=&#8221;#981414&#8243; custom_text=&#8221;#ffffff&#8221; shape=&#8221;square&#8221; link=&#8221;title:54.%20IFF%20%E2%80%93%202020%20Ansambl%20gamelana%20%E2%80%93%20Java%20prije%20sna&#8221;][\/vc_column][\/vc_row][vc_row full_width=&#8221;stretch_row&#8221; full_height=&#8221;yes&#8221; basel_parallax=&#8221;1&#8243; css=&#8221;.vc_custom_1627990529705{padding-top: 40px !important;padding-bottom: 40px !important;background-image: url(https:\/\/msf.hr\/wp-content\/uploads\/2021\/07\/w_MSF-za-web-priredbe_Kavaliri.jpg?id=7172) !important;}&#8221; el_class=&#8221;vc_hidden-sm vc_hidden-xs&#8221;][vc_column width=&#8221;1\/2&#8243; offset=&#8221;vc_hidden-sm vc_hidden-xs&#8221;][vc_custom_heading text=&#8221;Wednesday, July 7, 2021., 9.00 pm &#8211; Klovi\u0107evi dvori Gallery Atrium&#8221; font_container=&#8221;tag:h4|font_size:16|text_align:left|color:%23d30101|line_height:0.2&#8243; google_fonts=&#8221;font_family:Lato%3A100%2C100italic%2C300%2C300italic%2Cregular%2Citalic%2C700%2C700italic%2C900%2C900italic|font_style:400%20regular%3A400%3Anormal&#8221; css=&#8221;.vc_custom_1627990434971{margin-bottom: 10px !important;}&#8221;][vc_custom_heading text=&#8221;55th IFF &#8211; Kavaliri &#8211; Nujliep\u0161i kemau\u010dek svieto&#8221; font_container=&#8221;tag:h2|font_size:25|text_align:left|color:%23ffffff&#8221; use_theme_fonts=&#8221;yes&#8221; css=&#8221;.vc_custom_1627991386461{margin-bottom: 15px !important;}&#8221;][vc_column_text css=&#8221;.vc_custom_1627990625770{margin-bottom: 25px !important;}&#8221; basel_color_scheme=&#8221;light&#8221;]<em>Kavaliri<\/em>, a cymbal-violin ensemble from Bednja, are an excellent example of the &#8220;intangible good that lives&#8221;. Their melodies and lyrics, which to most sound old-fashioned, are actually a product of the new age. The authors of the songs, often members of the band themselves, sing about the themes to which the verses have always been dedicated: love, homeland, events from everyday life, often of a humorous nature and even socio-political events.[\/vc_column_text][vc_btn title=&#8221;Find out more&#8221; style=&#8221;custom&#8221; custom_background=&#8221;#981414&#8243; custom_text=&#8221;#ffffff&#8221; shape=&#8221;square&#8221; link=&#8221;title:54.%20IFF%20%E2%80%93%202020%20Lado%20Electro&#8221;][\/vc_column][vc_column width=&#8221;1\/2&#8243; css=&#8221;.vc_custom_1560509328606{padding-right: 30px !important;padding-left: 50px !important;}&#8221; offset=&#8221;vc_hidden-sm vc_hidden-xs&#8221;][\/vc_column][\/vc_row][vc_row full_width=&#8221;stretch_row&#8221; full_height=&#8221;yes&#8221; basel_parallax=&#8221;1&#8243; css=&#8221;.vc_custom_1627990900679{padding-top: 40px !important;padding-bottom: 40px !important;background-image: url(https:\/\/msf.hr\/wp-content\/uploads\/2021\/07\/w_MSF-za-web-priredbe_Lado.jpg?id=7169) !important;}&#8221; el_class=&#8221;vc_hidden-sm vc_hidden-xs&#8221;][vc_column width=&#8221;1\/2&#8243; offset=&#8221;vc_hidden-sm vc_hidden-xs&#8221;][\/vc_column][vc_column width=&#8221;1\/2&#8243; css=&#8221;.vc_custom_1560509328606{padding-right: 30px !important;padding-left: 50px !important;}&#8221; offset=&#8221;vc_hidden-sm vc_hidden-xs&#8221;][vc_custom_heading text=&#8221;Tuesday, July 6, 2021, 9.00 pm &#8211; Klovi\u0107evi dvori Gallery Atrium&#8221; font_container=&#8221;tag:h4|font_size:16|text_align:left|color:%23d30101|line_height:0.2&#8243; google_fonts=&#8221;font_family:Lato%3A100%2C100italic%2C300%2C300italic%2Cregular%2Citalic%2C700%2C700italic%2C900%2C900italic|font_style:400%20regular%3A400%3Anormal&#8221; css=&#8221;.vc_custom_1627990548683{margin-bottom: 10px !important;}&#8221;][vc_custom_heading text=&#8221;55th IFF &#8211; Lado &#8211; Sako leto ima nekaj novoga&#8221; font_container=&#8221;tag:h2|font_size:25|text_align:left|color:%23ffffff&#8221; use_theme_fonts=&#8221;yes&#8221; css=&#8221;.vc_custom_1627990600952{margin-bottom: 15px !important;}&#8221;][vc_column_text css=&#8221;.vc_custom_1627990767326{margin-bottom: 25px !important;}&#8221; basel_color_scheme=&#8221;light&#8221;]Programme Sako leto ima nekaj novoga, performed by the orchestra and soloists of the LADO Ensemble, seeks to present the richness and diversity of Croatian instrumental and vocal folk music and expression, as well as a diversity of traditional instruments and costumes.[\/vc_column_text][vc_btn title=&#8221;Find out more&#8221; style=&#8221;custom&#8221; custom_background=&#8221;#981414&#8243; custom_text=&#8221;#ffffff&#8221; shape=&#8221;square&#8221; link=&#8221;title:54.%20IFF%20%E2%80%93%202020%20Ansambl%20gamelana%20%E2%80%93%20Java%20prije%20sna&#8221;][\/vc_column][\/vc_row][vc_row full_width=&#8221;stretch_row&#8221; full_height=&#8221;yes&#8221; basel_parallax=&#8221;1&#8243; css=&#8221;.vc_custom_1601904184714{padding-top: 40px !important;padding-bottom: 40px !important;background-image: url(https:\/\/msf.hr\/wp-content\/uploads\/2020\/07\/1-3.png?id=5914) !important;}&#8221; el_class=&#8221;vc_hidden-sm vc_hidden-xs&#8221;][vc_column width=&#8221;1\/2&#8243; offset=&#8221;vc_hidden-sm vc_hidden-xs&#8221;][vc_custom_heading text=&#8221;Sunday, 19. 7. 2020. 9.00 pm &#8211; Klovi\u0107evi dvori Gallery Atrium&#8221; font_container=&#8221;tag:h4|font_size:16|text_align:left|color:%23d30101|line_height:0.2&#8243; google_fonts=&#8221;font_family:Lato%3A100%2C100italic%2C300%2C300italic%2Cregular%2Citalic%2C700%2C700italic%2C900%2C900italic|font_style:400%20regular%3A400%3Anormal&#8221; css=&#8221;.vc_custom_1601904210765{margin-bottom: 10px !important;}&#8221;][vc_custom_heading text=&#8221;54. IFF &#8211; 2020 Lado Electro&#8221; font_container=&#8221;tag:h2|font_size:25|text_align:left|color:%23ffffff&#8221; use_theme_fonts=&#8221;yes&#8221; css=&#8221;.vc_custom_1601904144248{margin-bottom: 15px !important;}&#8221;][vc_column_text css=&#8221;.vc_custom_1626432727460{margin-bottom: 25px !important;}&#8221; basel_color_scheme=&#8221;light&#8221;]<span style=\"color: #ffffff;\">A cooperation of Lado Ensemble with a DJ, Hrvoje Crni\u0107 Boxer and a Lado soloist, Boris Harfman resulted in LADO Electro and 2.0 Memorabilium albums where they combine electronic with traditional music.<\/span>[\/vc_column_text][vc_btn title=&#8221;Find out more&#8221; style=&#8221;custom&#8221; custom_background=&#8221;#981414&#8243; custom_text=&#8221;#ffffff&#8221; shape=&#8221;square&#8221; link=&#8221;url:https%3A%2F%2Fmsf.hr%2Fen%2F5579-2-2-9%2F|title:54.%20IFF%20%E2%80%93%202020%20Lado%20Electro||&#8221;][\/vc_column][vc_column width=&#8221;1\/2&#8243; css=&#8221;.vc_custom_1560509328606{padding-right: 30px !important;padding-left: 50px !important;}&#8221; offset=&#8221;vc_hidden-sm vc_hidden-xs&#8221;][\/vc_column][\/vc_row][vc_row full_width=&#8221;stretch_row&#8221; full_height=&#8221;yes&#8221; basel_parallax=&#8221;1&#8243; css=&#8221;.vc_custom_1601903866291{padding-top: 40px !important;padding-bottom: 40px !important;background-image: url(https:\/\/msf.hr\/wp-content\/uploads\/2020\/07\/2-4.png?id=5912) !important;}&#8221; el_class=&#8221;vc_hidden-sm vc_hidden-xs&#8221;][vc_column width=&#8221;1\/2&#8243; offset=&#8221;vc_hidden-sm vc_hidden-xs&#8221;][\/vc_column][vc_column width=&#8221;1\/2&#8243; css=&#8221;.vc_custom_1560509328606{padding-right: 30px !important;padding-left: 50px !important;}&#8221; offset=&#8221;vc_hidden-sm vc_hidden-xs&#8221;][vc_custom_heading text=&#8221;Saturday, 18. 7. 2020. 9.00 pm &#8211; Klovi\u0107evi dvori Gallery Atrium&#8221; font_container=&#8221;tag:h4|font_size:16|text_align:left|color:%23d30101|line_height:0.2&#8243; google_fonts=&#8221;font_family:Lato%3A100%2C100italic%2C300%2C300italic%2Cregular%2Citalic%2C700%2C700italic%2C900%2C900italic|font_style:400%20regular%3A400%3Anormal&#8221; css=&#8221;.vc_custom_1601903977812{margin-bottom: 10px !important;}&#8221;][vc_custom_heading text=&#8221;54. IFF &#8211; 2020 Reality Before a Dream &#8211; A Night with Gamelan&#8221; font_container=&#8221;tag:h2|font_size:25|text_align:left|color:%23ffffff&#8221; use_theme_fonts=&#8221;yes&#8221; css=&#8221;.vc_custom_1601903909313{margin-bottom: 15px !important;}&#8221;][vc_column_text css=&#8221;.vc_custom_1601903878579{margin-bottom: 25px !important;}&#8221; basel_color_scheme=&#8221;light&#8221;]&#8221;Jaman Suara&#8221; gamelan ensemble was established in 2019. on gamelan course organized in the Embassy of Indonesia in Zagreb. The ensemble had its first performances that year in cooperation with many artistic groups within the Academy of Music in Zagreb and many other.[\/vc_column_text][vc_btn title=&#8221;Find out more&#8221; style=&#8221;custom&#8221; custom_background=&#8221;#981414&#8243; custom_text=&#8221;#ffffff&#8221; shape=&#8221;square&#8221; link=&#8221;url:https%3A%2F%2Fmsf.hr%2Fen%2F5579-2-2-7-2%2F|title:54.%20IFF%20%E2%80%93%202020%20Ansambl%20gamelana%20%E2%80%93%20Java%20prije%20sna||&#8221;][\/vc_column][\/vc_row][vc_row full_width=&#8221;stretch_row&#8221; full_height=&#8221;yes&#8221; basel_parallax=&#8221;1&#8243; css=&#8221;.vc_custom_1601902689791{padding-top: 40px !important;padding-bottom: 40px !important;background-image: url(https:\/\/msf.hr\/wp-content\/uploads\/2020\/07\/2-3.png?id=5848) !important;}&#8221; el_class=&#8221;vc_hidden-sm vc_hidden-xs&#8221;][vc_column width=&#8221;1\/2&#8243; offset=&#8221;vc_hidden-sm vc_hidden-xs&#8221;][vc_custom_heading text=&#8221;Friday, 17. 7. 2020. 9.00 pm &#8211; Gradec Plateau&#8221; font_container=&#8221;tag:h4|font_size:16|text_align:left|color:%23d30101|line_height:0.2&#8243; google_fonts=&#8221;font_family:Lato%3A100%2C100italic%2C300%2C300italic%2Cregular%2Citalic%2C700%2C700italic%2C900%2C900italic|font_style:400%20regular%3A400%3Anormal&#8221; css=&#8221;.vc_custom_1601902732607{margin-bottom: 10px !important;}&#8221;][vc_custom_heading text=&#8221;54. IFF &#8211; 2020 A Century of Selja\u010dka sloga&#8221; font_container=&#8221;tag:h2|font_size:25|text_align:left|color:%23ffffff&#8221; use_theme_fonts=&#8221;yes&#8221; css=&#8221;.vc_custom_1601902827405{margin-bottom: 15px !important;}&#8221;][vc_column_text css=&#8221;.vc_custom_1601903040840{margin-bottom: 25px !important;}&#8221; basel_color_scheme=&#8221;light&#8221;]This is the evening of folklore groups derived from branches of Selja\u010dka sloga (Peasant Harmony), or groups which inherited the name Sloga and its agenda. The performers showed us their own various traditions, songs, dances, costumes and customs.[\/vc_column_text][vc_btn title=&#8221;Find out more&#8221; style=&#8221;custom&#8221; custom_background=&#8221;#981414&#8243; custom_text=&#8221;#ffffff&#8221; shape=&#8221;square&#8221; link=&#8221;url:https%3A%2F%2Fmsf.hr%2Fen%2F5579-2-2-5%2F|title:54.%20IFF%20%E2%80%93%202020%20Stolje%C4%87e%20Selja%C4%8Dke%20sloge||&#8221;][\/vc_column][vc_column width=&#8221;1\/2&#8243; css=&#8221;.vc_custom_1560509328606{padding-right: 30px !important;padding-left: 50px !important;}&#8221; offset=&#8221;vc_hidden-sm vc_hidden-xs&#8221;][\/vc_column][\/vc_row][vc_row full_width=&#8221;stretch_row&#8221; full_height=&#8221;yes&#8221; basel_parallax=&#8221;1&#8243; css=&#8221;.vc_custom_1601902573068{padding-top: 40px !important;padding-bottom: 40px !important;background-image: url(https:\/\/msf.hr\/wp-content\/uploads\/2020\/07\/Untitled-design-8.png?id=5793) !important;}&#8221; el_class=&#8221;vc_hidden-sm vc_hidden-xs&#8221;][vc_column width=&#8221;1\/2&#8243; offset=&#8221;vc_hidden-sm vc_hidden-xs&#8221;][\/vc_column][vc_column width=&#8221;1\/2&#8243; css=&#8221;.vc_custom_1560509328606{padding-right: 30px !important;padding-left: 50px !important;}&#8221; offset=&#8221;vc_hidden-sm vc_hidden-xs&#8221;][vc_custom_heading text=&#8221;Thursday, 16. 7. 2020. 9.00 pm &#8211; Cultural Centre Travno&#8221; font_container=&#8221;tag:h4|font_size:16|text_align:left|color:%23d30101|line_height:0.2&#8243; google_fonts=&#8221;font_family:Lato%3A100%2C100italic%2C300%2C300italic%2Cregular%2Citalic%2C700%2C700italic%2C900%2C900italic|font_style:400%20regular%3A400%3Anormal&#8221; css=&#8221;.vc_custom_1601902439472{margin-bottom: 10px !important;}&#8221;][vc_custom_heading text=&#8221;54. IFF &#8211; 2020 Traditional musicians and singers &#8211; Central Formal Event&#8221; font_container=&#8221;tag:h2|font_size:25|text_align:left|color:%23ffffff&#8221; use_theme_fonts=&#8221;yes&#8221; css=&#8221;.vc_custom_1601902463149{margin-bottom: 15px !important;}&#8221;][vc_column_text css=&#8221;.vc_custom_1601902376129{margin-bottom: 25px !important;}&#8221; basel_color_scheme=&#8221;light&#8221;]Traditional musicians were always the ones who initiated parties, so they were often called <em>veselnikim<\/em> (the joyful ones) in certain parts of Croatia. Central Formal Event of 54th IFF shows us a wide selection of soloist traditional musical instrument and smaller groups, with traditional singers and a few dances. This enhances the diversity and the richness of traditional sound created by traditional instruments and instrumentalists who are crucial for traditional dance.[\/vc_column_text][vc_btn title=&#8221;Find out more&#8221; style=&#8221;custom&#8221; custom_background=&#8221;#981414&#8243; custom_text=&#8221;#ffffff&#8221; shape=&#8221;square&#8221; link=&#8221;url:https%3A%2F%2Fmsf.hr%2Fen%2F5579-2-2-4-2%2F|title:54.%20IFF%20%E2%80%93%202020%20Tradicijski%20svira%C4%8Di%20i%20pjeva%C4%8Di||&#8221;][\/vc_column][\/vc_row][vc_row full_width=&#8221;stretch_row&#8221; full_height=&#8221;yes&#8221; basel_parallax=&#8221;1&#8243; css=&#8221;.vc_custom_1601901779209{padding-top: 40px !important;padding-bottom: 40px !important;background-image: url(https:\/\/msf.hr\/wp-content\/uploads\/2020\/07\/1-2.png?id=5846) !important;}&#8221; el_class=&#8221;vc_hidden-sm vc_hidden-xs&#8221;][vc_column width=&#8221;1\/2&#8243; offset=&#8221;vc_hidden-sm vc_hidden-xs&#8221;][vc_custom_heading text=&#8221;Wednesday, 15. 7. 2020. 9.00 pm &#8211; Klovi\u0107evi dvori Gallery Atrium&#8221; font_container=&#8221;tag:h4|font_size:16|text_align:left|color:%23d30101|line_height:0.2&#8243; google_fonts=&#8221;font_family:Lato%3A100%2C100italic%2C300%2C300italic%2Cregular%2Citalic%2C700%2C700italic%2C900%2C900italic|font_style:400%20regular%3A400%3Anormal&#8221; css=&#8221;.vc_custom_1601901796782{margin-bottom: 10px !important;}&#8221;][vc_custom_heading text=&#8221;54. IFF &#8211; 2020 Irish Night \/ Hint of Brasil&#8221; font_container=&#8221;tag:h2|font_size:25|text_align:left|color:%23ffffff&#8221; use_theme_fonts=&#8221;yes&#8221; css=&#8221;.vc_custom_1601901208969{margin-bottom: 15px !important;}&#8221;][vc_column_text css=&#8221;.vc_custom_1601901683904{margin-bottom: 25px !important;}&#8221; basel_color_scheme=&#8221;light&#8221;]This IFF presents Emerald Steps and Drowsy Lizards who will be performing a show presenting older and modern versions of Irish dance and music, primarily irish step. The repertoire is combined of older forms of irish step performed in a few so called\u00a0<em>feis<\/em> dances which are performed by a single dancer: <em>reel<\/em> and <em>slip jig\u00a0<\/em>in\u00a0<em>soft-shoe technique<\/em> and two traditional dances\u00a0<em>Blackbird\u00a0<\/em>and\u00a0<em>Saint Patricks&#8217; Day<\/em> in\u00a0<em>heavy-shoe technique<\/em>.<\/p>\n<p>Bossa banda quartet performs followed by exceptional Croatian musicians: Filip Pavi\u0107 on Guitar, Jelena Gili\u0107 on bass guitar and Bruna Mati\u0107 on drums. They will be enriched with the voices of Mirjana Vladi\u0107, Ana Matijevi\u0107, Zrinka Fain and Marijana Mijatovi\u0107.[\/vc_column_text][vc_btn title=&#8221;Find out more&#8221; style=&#8221;custom&#8221; custom_background=&#8221;#981414&#8243; custom_text=&#8221;#ffffff&#8221; shape=&#8221;square&#8221; link=&#8221;url:https%3A%2F%2Fmsf.hr%2Fen%2F5579-2-2-6%2F|title:54.%20IFF%20%E2%80%93%202020%20Irish%20Night%20i%20Da%C5%A1ak%20Brazila||&#8221;][\/vc_column][vc_column width=&#8221;1\/2&#8243; css=&#8221;.vc_custom_1560509328606{padding-right: 30px !important;padding-left: 50px !important;}&#8221; offset=&#8221;vc_hidden-sm vc_hidden-xs&#8221;][\/vc_column][\/vc_row][vc_row full_width=&#8221;stretch_row&#8221; full_height=&#8221;yes&#8221; basel_parallax=&#8221;1&#8243; css=&#8221;.vc_custom_1601901025217{padding-top: 40px !important;padding-bottom: 40px !important;background-image: url(https:\/\/msf.hr\/wp-content\/uploads\/2020\/07\/2-1.png?id=5791) !important;}&#8221; el_class=&#8221;vc_hidden-sm vc_hidden-xs&#8221;][vc_column width=&#8221;1\/2&#8243; offset=&#8221;vc_hidden-sm vc_hidden-xs&#8221;][\/vc_column][vc_column width=&#8221;1\/2&#8243; css=&#8221;.vc_custom_1560509328606{padding-right: 30px !important;padding-left: 50px !important;}&#8221; offset=&#8221;vc_hidden-sm vc_hidden-xs&#8221;][vc_custom_heading text=&#8221;Sunday, 12. 7. 2020. 9.00 pm &#8211; Klovi\u0107evi dvori Gallery Atrium&#8221; font_container=&#8221;tag:h4|font_size:16|text_align:left|color:%23d30101|line_height:0.2&#8243; google_fonts=&#8221;font_family:Lato%3A100%2C100italic%2C300%2C300italic%2Cregular%2Citalic%2C700%2C700italic%2C900%2C900italic|font_style:400%20regular%3A400%3Anormal&#8221; css=&#8221;.vc_custom_1601900935449{margin-bottom: 10px !important;}&#8221;][vc_custom_heading text=&#8221;54. IFF &#8211; 2020 Kak je te\u0161ko na\u0161u ljubav tajiti&#8221; font_container=&#8221;tag:h2|font_size:25|text_align:left|color:%23ffffff&#8221; use_theme_fonts=&#8221;yes&#8221; css=&#8221;.vc_custom_1601900831539{margin-bottom: 15px !important;}&#8221;][vc_column_text css=&#8221;.vc_custom_1601900814199{margin-bottom: 25px !important;}&#8221; basel_color_scheme=&#8221;light&#8221;]This vocal and instrumental concert with the name <em>Kak je te\u0161ko na\u0161u ljubav tajiti<\/em> gives a window to rich and diverse Croatian traditional musical instruments and songs performed by Lado ensemble.[\/vc_column_text][vc_btn title=&#8221;Find out more&#8221; style=&#8221;custom&#8221; custom_background=&#8221;#981414&#8243; custom_text=&#8221;#ffffff&#8221; shape=&#8221;square&#8221; link=&#8221;url:https%3A%2F%2Fmsf.hr%2F5579-2-2-3-2%2F|title:54.%20IFF%20%E2%80%93%202020%20Kak%20je%20te%C5%A1ko%20na%C5%A1u%20ljubav%20tajiti||&#8221;][\/vc_column][\/vc_row][vc_row full_width=&#8221;stretch_row&#8221; full_height=&#8221;yes&#8221; basel_parallax=&#8221;1&#8243; css=&#8221;.vc_custom_1601900103961{padding-top: 40px !important;padding-bottom: 40px !important;background-image: url(https:\/\/msf.hr\/wp-content\/uploads\/2020\/07\/1.png?id=5787) !important;}&#8221; el_class=&#8221;vc_hidden-sm vc_hidden-xs&#8221;][vc_column width=&#8221;1\/2&#8243; offset=&#8221;vc_hidden-sm vc_hidden-xs&#8221;][vc_custom_heading text=&#8221;Friday, 10. 7. 2020. 9.00 pm &#8211; Klovi\u0107evi dvori Gallery Atrium&#8221; font_container=&#8221;tag:h4|font_size:16|text_align:left|color:%23d30101|line_height:0.2&#8243; google_fonts=&#8221;font_family:Lato%3A100%2C100italic%2C300%2C300italic%2Cregular%2Citalic%2C700%2C700italic%2C900%2C900italic|font_style:400%20regular%3A400%3Anormal&#8221; css=&#8221;.vc_custom_1601899920352{margin-bottom: 10px !important;}&#8221;][vc_custom_heading text=&#8221;54. IFF &#8211; 2020 Signature traditional music&#8221; font_container=&#8221;tag:h2|font_size:25|text_align:left|color:%23ffffff&#8221; use_theme_fonts=&#8221;yes&#8221; css=&#8221;.vc_custom_1601899936983{margin-bottom: 15px !important;}&#8221;][vc_column_text css=&#8221;.vc_custom_1601899773123{margin-bottom: 25px !important;}&#8221; basel_color_scheme=&#8221;light&#8221;]&#8221;The voice shows us the soul, passion and desires&#8221;. These are the word Zrinka lives by and\u00a0 she has proven it many times.This exceptionally talented musician, singer, writer, poet and vocal coach holds concerts of the most beautiful traditional songs, melodies and verses, with a combination of her own compositions inspired by traditional music.[\/vc_column_text][vc_btn title=&#8221;Find out more&#8221; style=&#8221;custom&#8221; custom_background=&#8221;#981414&#8243; custom_text=&#8221;#ffffff&#8221; shape=&#8221;square&#8221; link=&#8221;url:https%3A%2F%2Fmsf.hr%2Fen%2F5579-2-2-2%2F|title:54.%20IFF%20%E2%80%93%202020%20Zrinka%20Posavec||&#8221;][\/vc_column][vc_column width=&#8221;1\/2&#8243; css=&#8221;.vc_custom_1560509328606{padding-right: 30px !important;padding-left: 50px !important;}&#8221; offset=&#8221;vc_hidden-sm vc_hidden-xs&#8221;][\/vc_column][\/vc_row][vc_row full_width=&#8221;stretch_row&#8221; full_height=&#8221;yes&#8221; basel_parallax=&#8221;1&#8243; css=&#8221;.vc_custom_1601900330151{padding-top: 40px !important;padding-bottom: 40px !important;background-image: url(https:\/\/msf.hr\/wp-content\/uploads\/2020\/07\/2.png?id=5789) !important;}&#8221; el_class=&#8221;vc_hidden-sm vc_hidden-xs&#8221;][vc_column width=&#8221;1\/2&#8243; offset=&#8221;vc_hidden-sm vc_hidden-xs&#8221;][\/vc_column][vc_column width=&#8221;1\/2&#8243; css=&#8221;.vc_custom_1560509328606{padding-right: 30px !important;padding-left: 50px !important;}&#8221; offset=&#8221;vc_hidden-sm vc_hidden-xs&#8221;][vc_custom_heading text=&#8221;Thursday, 9. 7. 2020. 9.00 pm &#8211; Klovi\u0107evi dvori Gallery Atrium&#8221; font_container=&#8221;tag:h4|font_size:16|text_align:left|color:%23d30101|line_height:0.2&#8243; google_fonts=&#8221;font_family:Lato%3A100%2C100italic%2C300%2C300italic%2Cregular%2Citalic%2C700%2C700italic%2C900%2C900italic|font_style:400%20regular%3A400%3Anormal&#8221; css=&#8221;.vc_custom_1601900235564{margin-bottom: 10px !important;}&#8221;][vc_custom_heading text=&#8221;54. IFF &#8211; 2020 Afro-caribbien folklore with Cubismo&#8221; font_container=&#8221;tag:h2|font_size:25|text_align:left|color:%23ffffff&#8221; use_theme_fonts=&#8221;yes&#8221; css=&#8221;.vc_custom_1601900267243{margin-bottom: 15px !important;}&#8221;][vc_column_text css=&#8221;.vc_custom_1601900287986{margin-bottom: 25px !important;}&#8221; basel_color_scheme=&#8221;light&#8221;]Cubismo is a band that plays energetic dance music based on afro-cubano rythms, but in their own distinctive and recognizable style which is not defined by stylistic determinants. The band cherishes improvisation based on jazz beyond comlex compositions. Band members come from Croatia, Venezuela and Cuba. Cubismo is the most famous band that plays this type of music in this region and has been on the stage for 25 years with most of original cast. By now they have released over a dozen CD-s and albums.[\/vc_column_text][vc_btn title=&#8221;Find out more&#8221; style=&#8221;custom&#8221; custom_background=&#8221;#981414&#8243; custom_text=&#8221;#ffffff&#8221; shape=&#8221;square&#8221; link=&#8221;url:https%3A%2F%2Fmsf.hr%2Fen%2F5579-2-2%2F|title:54.%20IFF%20%E2%80%93%202020%20Cubismo||&#8221;][\/vc_column][\/vc_row][vc_row full_width=&#8221;stretch_row&#8221; full_height=&#8221;yes&#8221; basel_parallax=&#8221;1&#8243; css=&#8221;.vc_custom_1601897776701{padding-top: 40px !important;padding-bottom: 40px !important;background-image: url(https:\/\/msf.hr\/wp-content\/uploads\/2020\/07\/Untitled-design-6.png?id=5608) !important;}&#8221; el_class=&#8221;vc_hidden-sm vc_hidden-xs&#8221;][vc_column width=&#8221;1\/2&#8243; offset=&#8221;vc_hidden-sm vc_hidden-xs&#8221;][vc_custom_heading text=&#8221;Monday, 6. 7. 2020., 9.00 pm, Klovi\u0107evi Dvori Gallery Atrium, Jezuitski trg 4&#8243; font_container=&#8221;tag:h4|font_size:16|text_align:left|color:%23d30101|line_height:0.2&#8243; google_fonts=&#8221;font_family:Lato%3A100%2C100italic%2C300%2C300italic%2Cregular%2Citalic%2C700%2C700italic%2C900%2C900italic|font_style:400%20regular%3A400%3Anormal&#8221; css=&#8221;.vc_custom_1601897543557{margin-bottom: 10px !important;}&#8221;][vc_custom_heading text=&#8221;54. IFF &#8211; 2020 Fado&#8221; font_container=&#8221;tag:h2|font_size:25|text_align:left|color:%23ffffff&#8221; use_theme_fonts=&#8221;yes&#8221; css=&#8221;.vc_custom_1601897571583{margin-bottom: 15px !important;}&#8221;][vc_column_text css=&#8221;.vc_custom_1601897589562{margin-bottom: 25px !important;}&#8221; basel_color_scheme=&#8221;light&#8221;]Fado concert interpreted by vocalist Jelena Radan and Pedro Abreu, a guitarist from Madeira, <em>talks<\/em> about lust and unfulfilled desires &#8211; about\u00a0<em>suadade<\/em>, about the great Amalia Rodrigues and the Portugese people. What is it in fado that cannot make us indifferent to it, if the fadist performs it correctly? <em>Suadade\u00a0<\/em>is that feeling of gloomines, lust, painful emptiness of unfulfilled desires, but also a longing, pride and constant search.[\/vc_column_text][vc_btn title=&#8221;Find out more&#8221; style=&#8221;custom&#8221; custom_background=&#8221;#981414&#8243; custom_text=&#8221;#ffffff&#8221; shape=&#8221;square&#8221; link=&#8221;url:https%3A%2F%2Fmsf.hr%2Fen%2F5579-2%2F|title:54.%20IFF%20%E2%80%93%202020%20%E2%80%9CFado%E2%80%9D||&#8221;][\/vc_column][vc_column width=&#8221;1\/2&#8243; css=&#8221;.vc_custom_1560509328606{padding-right: 30px !important;padding-left: 50px !important;}&#8221; offset=&#8221;vc_hidden-sm vc_hidden-xs&#8221;][\/vc_column][\/vc_row][vc_row full_width=&#8221;stretch_row&#8221; full_height=&#8221;yes&#8221; basel_parallax=&#8221;1&#8243; css=&#8221;.vc_custom_1565350480405{padding-top: 40px !important;padding-bottom: 40px !important;background-image: url(https:\/\/msf.hr\/wp-content\/uploads\/2019\/08\/Tradicijska-glazbala-Gorskog-kotara.jpg?id=4787) !important;}&#8221; el_class=&#8221;vc_hidden-sm vc_hidden-xs&#8221;][vc_column width=&#8221;1\/2&#8243; offset=&#8221;vc_hidden-sm vc_hidden-xs&#8221;][\/vc_column][vc_column width=&#8221;1\/2&#8243; css=&#8221;.vc_custom_1560509328606{padding-right: 30px !important;padding-left: 50px !important;}&#8221; offset=&#8221;vc_hidden-sm vc_hidden-xs&#8221;][vc_custom_heading text=&#8221;Saturday, 20. 7. 2019. u 21.00 &#8211; Gradec stage&#8221; font_container=&#8221;tag:h4|font_size:16|text_align:left|color:%23d30101|line_height:0.2&#8243; google_fonts=&#8221;font_family:Lato%3A100%2C100italic%2C300%2C300italic%2Cregular%2Citalic%2C700%2C700italic%2C900%2C900italic|font_style:400%20regular%3A400%3Anormal&#8221; css=&#8221;.vc_custom_1565350421005{margin-bottom: 10px !important;}&#8221;][vc_custom_heading text=&#8221;53.IFF &#8211; 2019 Traditional instruments of Gorski Kotar, Istria and Kvarner&#8221; font_container=&#8221;tag:h2|font_size:25|text_align:left|color:%23ffffff&#8221; use_theme_fonts=&#8221;yes&#8221; css=&#8221;.vc_custom_1565350440174{margin-bottom: 15px !important;}&#8221;][vc_column_text css=&#8221;.vc_custom_1565350457906{margin-bottom: 25px !important;}&#8221; basel_color_scheme=&#8221;light&#8221;]In line with the main theme of the Festival, and with Rijeka being declared the European Capital of Culture in 2020, this relatively short, 30-minute concert on the main festival stage, Gradec, will highlight the diversity and sound richness that the traditional instruments of Gorski Kotar, Istria and Kvarner artistically create. We will see performances of groups who also take part in the thematic programme <em>Via<\/em> <em>the Karolina and Lujzijana historical roads to Rijeka <\/em>(members of Folklore Groups from Barban, Gali\u017eana, Jelenje and Poljica), and individual artists, players of traditional instruments.[\/vc_column_text][vc_btn title=&#8221;Find out more&#8221; style=&#8221;custom&#8221; custom_background=&#8221;#981414&#8243; custom_text=&#8221;#ffffff&#8221; shape=&#8221;square&#8221; link=&#8221;url:%2Ftraditional-instruments-of-gorski-kotar-istria-and-kvarner%2F|||&#8221;][\/vc_column][\/vc_row][vc_row full_width=&#8221;stretch_row&#8221; full_height=&#8221;yes&#8221; basel_parallax=&#8221;1&#8243; css=&#8221;.vc_custom_1564061557945{padding-top: 40px !important;padding-bottom: 40px !important;background-image: url(https:\/\/msf.hr\/wp-content\/uploads\/2019\/07\/Spoj-jazza-i-istarske-tradicije.jpg?id=4643) !important;}&#8221; el_class=&#8221;vc_hidden-sm vc_hidden-xs&#8221;][vc_column width=&#8221;1\/2&#8243; css=&#8221;.vc_custom_1560509317920{padding-right: 50px !important;padding-left: 20px !important;}&#8221; offset=&#8221;vc_hidden-sm vc_hidden-xs&#8221;][vc_custom_heading text=&#8221;Sunday, 14. 7. 2019., 21 sat, Klovi\u0107evi Dvori Gallery Atrium, Jezuitski trg 4&#8243; font_container=&#8221;tag:h4|font_size:16|text_align:left|color:%23d30101|line_height:0.2&#8243; google_fonts=&#8221;font_family:Lato%3A100%2C100italic%2C300%2C300italic%2Cregular%2Citalic%2C700%2C700italic%2C900%2C900italic|font_style:400%20regular%3A400%3Anormal&#8221; css=&#8221;.vc_custom_1564059343914{margin-bottom: 10px !important;}&#8221;][vc_custom_heading text=&#8221;53.IFF &#8211; 2019 \u201cFusion of jazz and Istrian tradition\u201d&#8221; font_container=&#8221;tag:h2|font_size:25|text_align:left|color:%23ffffff&#8221; use_theme_fonts=&#8221;yes&#8221; css=&#8221;.vc_custom_1564059354839{margin-bottom: 15px !important;}&#8221;][vc_column_text css=&#8221;.vc_custom_1564059375512{margin-bottom: 25px !important;}&#8221; basel_color_scheme=&#8221;light&#8221;]Interpreting Tamara\u2019s unique music, exceptional musicians from her international Transhistria Ensemble skilfully and naturally fuse contemporary jazz with elements of Istrian and Mediterranean music, creating an incredible ease of expression, characteristic only of the greatest of artists. This outstanding group is famous for its amazing alchemy and almost telepathic understanding among musicians. Their performances are rich in spontaneity, innovative improvisations, freedom, humour and powerful communicativeness&#8230;[\/vc_column_text][vc_btn title=&#8221;Find out more&#8221; style=&#8221;custom&#8221; custom_background=&#8221;#981414&#8243; custom_text=&#8221;#ffffff&#8221; shape=&#8221;square&#8221; link=&#8221;url:https%3A%2F%2Fmsf.hr%2Fen%2F53-iff-2019-fusion-of-jazz-and-istrian-tradition%2F|||&#8221;][\/vc_column][vc_column width=&#8221;1\/2&#8243; offset=&#8221;vc_hidden-sm vc_hidden-xs&#8221;][\/vc_column][\/vc_row][vc_row full_width=&#8221;stretch_row&#8221; full_height=&#8221;yes&#8221; basel_parallax=&#8221;1&#8243; css=&#8221;.vc_custom_1564061597129{padding-top: 40px !important;padding-bottom: 40px !important;background-image: url(https:\/\/msf.hr\/wp-content\/uploads\/2019\/07\/Sevdalinka_pozadina.jpg?id=4666) !important;}&#8221; el_class=&#8221;vc_hidden-sm vc_hidden-xs&#8221;][vc_column width=&#8221;1\/2&#8243; offset=&#8221;vc_hidden-sm vc_hidden-xs&#8221;][\/vc_column][vc_column width=&#8221;1\/2&#8243; css=&#8221;.vc_custom_1560509328606{padding-right: 30px !important;padding-left: 50px !important;}&#8221; offset=&#8221;vc_hidden-sm vc_hidden-xs&#8221;][vc_custom_heading text=&#8221;Tuesday, 16. 7. 2019., 21.00 sat, Klovi\u0107evi Dvori Gallery Atrium, Jezuitski trg 4&#8243; font_container=&#8221;tag:h4|font_size:16|text_align:left|color:%23d30101|line_height:0.2&#8243; google_fonts=&#8221;font_family:Lato%3A100%2C100italic%2C300%2C300italic%2Cregular%2Citalic%2C700%2C700italic%2C900%2C900italic|font_style:400%20regular%3A400%3Anormal&#8221; css=&#8221;.vc_custom_1564061627095{margin-bottom: 10px !important;}&#8221;][vc_custom_heading text=&#8221;53.IFF &#8211; 2019 \u201cSevdalinka\u201d&#8221; font_container=&#8221;tag:h2|font_size:25|text_align:left|color:%23ffffff&#8221; use_theme_fonts=&#8221;yes&#8221; css=&#8221;.vc_custom_1564061644646{margin-bottom: 15px !important;}&#8221;][vc_column_text css=&#8221;.vc_custom_1564061664813{margin-bottom: 25px !important;}&#8221; basel_color_scheme=&#8221;light&#8221;]Damir Imamovi\u0107 is one of the most significant performers of <em>sevdah<\/em> today, introducing a new artistic spirit in the traditional folk music of Bosnia and Herzegovina. His appearance on the music scene in 2005 generated a new wave of interest in <em>sevdah<\/em> and introduced a new way of looking at the genre. He was named &#8216;a true sevdah revolutionary&#8217; (sevdalinkas.com), &#8216;the new direction in Bosnian sevdah&#8217; (fRoots), even \u2018the king of Sevdah music\u2019 (The Huffington Post)&#8230;[\/vc_column_text][vc_btn title=&#8221;Find out more&#8221; style=&#8221;custom&#8221; custom_background=&#8221;#981414&#8243; custom_text=&#8221;#ffffff&#8221; shape=&#8221;square&#8221; link=&#8221;url:https%3A%2F%2Fmsf.hr%2Fen%2F53-iff-2019-sevdalinka%2F|||&#8221;][\/vc_column][\/vc_row][vc_row full_width=&#8221;stretch_row&#8221; full_height=&#8221;yes&#8221; basel_parallax=&#8221;1&#8243; css=&#8221;.vc_custom_1564051721563{padding-top: 40px !important;padding-bottom: 40px !important;background-image: url(https:\/\/msf.hr\/wp-content\/uploads\/2019\/07\/53msf_etno_concert.jpg?id=4583) !important;}&#8221; el_class=&#8221;vc_hidden-sm vc_hidden-xs&#8221;][vc_column width=&#8221;1\/2&#8243; css=&#8221;.vc_custom_1560509317920{padding-right: 50px !important;padding-left: 20px !important;}&#8221; offset=&#8221;vc_hidden-sm vc_hidden-xs&#8221;][vc_custom_heading text=&#8221;Ban Jelacic Square, Wednesday, 17. 7. 2019., 20.00&#8243; font_container=&#8221;tag:h4|font_size:16|text_align:left|color:%23d30101|line_height:0.2&#8243; google_fonts=&#8221;font_family:Lato%3A100%2C100italic%2C300%2C300italic%2Cregular%2Citalic%2C700%2C700italic%2C900%2C900italic|font_style:400%20regular%3A400%3Anormal&#8221; css=&#8221;.vc_custom_1564055106921{margin-bottom: 10px !important;}&#8221;][vc_custom_heading text=&#8221;53.IFF &#8211; 2019 \u201cEthno on the road in Croatia\u201d&#8221; font_container=&#8221;tag:h2|font_size:25|text_align:left|color:%23ffffff&#8221; use_theme_fonts=&#8221;yes&#8221; css=&#8221;.vc_custom_1564051746726{margin-bottom: 15px !important;}&#8221;][vc_column_text css=&#8221;.vc_custom_1564051767143{margin-bottom: 25px !important;}&#8221; basel_color_scheme=&#8221;light&#8221;]Ethno Croatia is a project realized by Jeunesses Musicales Croatia, a member of Jeunesses Musicales International (JMI), which stimulates the youth to learn about traditional music from one another and deepen their knowledge of their own traditional music culture. The project also encourages the participants to learn about the legacy of other cultures whose heirs participate in this international camp, with the help of mentors. By gathering knowledge about the musical traditions of others, young people learn about equality, tolerance and democracy.<\/p>\n<p>Ethno Croatia will bring together young musicians from all around the world from 9<sup>th<\/sup> to 19<sup>th<\/sup> July 2019, at the International Cultural Center of Jeunesses Musicales Croatia in the beautiful Istrian town of Gro\u017enjan, recognized as a JMI World Meeting Center. They will socialize and learn from each other about the music of the countries they come from. The camp will gather young musicians from Belgium, Denmark, Croatia, Sweden, Estonia, Zimbabwe, Spain, Finland, Jordan, Chile, England and more.<\/p>\n<p>Ethno Croatia is proud to present this year\u2019s artistic leaders, the outstanding and experienced musicians who will teach the participants and assist them in learning, arranging and creating music.[\/vc_column_text][vc_btn title=&#8221;Find out more&#8221; style=&#8221;custom&#8221; custom_background=&#8221;#981414&#8243; custom_text=&#8221;#ffffff&#8221; shape=&#8221;square&#8221; link=&#8221;url:https%3A%2F%2Fmsf.hr%2Fen%2F53-iff-2019-ethno-on-the-road-in-croatia%2F|||&#8221;][\/vc_column][vc_column width=&#8221;1\/2&#8243; offset=&#8221;vc_hidden-sm vc_hidden-xs&#8221;][\/vc_column][\/vc_row][vc_row full_width=&#8221;stretch_row&#8221; full_height=&#8221;yes&#8221; basel_parallax=&#8221;1&#8243; css=&#8221;.vc_custom_1560847129799{padding-top: 40px !important;padding-bottom: 40px !important;background-image: url(https:\/\/msf.hr\/wp-content\/uploads\/2019\/06\/ARHIVA-MSF.jpg?id=2648) !important;}&#8221; el_class=&#8221;vc_hidden-sm vc_hidden-xs&#8221;][vc_column width=&#8221;1\/2&#8243; offset=&#8221;vc_hidden-sm vc_hidden-xs&#8221;][\/vc_column][vc_column width=&#8221;1\/2&#8243; css=&#8221;.vc_custom_1560509328606{padding-right: 30px !important;padding-left: 50px !important;}&#8221; offset=&#8221;vc_hidden-sm vc_hidden-xs&#8221;][vc_custom_heading text=&#8221;Ban Jelacic Square, Wednesday, 20. 7. 2018. at 20.00&#8243; font_container=&#8221;tag:h4|font_size:16|text_align:left|color:%23d30101|line_height:0.2&#8243; google_fonts=&#8221;font_family:Lato%3A100%2C100italic%2C300%2C300italic%2Cregular%2Citalic%2C700%2C700italic%2C900%2C900italic|font_style:400%20regular%3A400%3Anormal&#8221; css=&#8221;.vc_custom_1561381885804{margin-bottom: 10px !important;}&#8221;][vc_custom_heading text=&#8221;52.IFF &#8211; 2018 \u201cEthno on the road in Croatia\u201d&#8221; font_container=&#8221;tag:h2|font_size:25|text_align:left|color:%23ffffff&#8221; use_theme_fonts=&#8221;yes&#8221; css=&#8221;.vc_custom_1561381900610{margin-bottom: 15px !important;}&#8221;][vc_column_text css=&#8221;.vc_custom_1561381938083{margin-bottom: 25px !important;}&#8221; basel_color_scheme=&#8221;light&#8221;]<\/p>\n<p align=\"justify\">\u201c<em>Ethno Croatia<\/em>&#8221; is a Jeunesses Musicales International (JMI) project through which young people learn about traditional music from each other and with the help of mentors and deepen their knowledge about their own musical traditions, as well as the legacy of other cultures whose heirs participate in this international camp. Through learning about the musics of others, these young people also learn about equality, tolerance and democracy.<\/p>\n<p align=\"justify\"><em>Ethno Croatia<\/em>\u00a0will, in the period from July 9 to July 20, 2018, gather young musicians from all around the world at International Cultural Centre Jeunesses Musicales Croatia in Gro\u017enjan, where they socialize and learn from each other about the music from the countries they come from. This year, the camp feature musicians from 8 countries: Sweden, Estonia, Belgium, Italy, Germany, Algeria, Croatia and Portugal.<\/p>\n<p>[\/vc_column_text][vc_btn title=&#8221;Find out more&#8221; style=&#8221;custom&#8221; custom_background=&#8221;#981414&#8243; custom_text=&#8221;#ffffff&#8221; shape=&#8221;square&#8221; link=&#8221;url:%2Fen%2F52-iff-2018-ethno-on-the-road-in-croatia%2F|||&#8221;][\/vc_column][\/vc_row][vc_row full_width=&#8221;stretch_row&#8221; full_height=&#8221;yes&#8221; basel_parallax=&#8221;1&#8243; css=&#8221;.vc_custom_1560847278317{padding-top: 40px !important;padding-bottom: 40px !important;background-image: url(https:\/\/msf.hr\/wp-content\/uploads\/2019\/06\/etnokoncert2.jpg?id=2650) !important;}&#8221; el_class=&#8221;vc_hidden-sm vc_hidden-xs&#8221;][vc_column width=&#8221;1\/2&#8243; css=&#8221;.vc_custom_1560509317920{padding-right: 50px !important;padding-left: 20px !important;}&#8221; offset=&#8221;vc_hidden-sm vc_hidden-xs&#8221;][vc_custom_heading text=&#8221;Ban Jelacic Square, Wednesday, 19. 7. 2017. at 20.00&#8243; font_container=&#8221;tag:h4|font_size:16|text_align:left|color:%23d30101|line_height:0.2&#8243; google_fonts=&#8221;font_family:Lato%3A100%2C100italic%2C300%2C300italic%2Cregular%2Citalic%2C700%2C700italic%2C900%2C900italic|font_style:400%20regular%3A400%3Anormal&#8221; css=&#8221;.vc_custom_1561382009576{margin-bottom: 10px !important;}&#8221;][vc_custom_heading text=&#8221;51.IFF &#8211; 2017 \u201cEthno on the road in Croatia\u201d&#8221; font_container=&#8221;tag:h2|font_size:25|text_align:left|color:%23ffffff&#8221; use_theme_fonts=&#8221;yes&#8221; css=&#8221;.vc_custom_1561382030873{margin-bottom: 15px !important;}&#8221;][vc_column_text css=&#8221;.vc_custom_1561382081242{margin-bottom: 25px !important;}&#8221; basel_color_scheme=&#8221;light&#8221;]Ethno Croatia, \u00a0is a project of the Jeunesses Musicales International (JMI) which encourages young people to educate each other about traditional music and, with the help of mentors, broaden and deepen their knowledge of their own musical culture, as well as the legacy of other cultures whose heirs are taking part in this international camp. Through learning about the musical traditions of others, young participants are gaining knowledge about equality, tolerance and democracy. In the period from July 9th to July 19 th 2017, Ethno Croatia brings young musicians together at the International Cultural Center of JMC in Gro\u017enjan. Young people from all over the world (Belgium, Denmark, Croatia, Sweden, Estonia, Zimbabwe, Spain, Finland, Jordan, Chile, England etc.) spend time with each other and learn about the music of the countries they hail from. After partaking in workshops filled with music, dancing and socializing, the participants leave the picturesque Gro\u017enjan and go on the Ethno on the Road tour. This year\u2019s tour includes several Croatian towns (Gro\u017enjan, Gornja Stubica, Slavonski Brod and Zagreb) and two festivals: Jazz is Back \u2013 BP 2017 in Gro\u017enjan and the 51st International Folklore Festival in the Croatian capital \u2013 Zagreb.[\/vc_column_text][vc_btn title=&#8221;Find out more&#8221; style=&#8221;custom&#8221; custom_background=&#8221;#981414&#8243; custom_text=&#8221;#ffffff&#8221; shape=&#8221;square&#8221; link=&#8221;url:%2Fen%2F51-iff-2017-ethno-on-the-road-in-croatia%2F|||&#8221;][\/vc_column][vc_column width=&#8221;1\/2&#8243; offset=&#8221;vc_hidden-sm vc_hidden-xs&#8221;][\/vc_column][\/vc_row][vc_row full_width=&#8221;stretch_row&#8221; full_height=&#8221;yes&#8221; basel_parallax=&#8221;1&#8243; css=&#8221;.vc_custom_1560847523806{padding-top: 40px !important;padding-bottom: 40px !important;background-image: url(https:\/\/msf.hr\/wp-content\/uploads\/2019\/06\/etnokoncert3.jpg?id=2651) !important;}&#8221; el_class=&#8221;vc_hidden-sm vc_hidden-xs&#8221;][vc_column width=&#8221;1\/2&#8243; offset=&#8221;vc_hidden-sm vc_hidden-xs&#8221;][\/vc_column][vc_column width=&#8221;1\/2&#8243; css=&#8221;.vc_custom_1560509306353{padding-right: 30px !important;padding-left: 50px !important;}&#8221; offset=&#8221;vc_hidden-sm vc_hidden-xs&#8221;][vc_custom_heading text=&#8221;Ban Jelacic Square, Wednesday, 20. 7. 2016. at 20.00&#8243; font_container=&#8221;tag:h4|font_size:16|text_align:left|color:%23d30101|line_height:0.2&#8243; google_fonts=&#8221;font_family:Lato%3A100%2C100italic%2C300%2C300italic%2Cregular%2Citalic%2C700%2C700italic%2C900%2C900italic|font_style:400%20regular%3A400%3Anormal&#8221; css=&#8221;.vc_custom_1561551014347{margin-bottom: 10px !important;}&#8221;][vc_custom_heading text=&#8221;50.IFF &#8211; 2016 \u201cEthno on the road in Croatia\u201d&#8221; font_container=&#8221;tag:h2|font_size:25|text_align:left|color:%23ffffff&#8221; use_theme_fonts=&#8221;yes&#8221; css=&#8221;.vc_custom_1561551056858{margin-bottom: 15px !important;}&#8221;][vc_column_text css=&#8221;.vc_custom_1561551039751{margin-bottom: 25px !important;}&#8221; basel_color_scheme=&#8221;light&#8221;]<span class=\"dropcap normal\">Et<\/span><em>hno<\/em>\u00a0on the road in Croatia\u201d has been realised for some years already by the International Folklore Festival in co-operation with the summer ethno-music camp Ethno Croatia for young people in Gro\u017enjan, as a segment of the Jeunesses Musicales International network of similar camps in Africa, Australia and Europe. The fundamental idea of the camps is the exchange of experiences and knowledge of music through mutual learning and teaching between young musicians from various countries. Each participant prepares two traditional songs or two dances from their own culture, which they then teach to the other participants during the camp\u2019s duration. Deepening their knowledge of their own and other musics, young people also learn about the value of equality and tolerance between peoples and nations.<\/p>\n<p>Ethno Croatia 2016. includes musicians from Croatia, Serbia, Estonia, Germany, Dennmark, Ireland, England and Australia. They are conducted by Maise Greenwood, violinist from UK, and Swedish musician, producer and music pedagogue Allan Skrobe.[\/vc_column_text][vc_btn title=&#8221;Find out more&#8221; style=&#8221;custom&#8221; custom_background=&#8221;#981414&#8243; custom_text=&#8221;#ffffff&#8221; shape=&#8221;square&#8221; link=&#8221;url:%2Fen%2F50-iff-2016-ethno-on-the-road-in-croatia%2F|||&#8221;][\/vc_column][\/vc_row][vc_row full_width=&#8221;stretch_row&#8221; full_height=&#8221;yes&#8221; basel_parallax=&#8221;1&#8243; css=&#8221;.vc_custom_1560847743909{padding-top: 40px !important;padding-bottom: 40px !important;background-image: url(https:\/\/msf.hr\/wp-content\/uploads\/2019\/06\/etnokoncert4.jpg?id=2653) !important;}&#8221; el_class=&#8221;vc_hidden-sm vc_hidden-xs&#8221;][vc_column width=&#8221;1\/2&#8243; css=&#8221;.vc_custom_1560509300340{padding-right: 50px !important;padding-left: 20px !important;}&#8221; offset=&#8221;vc_hidden-sm vc_hidden-xs&#8221;][vc_custom_heading text=&#8221;Zagreb Cance Center, Ilica 10, Thursday, 21. 7. 2016. at 21.00&#8243; font_container=&#8221;tag:h4|font_size:16|text_align:left|color:%23d30101|line_height:0.2&#8243; google_fonts=&#8221;font_family:Lato%3A100%2C100italic%2C300%2C300italic%2Cregular%2Citalic%2C700%2C700italic%2C900%2C900italic|font_style:400%20regular%3A400%3Anormal&#8221; css=&#8221;.vc_custom_1561551079845{margin-bottom: 10px !important;}&#8221;][vc_custom_heading text=&#8221;50.IFF &#8211; 2016 Indonesian and Shrilankan traditional music concert&#8221; font_container=&#8221;tag:h2|font_size:25|text_align:left|color:%23ffffff|line_height:1.1&#8243; use_theme_fonts=&#8221;yes&#8221; css=&#8221;.vc_custom_1561551100833{margin-bottom: 15px !important;}&#8221;][vc_column_text css=&#8221;.vc_custom_1561551119353{margin-bottom: 25px !important;}&#8221; basel_color_scheme=&#8221;light&#8221;]<span class=\"dropcap normal\">T<\/span>hanks to refinement of their music and dance traditions, along with cultural, language, ethnic and religious diversity of communities that inherit them, two island countries in South and South East Asia \u2014 Sri Lanka and Indonesia \u2014 have been for centuries the object of fascination of the Western world. Long-standing exchanges with Europe and other parts of the world, although under the colonial relationships, the differences in work and life from one island to another, and between rural and urban environments, have also contributed to cultural diversity. Today, however, due to growing social networking, compression of time and space, migration, travel and social alliances created out of shared affi nities, we witness the process of commuting the former distant, far-off cultural practices into our own immediate experiences. Musics that ring in the imagination the ocean and wave the tea plantations have been thus anchored elsewhere, including Slovenia and Croatia, Ljubljana and Zagreb.[\/vc_column_text][vc_btn title=&#8221;Find out more&#8221; style=&#8221;custom&#8221; custom_background=&#8221;#981414&#8243; custom_text=&#8221;#ffffff&#8221; shape=&#8221;square&#8221; link=&#8221;url:%2Fen%2F50-iff-2016-ethno-on-the-road-in-croatia%2F|||&#8221;][\/vc_column][vc_column width=&#8221;1\/2&#8243; offset=&#8221;vc_hidden-sm vc_hidden-xs&#8221;][\/vc_column][\/vc_row][vc_row full_width=&#8221;stretch_row&#8221; full_height=&#8221;yes&#8221; basel_parallax=&#8221;1&#8243; css=&#8221;.vc_custom_1560847917234{padding-top: 40px !important;padding-bottom: 40px !important;background-image: url(https:\/\/msf.hr\/wp-content\/uploads\/2019\/06\/etnokoncert5.jpg?id=2656) !important;}&#8221; el_class=&#8221;vc_hidden-sm vc_hidden-xs&#8221;][vc_column width=&#8221;1\/2&#8243; offset=&#8221;vc_hidden-sm vc_hidden-xs&#8221;][\/vc_column][vc_column width=&#8221;1\/2&#8243; css=&#8221;.vc_custom_1560509283891{padding-right: 30px !important;padding-left: 50px !important;}&#8221; offset=&#8221;vc_hidden-sm vc_hidden-xs&#8221;][vc_custom_heading text=&#8221;Ban Jelacic Square, Wednesday, 15th July 2015 at 20.00&#8243; font_container=&#8221;tag:h4|font_size:16|text_align:left|color:%23d30101|line_height:0.2&#8243; google_fonts=&#8221;font_family:Lato%3A100%2C100italic%2C300%2C300italic%2Cregular%2Citalic%2C700%2C700italic%2C900%2C900italic|font_style:400%20regular%3A400%3Anormal&#8221; css=&#8221;.vc_custom_1561551155316{margin-bottom: 10px !important;}&#8221;][vc_custom_heading text=&#8221;49TH IFF &#8211; 2015 \u201cEthno on the road in Croatia\u201d&#8221; font_container=&#8221;tag:h2|font_size:25|text_align:left|color:%23ffffff&#8221; use_theme_fonts=&#8221;yes&#8221; css=&#8221;.vc_custom_1561551139599{margin-bottom: 15px !important;}&#8221;][vc_column_text css=&#8221;.vc_custom_1561551174365{margin-bottom: 25px !important;}&#8221; basel_color_scheme=&#8221;light&#8221;]<span class=\"dropcap normal\">E<\/span><em>thno<\/em>\u00a0on the Road in Croatia&#8221; has been realised for some years already by the International Folklore Festival in co-operation with the summer ethno-music camp Ethno Croatia for young people in Gro\u017enjan, as a segment of the Jeunesses Musicales International network of similar camps in Africa, Australia and Europe. The fundamental idea of the camps is the exchange of experiences and knowledge of music through mutual learning and teaching between young musicians from various countries. Each participant prepares two traditional songs or two dances from their own culture, which they then teach to the other participants during the camp&#8217;s duration. Deepening their knowledge of their own and other musics, young people also learn about the value of equality and tolerance between peoples and nations.<\/p>\n<p>Ethno Croatia 2015. includes musicians from Belgium, Denmark, England, France, Croatia, Slovenia, Scotland, Sweden and Tunis.[\/vc_column_text][vc_btn title=&#8221;Find out more&#8221; style=&#8221;custom&#8221; custom_background=&#8221;#981414&#8243; custom_text=&#8221;#ffffff&#8221; shape=&#8221;square&#8221; link=&#8221;url:%2Fen%2F49-iff-2015-ethno-on-the-road-in-croatia%2F|||&#8221;][\/vc_column][\/vc_row][vc_row full_width=&#8221;stretch_row&#8221; full_height=&#8221;yes&#8221; basel_parallax=&#8221;1&#8243; css=&#8221;.vc_custom_1560848204794{padding-top: 40px !important;padding-bottom: 40px !important;background-image: url(https:\/\/msf.hr\/wp-content\/uploads\/2019\/06\/etnokoncerti6.jpg?id=2657) !important;}&#8221; el_class=&#8221;vc_hidden-sm vc_hidden-xs&#8221;][vc_column width=&#8221;1\/2&#8243; css=&#8221;.vc_custom_1560509274207{padding-right: 50px !important;padding-left: 20px !important;}&#8221; offset=&#8221;vc_hidden-sm vc_hidden-xs&#8221;][vc_custom_heading text=&#8221;Ban Jelacic Square, Thursday, 17th July 2014 at 20.00<br \/>\nGradec, Saturday, 19th July 2014 at 21.00&#8243; font_container=&#8221;tag:h4|font_size:16|text_align:left|color:%23d30101|line_height:1.2&#8243; google_fonts=&#8221;font_family:Lato%3A100%2C100italic%2C300%2C300italic%2Cregular%2Citalic%2C700%2C700italic%2C900%2C900italic|font_style:400%20regular%3A400%3Anormal&#8221; css=&#8221;.vc_custom_1561551244630{margin-bottom: 10px !important;}&#8221;][vc_custom_heading text=&#8221;48TH IFF &#8211; 2014 WORLD MUSIC CONCERTS&#8221; font_container=&#8221;tag:h2|font_size:25|text_align:left|color:%23ffffff&#8221; use_theme_fonts=&#8221;yes&#8221; css=&#8221;.vc_custom_1561551226713{margin-bottom: 15px !important;}&#8221;][vc_column_text css=&#8221;.vc_custom_1561551267775{margin-bottom: 25px !important;}&#8221; basel_color_scheme=&#8221;light&#8221;]Although ethno \/ world music concerts \u2013 <em>ethno<\/em>\u00a0being a synonym of a sort of the more known international term world music \u2013 have been a regular part of the International Folklore Festival Zagreb only since 1997, their real beginning was the concert\u00a0<em>\u201eNadahnute ba\u0161tinom\/Inspired by Heritage\u201c<\/em>\u00a0which, at the 28th International Folklore Festival Zagreb, presented the work of singers Lidija Bajuk and Dunja Knebl. The same year, 1994, independently from the Festival,\u00a0<em>the Ethnoambient Live<\/em>\u00a0concert took place in the Zagreb club Gjuro II, where the originators of a sort of the Croatian ethno scene presented themselves to the Zagreb audience \u2013 Lidija Bajuk, Dunja Knebl, Andrija Maroni\u0107 and the band Legen. This concert marked the beginning of a systematic use of the term ethno for denoting the music of these musicians, and later all music which was, in its approach, sound and inspiration, similar to theirs. The specific quality of the term \u201eethno music\u201c lies in the fact that the musicians themselves consciously chose it to describe their work, i.e. to emphasize the difference from other (earlier, but also contemporary) approaches to the interpretation and presentation of Croatian traditional music.[\/vc_column_text][vc_btn title=&#8221;Find out more&#8221; style=&#8221;custom&#8221; custom_background=&#8221;#981414&#8243; custom_text=&#8221;#ffffff&#8221; shape=&#8221;square&#8221; link=&#8221;url:%2Fen%2F47-iff-2014-croatian-ethno-music-and-interim-traditional-music%2F|||&#8221;][\/vc_column][vc_column width=&#8221;1\/2&#8243; offset=&#8221;vc_hidden-sm vc_hidden-xs&#8221;][\/vc_column][\/vc_row][vc_row full_width=&#8221;stretch_row&#8221; full_height=&#8221;yes&#8221; basel_parallax=&#8221;1&#8243; css=&#8221;.vc_custom_1560856582385{padding-top: 40px !important;padding-bottom: 40px !important;background-image: url(https:\/\/msf.hr\/wp-content\/uploads\/2019\/06\/47_ar.jpg?id=2756) !important;}&#8221; el_class=&#8221;vc_hidden-sm vc_hidden-xs&#8221;][vc_column width=&#8221;1\/2&#8243; offset=&#8221;vc_hidden-sm vc_hidden-xs&#8221;][\/vc_column][vc_column width=&#8221;1\/2&#8243; css=&#8221;.vc_custom_1560509283891{padding-right: 30px !important;padding-left: 50px !important;}&#8221; offset=&#8221;vc_hidden-sm vc_hidden-xs&#8221;][vc_custom_heading text=&#8221;Ban Jela\u010di\u0107 Square, Wednesday, July 17, 2013 at 20.00&#8243; font_container=&#8221;tag:h4|font_size:16|text_align:left|color:%23d30101|line_height:0.2&#8243; google_fonts=&#8221;font_family:Lato%3A100%2C100italic%2C300%2C300italic%2Cregular%2Citalic%2C700%2C700italic%2C900%2C900italic|font_style:400%20regular%3A400%3Anormal&#8221; css=&#8221;.vc_custom_1561551320782{margin-bottom: 10px !important;}&#8221;][vc_custom_heading text=&#8221;WORLD MUSIC CONCERTS ON 47TH IFF &#8211; 2013&#8243; font_container=&#8221;tag:h2|font_size:25|text_align:left|color:%23ffffff&#8221; use_theme_fonts=&#8221;yes&#8221; css=&#8221;.vc_custom_1561551304208{margin-bottom: 15px !important;}&#8221;][vc_column_text css=&#8221;.vc_custom_1561551342407{margin-bottom: 25px !important;}&#8221; basel_color_scheme=&#8221;light&#8221;]Ethno on the Road in Croatia has been realised for some years already by the International Folklore Festival in co-operation with the summer ethno-music camp Ethno Croatia for young people in Gro\u017enjan, as a segment of the Jeunesses Musicales International network of similar camps in Sweden, Belgium, the FYR of Macedonia, France, the United Kingdom, the Czech Republic, Estonia, Slovenia and Uganda. For years now, the Gro\u017enjan camp has been successfully headed up and organised by the Swedish musician and producer, Allan Skrobe, and the Croatian musician Lidija Dokuzovi\u0107. The fundamental idea of the camps is the exchange of experiences and knowledge of music through mutual learning and teaching between young musicians from various countries. Each participant prepares two traditional songs or two dances from their own culture, which they then teach to the other participants during the camp&#8217;s duration.<\/p>\n<p>Musicians and music groups from Armenia, Belgium, France, Spain, Sweden, Croatia, will be taking part in Ethno Croatia 2013.[\/vc_column_text][vc_btn title=&#8221;Find out more&#8221; style=&#8221;custom&#8221; custom_background=&#8221;#981414&#8243; custom_text=&#8221;#ffffff&#8221; shape=&#8221;square&#8221; link=&#8221;url:%2Fen%2F47-iff-2013-ethno-on-the-road-in-croatia%2F|||&#8221;][\/vc_column][\/vc_row][vc_row full_width=&#8221;stretch_row&#8221; full_height=&#8221;yes&#8221; basel_parallax=&#8221;1&#8243; css=&#8221;.vc_custom_1560856670456{padding-top: 40px !important;padding-bottom: 40px !important;background-image: url(https:\/\/msf.hr\/wp-content\/uploads\/2019\/06\/45_ar.jpg?id=2758) !important;}&#8221; el_class=&#8221;vc_hidden-sm vc_hidden-xs&#8221;][vc_column width=&#8221;1\/2&#8243; css=&#8221;.vc_custom_1560509274207{padding-right: 50px !important;padding-left: 20px !important;}&#8221; offset=&#8221;vc_hidden-sm vc_hidden-xs&#8221;][vc_custom_heading text=&#8221;\u201cEthno on the road in Croatia\u201d&#8221; font_container=&#8221;tag:h4|font_size:16|text_align:left|color:%23d30101|line_height:1.2&#8243; google_fonts=&#8221;font_family:Lato%3A100%2C100italic%2C300%2C300italic%2Cregular%2Citalic%2C700%2C700italic%2C900%2C900italic|font_style:400%20regular%3A400%3Anormal&#8221; css=&#8221;.vc_custom_1561551384464{margin-bottom: 10px !important;}&#8221;][vc_custom_heading text=&#8221;WORLD MUSIC CONCERTS ON 46TH IFF &#8211; 2012&#8243; font_container=&#8221;tag:h2|font_size:25|text_align:left|color:%23ffffff&#8221; use_theme_fonts=&#8221;yes&#8221; css=&#8221;.vc_custom_1561551363625{margin-bottom: 15px !important;}&#8221;][vc_column_text css=&#8221;.vc_custom_1561551398286{margin-bottom: 25px !important;}&#8221; basel_color_scheme=&#8221;light&#8221;]Ethno on the Road in Croatia has been realised for some years already by the International Folklore Festival in co-operation with the summer ethno-music camp Ethno Croatia for young people in Gro\u017enjan, as a segment of the Jeunesses Musicales International network of similar camps in Sweden, Belgium, the FYR of Macedonia, France, the United Kingdom, the Czech Republic, Estonia, Slovenia and Uganda. For years now, the Gro\u017enjan camp has been successfully headed up and organised by the Swedish musician and producer, Allan Skrobe, and the Croatian musician Lidija Dokuzovi\u0107. The fundamental idea of the camps is the exchange of experiences and knowledge of music through mutual learning and teaching between young musicians from various countries.[\/vc_column_text][\/vc_column][vc_column width=&#8221;1\/2&#8243; offset=&#8221;vc_hidden-sm vc_hidden-xs&#8221;][\/vc_column][\/vc_row][vc_row full_width=&#8221;stretch_row&#8221; full_height=&#8221;yes&#8221; basel_parallax=&#8221;1&#8243; css=&#8221;.vc_custom_1560857675961{padding-top: 40px !important;padding-bottom: 40px !important;background-image: url(https:\/\/msf.hr\/wp-content\/uploads\/2019\/06\/45_Arr.jpg?id=2769) !important;}&#8221; el_class=&#8221;vc_hidden-sm vc_hidden-xs&#8221;][vc_column width=&#8221;1\/2&#8243; offset=&#8221;vc_hidden-sm vc_hidden-xs&#8221;][\/vc_column][vc_column width=&#8221;1\/2&#8243; css=&#8221;.vc_custom_1560509283891{padding-right: 30px !important;padding-left: 50px !important;}&#8221; offset=&#8221;vc_hidden-sm vc_hidden-xs&#8221;][vc_custom_heading text=&#8221;Slovenian ethno music&#8221; font_container=&#8221;tag:h4|font_size:16|text_align:left|color:%23d30101|line_height:0.2&#8243; google_fonts=&#8221;font_family:Lato%3A100%2C100italic%2C300%2C300italic%2Cregular%2Citalic%2C700%2C700italic%2C900%2C900italic|font_style:400%20regular%3A400%3Anormal&#8221; css=&#8221;.vc_custom_1561551450146{margin-bottom: 10px !important;}&#8221;][vc_custom_heading text=&#8221;WORLD MUSIC CONCERTS ON 45TH IFF &#8211; 2011&#8243; font_container=&#8221;tag:h2|font_size:25|text_align:left|color:%23ffffff&#8221; use_theme_fonts=&#8221;yes&#8221; css=&#8221;.vc_custom_1561551433481{margin-bottom: 15px !important;}&#8221;][vc_column_text css=&#8221;.vc_custom_1561551486903{margin-bottom: 25px !important;}&#8221; basel_color_scheme=&#8221;light&#8221;]Ethno Croatia 2011 gathers musicians and music ensembles from Belgium, Croatia, France, Mongolia, Netherlands, Norway, Spain, Sweden and Tanzania. They are lead by experienced mentors \u2013 Allan Skrobe, Swedish musician and producer, and Lidija Dokuzovi\u0107, Croatian singer in the \u201cAfion\u201d ensemble and leader of female vocal groups \u201c\u010cipkice\u201d and \u201cLe Zbor\u201d. All participants need to prepare two traditional songs or dances typical of their culture, which they then teach to other participants of the Gro\u017enjan\u2019s camp. Each participant prepares two traditional songs or two dances from their own culture, which they then teach to the other participants during the camp&#8217;s duration.[\/vc_column_text][\/vc_column][\/vc_row][vc_row full_width=&#8221;stretch_row&#8221; full_height=&#8221;yes&#8221; basel_parallax=&#8221;1&#8243; css=&#8221;.vc_custom_1560857866016{padding-top: 40px !important;padding-bottom: 40px !important;background-image: url(https:\/\/msf.hr\/wp-content\/uploads\/2019\/06\/44_Ar.jpg?id=2771) !important;}&#8221; el_class=&#8221;vc_hidden-sm vc_hidden-xs&#8221;][vc_column width=&#8221;1\/2&#8243; css=&#8221;.vc_custom_1560509274207{padding-right: 50px !important;padding-left: 20px !important;}&#8221; offset=&#8221;vc_hidden-sm vc_hidden-xs&#8221;][vc_custom_heading text=&#8221;\u201cEthno on the road in Croatia\u201d&#8221; font_container=&#8221;tag:h4|font_size:16|text_align:left|color:%23d30101|line_height:1.2&#8243; google_fonts=&#8221;font_family:Lato%3A100%2C100italic%2C300%2C300italic%2Cregular%2Citalic%2C700%2C700italic%2C900%2C900italic|font_style:400%20regular%3A400%3Anormal&#8221; css=&#8221;.vc_custom_1561551528949{margin-bottom: 10px !important;}&#8221;][vc_custom_heading text=&#8221;WORLD MUSIC CONCERTS ON 44TH IFF &#8211; 2010&#8243; font_container=&#8221;tag:h2|font_size:25|text_align:left|color:%23ffffff&#8221; use_theme_fonts=&#8221;yes&#8221; css=&#8221;.vc_custom_1561551513324{margin-bottom: 15px !important;}&#8221;][vc_column_text css=&#8221;.vc_custom_1561551560543{margin-bottom: 25px !important;}&#8221; basel_color_scheme=&#8221;light&#8221;]<\/p>\n<div class=\"column1\">\n<div class=\"column_inner\">\n<p>Ethno Croatia 2010 gathers musicians and music ensembles from Croatia, Tanzania, Sweden, Denmark, Belgium, France, Armenia and Ecuador. They are lead by experienced mentors &#8211; Swedish musician and producer Allan Skrobe and Croatian singer in the \u201cAfion\u201d Ensemble and leader of several choirs Lidija Dokuzovi\u0107. All participants need to prepare two traditional songs or dances typical of their culture, which they then teach to other participants of the Gro\u017enjan\u2019s camp. The camp is followed by a small tour around Croatia, called Ethno on the Road, ending with a final concert at the International Folklore Festival in Zagreb.<\/p><\/div>\n<\/div>\n<div class=\"column2\">\n<div class=\"column_inner\"><\/div>\n<\/div>\n<p>[\/vc_column_text][vc_btn title=&#8221;Find out more&#8221; style=&#8221;custom&#8221; custom_background=&#8221;#981414&#8243; custom_text=&#8221;#ffffff&#8221; shape=&#8221;square&#8221; link=&#8221;url:%2Fen%2Fworld-music-concerts-on-44st-iff-2010%2F|||&#8221;][\/vc_column][vc_column width=&#8221;1\/2&#8243; offset=&#8221;vc_hidden-sm vc_hidden-xs&#8221;][\/vc_column][\/vc_row][vc_row full_width=&#8221;stretch_row&#8221; full_height=&#8221;yes&#8221; basel_parallax=&#8221;1&#8243; css=&#8221;.vc_custom_1560858437451{padding-top: 40px !important;padding-bottom: 40px !important;background-image: url(https:\/\/msf.hr\/wp-content\/uploads\/2019\/06\/43_ar.jpg?id=2780) !important;}&#8221; el_class=&#8221;vc_hidden-sm vc_hidden-xs&#8221;][vc_column width=&#8221;1\/2&#8243; offset=&#8221;vc_hidden-sm vc_hidden-xs&#8221;][\/vc_column][vc_column width=&#8221;1\/2&#8243; css=&#8221;.vc_custom_1560509283891{padding-right: 30px !important;padding-left: 50px !important;}&#8221; offset=&#8221;vc_hidden-sm vc_hidden-xs&#8221;][vc_custom_heading text=&#8221;&#8220;Etno Istra&#8220;&#8221; font_container=&#8221;tag:h4|font_size:16|text_align:left|color:%23d30101|line_height:0.2&#8243; google_fonts=&#8221;font_family:Lato%3A100%2C100italic%2C300%2C300italic%2Cregular%2Citalic%2C700%2C700italic%2C900%2C900italic|font_style:400%20regular%3A400%3Anormal&#8221; css=&#8221;.vc_custom_1560858452815{margin-bottom: 10px !important;}&#8221;][vc_custom_heading text=&#8221;WORLD MUSIC CONCERTS ON 43RD IFF &#8211; 2009&#8243; font_container=&#8221;tag:h2|font_size:25|text_align:left|color:%23ffffff&#8221; use_theme_fonts=&#8221;yes&#8221; css=&#8221;.vc_custom_1561551613847{margin-bottom: 15px !important;}&#8221;][vc_column_text css=&#8221;.vc_custom_1561551628214{margin-bottom: 25px !important;}&#8221; basel_color_scheme=&#8221;light&#8221;]<\/p>\n<div class=\"column2\">\n<div class=\"column_inner\">\n<p>Istrian musicians were among pioneers of the development of ethno-music (world music) in Croatia. Led by a desire to revive the dying layers of tradition, but also by belief that tradition is a living and changeable organism, and by a critical attitude towards the established models of public practice of folklore, ensembles such as \u201cIstranova\u201d, which performed at the IFF as early as 1985, paved the way in the 1980s to diverse reinterpretations of heritage within modern musical expressions.<\/p><\/div>\n<\/div>\n<p>[\/vc_column_text][\/vc_column][\/vc_row][vc_row full_width=&#8221;stretch_row&#8221; full_height=&#8221;yes&#8221; basel_parallax=&#8221;1&#8243; css=&#8221;.vc_custom_1560858608464{padding-top: 40px !important;padding-bottom: 40px !important;background-image: url(https:\/\/msf.hr\/wp-content\/uploads\/2019\/06\/44_arr.jpg?id=2781) !important;}&#8221; el_class=&#8221;vc_hidden-sm vc_hidden-xs&#8221;][vc_column width=&#8221;1\/2&#8243; css=&#8221;.vc_custom_1560509274207{padding-right: 50px !important;padding-left: 20px !important;}&#8221; offset=&#8221;vc_hidden-sm vc_hidden-xs&#8221;][vc_custom_heading text=&#8221;&#8220;Liverpool Youngsters&#8220;, Zambia&#8221; font_container=&#8221;tag:h4|font_size:16|text_align:left|color:%23d30101|line_height:1.2&#8243; google_fonts=&#8221;font_family:Lato%3A100%2C100italic%2C300%2C300italic%2Cregular%2Citalic%2C700%2C700italic%2C900%2C900italic|font_style:400%20regular%3A400%3Anormal&#8221; css=&#8221;.vc_custom_1561551662043{margin-bottom: 10px !important;}&#8221;][vc_custom_heading text=&#8221;ETNOKONCERTI NA 43.MSF &#8211; 2010&#8243; font_container=&#8221;tag:h2|font_size:25|text_align:left|color:%23ffffff&#8221; use_theme_fonts=&#8221;yes&#8221; css=&#8221;.vc_custom_1560859678288{margin-bottom: 15px !important;}&#8221;][vc_column_text css=&#8221;.vc_custom_1561551677822{margin-bottom: 25px !important;}&#8221; basel_color_scheme=&#8221;light&#8221;]July 15th, 2009, Ban Josip Jela\u010di\u0107 Square,\u00a0<b>&#8220;Liverpool Youngsters&#8221;<\/b>, Zambia[\/vc_column_text][vc_btn title=&#8221;Find out more&#8221; style=&#8221;custom&#8221; custom_background=&#8221;#981414&#8243; custom_text=&#8221;#ffffff&#8221; shape=&#8221;square&#8221; link=&#8221;url:%2Fen%2Fworld-music-concerts-on-44st-iff-2010%2F|||&#8221;][\/vc_column][vc_column width=&#8221;1\/2&#8243; offset=&#8221;vc_hidden-sm vc_hidden-xs&#8221;][\/vc_column][\/vc_row][vc_row full_width=&#8221;stretch_row&#8221; full_height=&#8221;yes&#8221; basel_parallax=&#8221;1&#8243; css=&#8221;.vc_custom_1560859950361{padding-top: 40px !important;padding-bottom: 40px !important;background-image: url(https:\/\/msf.hr\/wp-content\/uploads\/2019\/06\/42_ar.jpg?id=2796) !important;}&#8221; el_class=&#8221;vc_hidden-sm vc_hidden-xs&#8221;][vc_column width=&#8221;1\/2&#8243; offset=&#8221;vc_hidden-sm vc_hidden-xs&#8221;][\/vc_column][vc_column width=&#8221;1\/2&#8243; css=&#8221;.vc_custom_1560509283891{padding-right: 30px !important;padding-left: 50px !important;}&#8221; offset=&#8221;vc_hidden-sm vc_hidden-xs&#8221;][vc_custom_heading text=&#8221;DIALE(C)THNO, Cinku\u0161i and Kavaliri \/ BODY, MIND &amp; SOUL \/ Traditional music and dance of Rajasthan&#8221; font_container=&#8221;tag:h4|font_size:16|text_align:left|color:%23d30101|line_height:0.2&#8243; google_fonts=&#8221;font_family:Lato%3A100%2C100italic%2C300%2C300italic%2Cregular%2Citalic%2C700%2C700italic%2C900%2C900italic|font_style:400%20regular%3A400%3Anormal&#8221; css=&#8221;.vc_custom_1561551718478{margin-bottom: 10px !important;}&#8221;][vc_custom_heading text=&#8221;WORLD MUSIC CONCERTS ON 42ND IFF &#8211; 2008&#8243; font_container=&#8221;tag:h2|font_size:25|text_align:left|color:%23ffffff&#8221; use_theme_fonts=&#8221;yes&#8221; css=&#8221;.vc_custom_1561551731392{margin-bottom: 15px !important;}&#8221;][vc_column_text css=&#8221;.vc_custom_1561551769852{margin-bottom: 25px !important;}&#8221; basel_color_scheme=&#8221;light&#8221;]The title of this year&#8217;s world music concert, coined from the words dialect and ethno, discloses its other component \u2013 dialect. Relying on one of the topics of this year&#8217;s Festival \u2013 the one dedicated to Croatian dialects and local speeches \u2013 ethno music with kajkavian features has been made the centre of the concert. Precisely the kajkavian dialect music was the starting point of inspiration for musicians who in 1994 became the founders of the Croatian ethno \/ world music scene.<\/p>\n<p>This year the opportunity to present their music to the European audience has been given to a group of young musicians called Body, Mind &amp; Soul from the town of Mzuzu, northern Malawi. Their performance at the International Folklore Festival Zagreb will present the outcome of their musical explorations a unique musical style which they call voodjazz and describe as a subtle mix of traditional rhythms with a jazzy feel, a musical bridge between Malawian cultures past and present.[\/vc_column_text][vc_btn title=&#8221;Find out more&#8221; style=&#8221;custom&#8221; custom_background=&#8221;#981414&#8243; custom_text=&#8221;#ffffff&#8221; shape=&#8221;square&#8221; link=&#8221;url:%2Fen%2Fworld-music-concerts-on-42st-iff-2008%2F|||&#8221;][\/vc_column][\/vc_row][vc_row full_width=&#8221;stretch_row&#8221; full_height=&#8221;yes&#8221; basel_parallax=&#8221;1&#8243; css=&#8221;.vc_custom_1560860802313{padding-top: 40px !important;padding-bottom: 40px !important;background-image: url(https:\/\/msf.hr\/wp-content\/uploads\/2019\/06\/41_ar.jpg?id=2812) !important;}&#8221; el_class=&#8221;vc_hidden-sm vc_hidden-xs&#8221;][vc_column width=&#8221;1\/2&#8243; css=&#8221;.vc_custom_1560509274207{padding-right: 50px !important;padding-left: 20px !important;}&#8221; offset=&#8221;vc_hidden-sm vc_hidden-xs&#8221;][vc_custom_heading text=&#8221;&#8220;Konga Wibes&#8220;, Malawi \/ &#8220;Multipart singing of the Mediterranean&#8220;&#8221; font_container=&#8221;tag:h4|font_size:16|text_align:left|color:%23d30101|line_height:1.2&#8243; google_fonts=&#8221;font_family:Lato%3A100%2C100italic%2C300%2C300italic%2Cregular%2Citalic%2C700%2C700italic%2C900%2C900italic|font_style:400%20regular%3A400%3Anormal&#8221; css=&#8221;.vc_custom_1561551803740{margin-bottom: 10px !important;}&#8221;][vc_custom_heading text=&#8221;WORLD MUSIC CONCERTS ON 41ST IFF &#8211; 2007&#8243; font_container=&#8221;tag:h2|font_size:25|text_align:left|color:%23ffffff&#8221; use_theme_fonts=&#8221;yes&#8221; css=&#8221;.vc_custom_1561551816726{margin-bottom: 15px !important;}&#8221;][vc_column_text css=&#8221;.vc_custom_1561551837924{margin-bottom: 25px !important;}&#8221; basel_color_scheme=&#8221;light&#8221;]The Malawian seven-person band formed in 1999. After starting out as a reggae band, they turned to the rich traditional music this landlocked state is known for. Konga Vibes won the prestigious Music Crossroads Southern Africa Festival Award in 2006. A year later they embarked on a groundbreaking tour of Europe. Their vibrant live performances were first seen in Europe in June and July 2007, as they performed in cities like Amsterdam, Brussels and Zagreb.<\/p>\n<p>Vocal styles of Sardinia, Georgia and Croatia<\/p>\n<p>Su Cussertu C\u00f9ccuru &#8216;e Lunas, Sardinia &#8211; Italy \/ Klapa Nostalgija, Croatia \/ Sakhioba, Georgia[\/vc_column_text][vc_btn title=&#8221;Find out more&#8221; style=&#8221;custom&#8221; custom_background=&#8221;#981414&#8243; custom_text=&#8221;#ffffff&#8221; shape=&#8221;square&#8221; link=&#8221;url:%2Fen%2Fworld-music-concerts-on-41st-iff-2007%2F|||&#8221;][\/vc_column][vc_column width=&#8221;1\/2&#8243; offset=&#8221;vc_hidden-sm vc_hidden-xs&#8221;][\/vc_column][\/vc_row][vc_row full_width=&#8221;stretch_row&#8221; full_height=&#8221;yes&#8221; basel_parallax=&#8221;1&#8243; css=&#8221;.vc_custom_1560861090543{padding-top: 40px !important;padding-bottom: 40px !important;background-image: url(https:\/\/msf.hr\/wp-content\/uploads\/2019\/06\/40_Ar.jpg?id=2814) !important;}&#8221; el_class=&#8221;vc_hidden-sm vc_hidden-xs&#8221;][vc_column width=&#8221;1\/2&#8243; offset=&#8221;vc_hidden-sm vc_hidden-xs&#8221;][\/vc_column][vc_column width=&#8221;1\/2&#8243; css=&#8221;.vc_custom_1560509283891{padding-right: 30px !important;padding-left: 50px !important;}&#8221; offset=&#8221;vc_hidden-sm vc_hidden-xs&#8221;][vc_custom_heading text=&#8221;&#8220;Afrikali&#8220;, Tanzania \/ &#8220;Inspired by Medjimurje heritage&#8220;&#8221; font_container=&#8221;tag:h4|font_size:16|text_align:left|color:%23d30101|line_height:1.2&#8243; google_fonts=&#8221;font_family:Lato%3A100%2C100italic%2C300%2C300italic%2Cregular%2Citalic%2C700%2C700italic%2C900%2C900italic|font_style:400%20regular%3A400%3Anormal&#8221; css=&#8221;.vc_custom_1561551880381{margin-bottom: 10px !important;}&#8221;][vc_custom_heading text=&#8221;WORLD MUSIC CONCERTS ON 40TH IFF &#8211; 2006&#8243; font_container=&#8221;tag:h2|font_size:25|text_align:left|color:%23ffffff&#8221; use_theme_fonts=&#8221;yes&#8221; css=&#8221;.vc_custom_1561551859765{margin-bottom: 15px !important;}&#8221;][vc_column_text css=&#8221;.vc_custom_1561551905222{margin-bottom: 25px !important;}&#8221; basel_color_scheme=&#8221;light&#8221;]19th July 2006.,Ban Josip Jela\u010di\u0107 Square,\u00a0<b>&#8220;Afrikali&#8221;<\/b>, Tanzania<\/p>\n<p>19th July 2006., Gradec &#8220;Inspired by Medjimurje heritage&#8221;,\u00a0<b>Teta Liza<\/b>, Croatia \/\u00a0<b>Lidija Bajuk Trio<\/b>, Croatia \/\u00a0<b>Dunja Knebl and Afion<\/b>, Croatia<\/p>\n<p>20th July 2006., Gradec\u00a0<b>Aicha Kouyate &amp; Mandinka Band<\/b>, Guinea[\/vc_column_text][vc_btn title=&#8221;Find out more&#8221; style=&#8221;custom&#8221; custom_background=&#8221;#981414&#8243; custom_text=&#8221;#ffffff&#8221; shape=&#8221;square&#8221; link=&#8221;url:%2Fen%2F2006-2005-2004-archive-ethno-concerts%2F|||&#8221;][\/vc_column][\/vc_row][vc_row full_width=&#8221;stretch_row&#8221; full_height=&#8221;yes&#8221; basel_parallax=&#8221;1&#8243; css=&#8221;.vc_custom_1560862137569{padding-top: 40px !important;padding-bottom: 40px !important;background-image: url(https:\/\/msf.hr\/wp-content\/uploads\/2019\/06\/39_aR.jpg?id=2817) !important;}&#8221; el_class=&#8221;vc_hidden-sm vc_hidden-xs&#8221;][vc_column width=&#8221;1\/2&#8243; css=&#8221;.vc_custom_1560509274207{padding-right: 50px !important;padding-left: 20px !important;}&#8221; offset=&#8221;vc_hidden-sm vc_hidden-xs&#8221;][vc_custom_heading text=&#8221;&#8220;Sounds and Echoes of Ireland&#8220;&#8221; font_container=&#8221;tag:h4|font_size:16|text_align:left|color:%23d30101|line_height:1.2&#8243; google_fonts=&#8221;font_family:Lato%3A100%2C100italic%2C300%2C300italic%2Cregular%2Citalic%2C700%2C700italic%2C900%2C900italic|font_style:400%20regular%3A400%3Anormal&#8221; css=&#8221;.vc_custom_1561551938827{margin-bottom: 10px !important;}&#8221;][vc_custom_heading text=&#8221;WORLD MUSIC CONCERTS ON 39TH &#8211; 2005&#8243; font_container=&#8221;tag:h2|font_size:25|text_align:left|color:%23ffffff&#8221; use_theme_fonts=&#8221;yes&#8221; css=&#8221;.vc_custom_1561551924351{margin-bottom: 15px !important;}&#8221;][vc_column_text css=&#8221;.vc_custom_1561551953429{margin-bottom: 25px !important;}&#8221; basel_color_scheme=&#8221;light&#8221;]20th July 2005., Klovi\u0107evi dvori Gallery &#8211; Atrium, &#8220;Sounds and Echoes of Ireland&#8221;;\u00a0<b>The Skelligs<\/b>, Croatia \/\u00a0<b>The Flook<\/b>, Great Britain<\/p>\n<p>21st July 2005., Tvornica, &#8220;Sounds and Echoes of Ireland&#8221;;\u00a0<b>Eamonn de Barra<\/b>, Ireland \/\u00a0<b>The Slip<\/b>, Croatia \/\u00a0<b>Ciotog<\/b>, Croatia \/\u00a0<b>Belfast Food<\/b>, Croatia[\/vc_column_text][vc_btn title=&#8221;Find out more&#8221; style=&#8221;custom&#8221; custom_background=&#8221;#981414&#8243; custom_text=&#8221;#ffffff&#8221; shape=&#8221;square&#8221; link=&#8221;url:%2Fen%2F2006-2005-2004-archive-ethno-concerts%2F|||&#8221;][\/vc_column][vc_column width=&#8221;1\/2&#8243; offset=&#8221;vc_hidden-sm vc_hidden-xs&#8221;][\/vc_column][\/vc_row][vc_row full_width=&#8221;stretch_row&#8221; full_height=&#8221;yes&#8221; basel_parallax=&#8221;1&#8243; css=&#8221;.vc_custom_1560862408953{padding-top: 40px !important;padding-bottom: 40px !important;background-image: url(https:\/\/msf.hr\/wp-content\/uploads\/2019\/06\/38_Ar.jpg?id=2819) !important;}&#8221; el_class=&#8221;vc_hidden-sm vc_hidden-xs&#8221;][vc_column width=&#8221;1\/2&#8243; offset=&#8221;vc_hidden-sm vc_hidden-xs&#8221;][\/vc_column][vc_column width=&#8221;1\/2&#8243; css=&#8221;.vc_custom_1560509283891{padding-right: 30px !important;padding-left: 50px !important;}&#8221; offset=&#8221;vc_hidden-sm vc_hidden-xs&#8221;][vc_custom_heading text=&#8221;&#8220;What can bagpipes do&#8220; \/ Traditions of India&#8221; font_container=&#8221;tag:h4|font_size:16|text_align:left|color:%23d30101|line_height:1.2&#8243; google_fonts=&#8221;font_family:Lato%3A100%2C100italic%2C300%2C300italic%2Cregular%2Citalic%2C700%2C700italic%2C900%2C900italic|font_style:400%20regular%3A400%3Anormal&#8221; css=&#8221;.vc_custom_1561551977747{margin-bottom: 10px !important;}&#8221;][vc_custom_heading text=&#8221;WORLD MUSIC CONCERTS ON 38TH &#8211; 2004&#8243; font_container=&#8221;tag:h2|font_size:25|text_align:left|color:%23ffffff&#8221; use_theme_fonts=&#8221;yes&#8221; css=&#8221;.vc_custom_1561551992334{margin-bottom: 15px !important;}&#8221;][vc_column_text css=&#8221;.vc_custom_1561552006381{margin-bottom: 25px !important;}&#8221; basel_color_scheme=&#8221;light&#8221;]21st July 2004., Gradec, &#8220;What can bagpipes do&#8221;;\u00a0<b>Mojmir Novakovi\u0107 and Kries\u00a0<\/b>\/ Bagpipers:\u00a0<b>Pavo Gad\u00e1nyi<\/b>\u00a0(Hungary) \/\u00a0<b>Ante Muci\u0107 Antas<\/b>\u00a0(BH) \/\u00a0<b>\u017deljko Ke\u017ea<\/b>\u00a0(BH) \/\u00a0<b>Marinko Dekani\u0107<\/b>(Croatia) \/\u00a0<b>Gajda\u0161ki sastav Andora V\u00e9gha<\/b>\u00a0(Hungary-Croatia) \/\u00a0<b>Stuart Cassells<\/b>\u00a0(UK) \/\u00a0<b>Schw\u00e4bische Dudelsackmusik<\/b>(Germany) \/\u00a0<b>Stef\u010de Stojkovski<\/b>\u00a0(Macedonia) \/\u00a0<b>J\u00f3zsef Koz\u00e1k&#8217;s Bagpipe Group<\/b>\u00a0(Hungary) \/\u00a0<b>Cuncordia a launeddas<\/b>\u00a0(Italy)<\/p>\n<p>22nd July 2004., Gradec, Traditions of India;\u00a0<b>Ana Milo\u0161evi\u0107 Suryawanshi<\/b>\u00a0&#8211; Indian Classical Dance Kathak \/\u00a0<b>Odissi Troupe<\/b>, India[\/vc_column_text][vc_btn title=&#8221;Find out more&#8221; style=&#8221;custom&#8221; custom_background=&#8221;#981414&#8243; custom_text=&#8221;#ffffff&#8221; shape=&#8221;square&#8221; link=&#8221;url:%2Fen%2F2006-2005-2004-archive-ethno-concerts%2F|||&#8221;][\/vc_column][\/vc_row][vc_row full_width=&#8221;stretch_row&#8221; full_height=&#8221;yes&#8221; basel_parallax=&#8221;1&#8243; css=&#8221;.vc_custom_1560862603907{padding-top: 40px !important;padding-bottom: 40px !important;background-image: url(https:\/\/msf.hr\/wp-content\/uploads\/2019\/06\/37_Ar.jpg?id=2820) !important;}&#8221; el_class=&#8221;vc_hidden-sm vc_hidden-xs&#8221;][vc_column width=&#8221;1\/2&#8243; css=&#8221;.vc_custom_1560509274207{padding-right: 50px !important;padding-left: 20px !important;}&#8221; offset=&#8221;vc_hidden-sm vc_hidden-xs&#8221;][vc_custom_heading text=&#8221;Istrian Soundscapes \/ Musics in Minority\u2013Minorities in Music&#8221; font_container=&#8221;tag:h4|font_size:16|text_align:left|color:%23d30101|line_height:1.2&#8243; google_fonts=&#8221;font_family:Lato%3A100%2C100italic%2C300%2C300italic%2Cregular%2Citalic%2C700%2C700italic%2C900%2C900italic|font_style:400%20regular%3A400%3Anormal&#8221; css=&#8221;.vc_custom_1561552022684{margin-bottom: 10px !important;}&#8221;][vc_custom_heading text=&#8221;WORLD MUSIC CONCERTS ON 37TH &#8211; 2003&#8243; font_container=&#8221;tag:h2|font_size:25|text_align:left|color:%23ffffff&#8221; use_theme_fonts=&#8221;yes&#8221; css=&#8221;.vc_custom_1561552035687{margin-bottom: 15px !important;}&#8221;][vc_column_text css=&#8221;.vc_custom_1561552048276{margin-bottom: 25px !important;}&#8221; basel_color_scheme=&#8221;light&#8221;]16th July 2003., Gradec, &#8220;Istrian Soundscapes&#8221;;\u00a0<b>Tamara Obrovac Transhistria Ensemble<\/b>, Croatia<\/p>\n<p>17th July 2003., Gradec, Musics in Minority\u2013Minorities in Music;\u00a0<b>Jewseri<\/b>, Zagreb, Croatia \/\u00a0<b>Helene Eriksen<\/b>, Germany \/\u00a0<b>\u00c7iftetelli<\/b>, Austria \/\u00a0<b>Aicha Kouyate &amp; Mandinka Band<\/b>, Germany[\/vc_column_text][vc_btn title=&#8221;Find out more&#8221; style=&#8221;custom&#8221; custom_background=&#8221;#981414&#8243; custom_text=&#8221;#ffffff&#8221; shape=&#8221;square&#8221; link=&#8221;url:%2Fen%2F2003-2002-2001-2000-archive-ethno-concerts%2F|||&#8221;][\/vc_column][vc_column width=&#8221;1\/2&#8243; offset=&#8221;vc_hidden-sm vc_hidden-xs&#8221;][\/vc_column][\/vc_row][vc_row full_width=&#8221;stretch_row&#8221; full_height=&#8221;yes&#8221; basel_parallax=&#8221;1&#8243; css=&#8221;.vc_custom_1560862732626{padding-top: 40px !important;padding-bottom: 40px !important;background-image: url(https:\/\/msf.hr\/wp-content\/uploads\/2019\/06\/36_Ar.jpg?id=2821) !important;}&#8221; el_class=&#8221;vc_hidden-sm vc_hidden-xs&#8221;][vc_column width=&#8221;1\/2&#8243; offset=&#8221;vc_hidden-sm vc_hidden-xs&#8221;][\/vc_column][vc_column width=&#8221;1\/2&#8243; css=&#8221;.vc_custom_1560509283891{padding-right: 30px !important;padding-left: 50px !important;}&#8221; offset=&#8221;vc_hidden-sm vc_hidden-xs&#8221;][vc_custom_heading text=&#8221;&#8220;With the Sound of Percussion&#8220;&#8221; font_container=&#8221;tag:h4|font_size:16|text_align:left|color:%23d30101|line_height:1.2&#8243; google_fonts=&#8221;font_family:Lato%3A100%2C100italic%2C300%2C300italic%2Cregular%2Citalic%2C700%2C700italic%2C900%2C900italic|font_style:400%20regular%3A400%3Anormal&#8221; css=&#8221;.vc_custom_1561552071165{margin-bottom: 10px !important;}&#8221;][vc_custom_heading text=&#8221;WORLD MUSIC CONCERTS ON 36TH &#8211; 2002&#8243; font_container=&#8221;tag:h2|font_size:25|text_align:left|color:%23ffffff&#8221; use_theme_fonts=&#8221;yes&#8221; css=&#8221;.vc_custom_1561552085616{margin-bottom: 15px !important;}&#8221;][vc_column_text css=&#8221;.vc_custom_1561552098434{margin-bottom: 25px !important;}&#8221; basel_color_scheme=&#8221;light&#8221;]17th July 2002., Gradec,\u00a0<b>Lidija Bajuk and Paganini bend<\/b>, Croatia<\/p>\n<p>18th July 2002., Tvornica &#8220;With the Sound of Percussion&#8221;;\u00a0<b>Rhythm Tribe<\/b>, Croatia \/\u00a0<b>Leymer<\/b>, Iran \/\u00a0<b>Hinokiya<\/b>, Japan \/\u00a0<b>Sri Lankan Dance Ensemble<\/b>, Sri Lanka \/\u00a0<b>The BT Melodians Steel Orchestra<\/b>, UK \/\u00a0<b>The White Cockatoo<\/b>, Australia[\/vc_column_text][vc_btn title=&#8221;Find out more&#8221; style=&#8221;custom&#8221; custom_background=&#8221;#981414&#8243; custom_text=&#8221;#ffffff&#8221; shape=&#8221;square&#8221; link=&#8221;url:%2Fen%2F2003-2002-2001-2000-archive-ethno-concerts%2F|||&#8221;][\/vc_column][\/vc_row][vc_row full_width=&#8221;stretch_row&#8221; full_height=&#8221;yes&#8221; basel_parallax=&#8221;1&#8243; css=&#8221;.vc_custom_1560863038911{padding-top: 40px !important;padding-bottom: 40px !important;background-image: url(https:\/\/msf.hr\/wp-content\/uploads\/2019\/06\/35_ar.jpg?id=2823) !important;}&#8221; el_class=&#8221;vc_hidden-sm vc_hidden-xs&#8221;][vc_column width=&#8221;1\/2&#8243; css=&#8221;.vc_custom_1560509274207{padding-right: 50px !important;padding-left: 20px !important;}&#8221; offset=&#8221;vc_hidden-sm vc_hidden-xs&#8221;][vc_custom_heading text=&#8221;World music concerts&#8221; font_container=&#8221;tag:h4|font_size:16|text_align:left|color:%23d30101|line_height:1.2&#8243; google_fonts=&#8221;font_family:Lato%3A100%2C100italic%2C300%2C300italic%2Cregular%2Citalic%2C700%2C700italic%2C900%2C900italic|font_style:400%20regular%3A400%3Anormal&#8221; css=&#8221;.vc_custom_1561552130484{margin-bottom: 10px !important;}&#8221;][vc_custom_heading text=&#8221;WORLD MUSIC CONCERTS ON 35TH &#8211; 2001&#8243; font_container=&#8221;tag:h2|font_size:25|text_align:left|color:%23ffffff&#8221; use_theme_fonts=&#8221;yes&#8221; css=&#8221;.vc_custom_1561552112536{margin-bottom: 15px !important;}&#8221;][vc_column_text css=&#8221;.vc_custom_1561552147916{margin-bottom: 25px !important;}&#8221; basel_color_scheme=&#8221;light&#8221;]18th July 2001., Gradec,\u00a0<b>Doromb<\/b>, Croatia \/\u00a0<b>Bodan Arsovski &amp; Ezgija Orchestra<\/b>, Macedonia<\/p>\n<p>1th July 2001., Gradec,\u00a0<b>Arche&#8217;<\/b>\u00a0(Gruppo Internazionale di Musica Etnica), Italy \/\u00a0<b>Gjallarhorn<\/b>, Finland[\/vc_column_text][vc_btn title=&#8221;Find out more&#8221; style=&#8221;custom&#8221; custom_background=&#8221;#981414&#8243; custom_text=&#8221;#ffffff&#8221; shape=&#8221;square&#8221; link=&#8221;url:%2Fen%2F2003-2002-2001-2000-archive-ethno-concerts%2F|||&#8221;][\/vc_column][vc_column width=&#8221;1\/2&#8243; offset=&#8221;vc_hidden-sm vc_hidden-xs&#8221;][\/vc_column][\/vc_row][vc_row full_width=&#8221;stretch_row&#8221; full_height=&#8221;yes&#8221; basel_parallax=&#8221;1&#8243; css=&#8221;.vc_custom_1560863242728{padding-top: 40px !important;padding-bottom: 40px !important;background-image: url(https:\/\/msf.hr\/wp-content\/uploads\/2019\/06\/34_ar.jpg?id=2825) !important;}&#8221; el_class=&#8221;vc_hidden-sm vc_hidden-xs&#8221;][vc_column width=&#8221;1\/2&#8243; offset=&#8221;vc_hidden-sm vc_hidden-xs&#8221;][\/vc_column][vc_column width=&#8221;1\/2&#8243; css=&#8221;.vc_custom_1560509283891{padding-right: 30px !important;padding-left: 50px !important;}&#8221; offset=&#8221;vc_hidden-sm vc_hidden-xs&#8221;][vc_custom_heading text=&#8221;Zoran Predin &amp; Mar Django Quartet \/ Teta Liza and Cinku\u0161i&#8221; font_container=&#8221;tag:h4|font_size:16|text_align:left|color:%23d30101|line_height:1.2&#8243; google_fonts=&#8221;font_family:Lato%3A100%2C100italic%2C300%2C300italic%2Cregular%2Citalic%2C700%2C700italic%2C900%2C900italic|font_style:400%20regular%3A400%3Anormal&#8221; css=&#8221;.vc_custom_1561552179763{margin-bottom: 10px !important;}&#8221;][vc_custom_heading text=&#8221;WORLD MUSIC CONCERTS ON 34TH &#8211; 2000&#8243; font_container=&#8221;tag:h2|font_size:25|text_align:left|color:%23ffffff&#8221; use_theme_fonts=&#8221;yes&#8221; css=&#8221;.vc_custom_1561552163750{margin-bottom: 15px !important;}&#8221;][vc_column_text css=&#8221;.vc_custom_1561552193783{margin-bottom: 25px !important;}&#8221; basel_color_scheme=&#8221;light&#8221;]19th July 2000., Tvornica\u00a0<b>Zoran Predin &amp; Mar Django Quartet<\/b>, Slovenia<\/p>\n<p>20th July 2000., Gradec,\u00a0<b>Teta Liza and Cinku\u0161i<\/b>, Croatia[\/vc_column_text][vc_btn title=&#8221;Find out more&#8221; style=&#8221;custom&#8221; custom_background=&#8221;#981414&#8243; custom_text=&#8221;#ffffff&#8221; shape=&#8221;square&#8221; link=&#8221;url:%2Fen%2F2003-2002-2001-2000-archive-ethno-concerts%2F|||&#8221;][\/vc_column][\/vc_row][vc_row full_width=&#8221;stretch_row_content_no_spaces&#8221; css=&#8221;.vc_custom_1560510680448{margin-top: 0px !important;margin-bottom: 0px !important;border-top-width: 0px !important;border-bottom-width: 0px !important;}&#8221; el_class=&#8221;vc_hidden-lg vc_hidden-md&#8221;][vc_column width=&#8221;1\/3&#8243; css=&#8221;.vc_custom_1560509969668{margin-top: 0px !important;margin-bottom: 0px !important;border-top-width: 0px !important;border-bottom-width: 0px !important;padding-top: 0px !important;padding-bottom: 0px !important;}&#8221;]\t\t\t<link rel=\"stylesheet\" id=\"basel-el-banner-css\" href=\"https:\/\/msf.hr\/wp-content\/themes\/basel\/css\/parts\/el-banner.min.css?ver=5.8.0\" type=\"text\/css\" media=\"all\" \/> \t\t\t\n\t\t\t<div class=\"promo-banner-wrapper\">\n\t\t\t\t<div class=\"promo-banner cursor-pointer text-left vertical-alignment-top banner- hover- color-scheme-light \" onclick=\"window.location.href='en\/52-msf-2018-ethno-na-putu-u-hrvatskoj\/'\" >\n\n\t\t\t\t\t<div class=\"main-wrapp-img\">\n\t\t\t\t\t\t<div class=\"banner-image\">\n\t\t\t\t\t\t\t\t\t\t\t\t\t\t\t\t\t\t\t\t\t\t\t\t<img loading=\"lazy\" decoding=\"async\" width=\"400\" height=\"360\" src=\"https:\/\/msf.hr\/wp-content\/uploads\/2019\/06\/52_eng_etno.jpg\" class=\"promo-banner-image image-1 attachment-full\" alt=\"\" title=\"52_eng_etno\" srcset=\"https:\/\/msf.hr\/wp-content\/uploads\/2019\/06\/52_eng_etno.jpg 400w, https:\/\/msf.hr\/wp-content\/uploads\/2019\/06\/52_eng_etno-300x270.jpg 300w\" sizes=\"auto, (max-width: 400px) 100vw, 400px\" \/>\t\t\t\t\t\t\t\t\t\t\t\t\t\t\t\t\t\t\t\t\t<\/div>\n\t\t\t\t\t<\/div>\n\n\t\t\t\t\t<div class=\"wrapper-content-baner\">\n\t\t\t\t\t\t<div class=\"banner-inner\">\n\t\t\t\t\t\t\t\t\t\t\t\t\t<\/div>\n\t\t\t\t\t<\/div>\n\n\t\t\t\t<\/div>\n\t\t\t<\/div>\n\n\t\t[\/vc_column][vc_column width=&#8221;1\/3&#8243; css=&#8221;.vc_custom_1560866076824{margin-top: 0px !important;margin-bottom: 0px !important;border-top-width: 0px !important;border-bottom-width: 0px !important;padding-top: 0px !important;padding-bottom: 0px !important;}&#8221;]\n\t\t\t<div class=\"promo-banner-wrapper\">\n\t\t\t\t<div class=\"promo-banner cursor-pointer text-left vertical-alignment-top banner- hover- color-scheme-light \" onclick=\"window.location.href='en\/51-msf-2017-ethno-na-putu-u-hrvatskoj\/'\" >\n\n\t\t\t\t\t<div class=\"main-wrapp-img\">\n\t\t\t\t\t\t<div class=\"banner-image\">\n\t\t\t\t\t\t\t\t\t\t\t\t\t\t\t\t\t\t\t\t\t\t\t\t<img loading=\"lazy\" decoding=\"async\" width=\"400\" height=\"360\" src=\"https:\/\/msf.hr\/wp-content\/uploads\/2019\/06\/51_eng_etno.jpg\" class=\"promo-banner-image image-1 attachment-full\" alt=\"\" title=\"51_eng_etno\" srcset=\"https:\/\/msf.hr\/wp-content\/uploads\/2019\/06\/51_eng_etno.jpg 400w, https:\/\/msf.hr\/wp-content\/uploads\/2019\/06\/51_eng_etno-300x270.jpg 300w\" sizes=\"auto, (max-width: 400px) 100vw, 400px\" \/>\t\t\t\t\t\t\t\t\t\t\t\t\t\t\t\t\t\t\t\t\t<\/div>\n\t\t\t\t\t<\/div>\n\n\t\t\t\t\t<div class=\"wrapper-content-baner\">\n\t\t\t\t\t\t<div class=\"banner-inner\">\n\t\t\t\t\t\t\t\t\t\t\t\t\t<\/div>\n\t\t\t\t\t<\/div>\n\n\t\t\t\t<\/div>\n\t\t\t<\/div>\n\n\t\t[\/vc_column][vc_column width=&#8221;1\/3&#8243; css=&#8221;.vc_custom_1560866083520{margin-top: 0px !important;margin-bottom: 0px !important;border-top-width: 0px !important;border-bottom-width: 0px !important;padding-top: 0px !important;padding-bottom: 0px !important;}&#8221;]\n\t\t\t<div class=\"promo-banner-wrapper\">\n\t\t\t\t<div class=\"promo-banner cursor-pointer text-left vertical-alignment-top banner- hover- color-scheme-light \" onclick=\"window.location.href='en\/50-msf-2016-ethno-na-putu-u-hrvatskoj\/'\" >\n\n\t\t\t\t\t<div class=\"main-wrapp-img\">\n\t\t\t\t\t\t<div class=\"banner-image\">\n\t\t\t\t\t\t\t\t\t\t\t\t\t\t\t\t\t\t\t\t\t\t\t\t<img loading=\"lazy\" decoding=\"async\" width=\"400\" height=\"360\" src=\"https:\/\/msf.hr\/wp-content\/uploads\/2019\/06\/50_etno_eng_1.jpg\" class=\"promo-banner-image image-1 attachment-full\" alt=\"\" title=\"50_etno_eng_1\" srcset=\"https:\/\/msf.hr\/wp-content\/uploads\/2019\/06\/50_etno_eng_1.jpg 400w, https:\/\/msf.hr\/wp-content\/uploads\/2019\/06\/50_etno_eng_1-300x270.jpg 300w\" sizes=\"auto, (max-width: 400px) 100vw, 400px\" \/>\t\t\t\t\t\t\t\t\t\t\t\t\t\t\t\t\t\t\t\t\t<\/div>\n\t\t\t\t\t<\/div>\n\n\t\t\t\t\t<div class=\"wrapper-content-baner\">\n\t\t\t\t\t\t<div class=\"banner-inner\">\n\t\t\t\t\t\t\t\t\t\t\t\t\t<\/div>\n\t\t\t\t\t<\/div>\n\n\t\t\t\t<\/div>\n\t\t\t<\/div>\n\n\t\t[\/vc_column][\/vc_row][vc_row full_width=&#8221;stretch_row_content_no_spaces&#8221; css=&#8221;.vc_custom_1560510680448{margin-top: 0px !important;margin-bottom: 0px !important;border-top-width: 0px !important;border-bottom-width: 0px !important;}&#8221; el_class=&#8221;vc_hidden-lg vc_hidden-md&#8221;][vc_column width=&#8221;1\/3&#8243; css=&#8221;.vc_custom_1560509969668{margin-top: 0px !important;margin-bottom: 0px !important;border-top-width: 0px !important;border-bottom-width: 0px !important;padding-top: 0px !important;padding-bottom: 0px !important;}&#8221;]\n\t\t\t<div class=\"promo-banner-wrapper\">\n\t\t\t\t<div class=\"promo-banner cursor-pointer text-left vertical-alignment-top banner- hover- color-scheme-light \" onclick=\"window.location.href='en\/50-msf-2016-ethno-na-putu-u-hrvatskoj\/'\" >\n\n\t\t\t\t\t<div class=\"main-wrapp-img\">\n\t\t\t\t\t\t<div class=\"banner-image\">\n\t\t\t\t\t\t\t\t\t\t\t\t\t\t\t\t\t\t\t\t\t\t\t\t<img loading=\"lazy\" decoding=\"async\" width=\"400\" height=\"360\" src=\"https:\/\/msf.hr\/wp-content\/uploads\/2019\/06\/50_etno_eng_2.jpg\" class=\"promo-banner-image image-1 attachment-full\" alt=\"\" title=\"50_etno_eng_2\" srcset=\"https:\/\/msf.hr\/wp-content\/uploads\/2019\/06\/50_etno_eng_2.jpg 400w, https:\/\/msf.hr\/wp-content\/uploads\/2019\/06\/50_etno_eng_2-300x270.jpg 300w\" sizes=\"auto, (max-width: 400px) 100vw, 400px\" \/>\t\t\t\t\t\t\t\t\t\t\t\t\t\t\t\t\t\t\t\t\t<\/div>\n\t\t\t\t\t<\/div>\n\n\t\t\t\t\t<div class=\"wrapper-content-baner\">\n\t\t\t\t\t\t<div class=\"banner-inner\">\n\t\t\t\t\t\t\t\t\t\t\t\t\t<\/div>\n\t\t\t\t\t<\/div>\n\n\t\t\t\t<\/div>\n\t\t\t<\/div>\n\n\t\t[\/vc_column][vc_column width=&#8221;1\/3&#8243; css=&#8221;.vc_custom_1560509977330{margin-top: 0px !important;margin-bottom: 0px !important;border-top-width: 0px !important;border-bottom-width: 0px !important;padding-top: 0px !important;padding-bottom: 0px !important;}&#8221;]\n\t\t\t<div class=\"promo-banner-wrapper\">\n\t\t\t\t<div class=\"promo-banner cursor-pointer text-left vertical-alignment-top banner- hover- color-scheme-light \" onclick=\"window.location.href='en\/49-msf-2015-ethno-na-putu-u-hrvatskoj\/'\" >\n\n\t\t\t\t\t<div class=\"main-wrapp-img\">\n\t\t\t\t\t\t<div class=\"banner-image\">\n\t\t\t\t\t\t\t\t\t\t\t\t\t\t\t\t\t\t\t\t\t\t\t\t<img loading=\"lazy\" decoding=\"async\" width=\"400\" height=\"360\" src=\"https:\/\/msf.hr\/wp-content\/uploads\/2019\/06\/49_etno_engl.jpg\" class=\"promo-banner-image image-1 attachment-full\" alt=\"\" title=\"49_etno_engl\" srcset=\"https:\/\/msf.hr\/wp-content\/uploads\/2019\/06\/49_etno_engl.jpg 400w, https:\/\/msf.hr\/wp-content\/uploads\/2019\/06\/49_etno_engl-300x270.jpg 300w\" sizes=\"auto, (max-width: 400px) 100vw, 400px\" \/>\t\t\t\t\t\t\t\t\t\t\t\t\t\t\t\t\t\t\t\t\t<\/div>\n\t\t\t\t\t<\/div>\n\n\t\t\t\t\t<div class=\"wrapper-content-baner\">\n\t\t\t\t\t\t<div class=\"banner-inner\">\n\t\t\t\t\t\t\t\t\t\t\t\t\t<\/div>\n\t\t\t\t\t<\/div>\n\n\t\t\t\t<\/div>\n\t\t\t<\/div>\n\n\t\t[\/vc_column][vc_column width=&#8221;1\/3&#8243; css=&#8221;.vc_custom_1560866111944{margin-top: 0px !important;margin-bottom: 0px !important;border-top-width: 0px !important;border-bottom-width: 0px !important;padding-top: 0px !important;padding-bottom: 0px !important;}&#8221;]\n\t\t\t<div class=\"promo-banner-wrapper\">\n\t\t\t\t<div class=\"promo-banner cursor-pointer text-left vertical-alignment-top banner- hover- color-scheme-light \" onclick=\"window.location.href='en\/48-msf-2014-hrvatska-etnoglazba-i-medimurska-tradicijska-glazba\/'\" >\n\n\t\t\t\t\t<div class=\"main-wrapp-img\">\n\t\t\t\t\t\t<div class=\"banner-image\">\n\t\t\t\t\t\t\t\t\t\t\t\t\t\t\t\t\t\t\t\t\t\t\t\t<img loading=\"lazy\" decoding=\"async\" width=\"400\" height=\"360\" src=\"https:\/\/msf.hr\/wp-content\/uploads\/2019\/06\/48_etno_engl.jpg\" class=\"promo-banner-image image-1 attachment-full\" alt=\"\" title=\"48_etno_engl\" srcset=\"https:\/\/msf.hr\/wp-content\/uploads\/2019\/06\/48_etno_engl.jpg 400w, https:\/\/msf.hr\/wp-content\/uploads\/2019\/06\/48_etno_engl-300x270.jpg 300w\" sizes=\"auto, (max-width: 400px) 100vw, 400px\" \/>\t\t\t\t\t\t\t\t\t\t\t\t\t\t\t\t\t\t\t\t\t<\/div>\n\t\t\t\t\t<\/div>\n\n\t\t\t\t\t<div class=\"wrapper-content-baner\">\n\t\t\t\t\t\t<div class=\"banner-inner\">\n\t\t\t\t\t\t\t\t\t\t\t\t\t<\/div>\n\t\t\t\t\t<\/div>\n\n\t\t\t\t<\/div>\n\t\t\t<\/div>\n\n\t\t[\/vc_column][\/vc_row][vc_row full_width=&#8221;stretch_row_content_no_spaces&#8221; css=&#8221;.vc_custom_1560510680448{margin-top: 0px !important;margin-bottom: 0px !important;border-top-width: 0px !important;border-bottom-width: 0px !important;}&#8221; el_class=&#8221;vc_hidden-lg vc_hidden-md&#8221;][vc_column width=&#8221;1\/3&#8243; css=&#8221;.vc_custom_1560509969668{margin-top: 0px !important;margin-bottom: 0px !important;border-top-width: 0px !important;border-bottom-width: 0px !important;padding-top: 0px !important;padding-bottom: 0px !important;}&#8221;]\n\t\t\t<div class=\"promo-banner-wrapper\">\n\t\t\t\t<div class=\"promo-banner cursor-pointer text-left vertical-alignment-top banner- hover- color-scheme-light \" onclick=\"window.location.href='en\/47-msf-2013-ethno-na-putu-u-hrvatskoj\/'\" >\n\n\t\t\t\t\t<div class=\"main-wrapp-img\">\n\t\t\t\t\t\t<div class=\"banner-image\">\n\t\t\t\t\t\t\t\t\t\t\t\t\t\t\t\t\t\t\t\t\t\t\t\t<img loading=\"lazy\" decoding=\"async\" width=\"400\" height=\"360\" src=\"https:\/\/msf.hr\/wp-content\/uploads\/2019\/06\/47_etno_engl.jpg\" class=\"promo-banner-image image-1 attachment-full\" alt=\"\" title=\"47_etno_engl\" srcset=\"https:\/\/msf.hr\/wp-content\/uploads\/2019\/06\/47_etno_engl.jpg 400w, https:\/\/msf.hr\/wp-content\/uploads\/2019\/06\/47_etno_engl-300x270.jpg 300w\" sizes=\"auto, (max-width: 400px) 100vw, 400px\" \/>\t\t\t\t\t\t\t\t\t\t\t\t\t\t\t\t\t\t\t\t\t<\/div>\n\t\t\t\t\t<\/div>\n\n\t\t\t\t\t<div class=\"wrapper-content-baner\">\n\t\t\t\t\t\t<div class=\"banner-inner\">\n\t\t\t\t\t\t\t\t\t\t\t\t\t<\/div>\n\t\t\t\t\t<\/div>\n\n\t\t\t\t<\/div>\n\t\t\t<\/div>\n\n\t\t[\/vc_column][vc_column width=&#8221;1\/3&#8243; css=&#8221;.vc_custom_1560509977330{margin-top: 0px !important;margin-bottom: 0px !important;border-top-width: 0px !important;border-bottom-width: 0px !important;padding-top: 0px !important;padding-bottom: 0px !important;}&#8221;]\n\t\t\t<div class=\"promo-banner-wrapper\">\n\t\t\t\t<div class=\"promo-banner text-left vertical-alignment-top banner- hover- color-scheme-light \"  >\n\n\t\t\t\t\t<div class=\"main-wrapp-img\">\n\t\t\t\t\t\t<div class=\"banner-image\">\n\t\t\t\t\t\t\t\t\t\t\t\t\t\t\t\t\t\t\t\t\t\t\t\t<img loading=\"lazy\" decoding=\"async\" width=\"400\" height=\"360\" src=\"https:\/\/msf.hr\/wp-content\/uploads\/2019\/06\/46_etno_engl.jpg\" class=\"promo-banner-image image-1 attachment-full\" alt=\"\" title=\"46_etno_engl\" srcset=\"https:\/\/msf.hr\/wp-content\/uploads\/2019\/06\/46_etno_engl.jpg 400w, https:\/\/msf.hr\/wp-content\/uploads\/2019\/06\/46_etno_engl-300x270.jpg 300w\" sizes=\"auto, (max-width: 400px) 100vw, 400px\" \/>\t\t\t\t\t\t\t\t\t\t\t\t\t\t\t\t\t\t\t\t\t<\/div>\n\t\t\t\t\t<\/div>\n\n\t\t\t\t\t<div class=\"wrapper-content-baner\">\n\t\t\t\t\t\t<div class=\"banner-inner\">\n\t\t\t\t\t\t\t\t\t\t\t\t\t<\/div>\n\t\t\t\t\t<\/div>\n\n\t\t\t\t<\/div>\n\t\t\t<\/div>\n\n\t\t[\/vc_column][vc_column width=&#8221;1\/3&#8243; css=&#8221;.vc_custom_1560866111944{margin-top: 0px !important;margin-bottom: 0px !important;border-top-width: 0px !important;border-bottom-width: 0px !important;padding-top: 0px !important;padding-bottom: 0px !important;}&#8221;]\n\t\t\t<div class=\"promo-banner-wrapper\">\n\t\t\t\t<div class=\"promo-banner cursor-pointer text-left vertical-alignment-top banner- hover- color-scheme-light \" onclick=\"window.location.href='en\/45-msf-2011-ethno-na-putu-u-hrvatskoj\/'\" >\n\n\t\t\t\t\t<div class=\"main-wrapp-img\">\n\t\t\t\t\t\t<div class=\"banner-image\">\n\t\t\t\t\t\t\t\t\t\t\t\t\t\t\t\t\t\t\t\t\t\t\t\t<img loading=\"lazy\" decoding=\"async\" width=\"400\" height=\"360\" src=\"https:\/\/msf.hr\/wp-content\/uploads\/2019\/06\/45_etno_engl.jpg\" class=\"promo-banner-image image-1 attachment-full\" alt=\"\" title=\"45_etno_engl\" srcset=\"https:\/\/msf.hr\/wp-content\/uploads\/2019\/06\/45_etno_engl.jpg 400w, https:\/\/msf.hr\/wp-content\/uploads\/2019\/06\/45_etno_engl-300x270.jpg 300w\" sizes=\"auto, (max-width: 400px) 100vw, 400px\" \/>\t\t\t\t\t\t\t\t\t\t\t\t\t\t\t\t\t\t\t\t\t<\/div>\n\t\t\t\t\t<\/div>\n\n\t\t\t\t\t<div class=\"wrapper-content-baner\">\n\t\t\t\t\t\t<div class=\"banner-inner\">\n\t\t\t\t\t\t\t\t\t\t\t\t\t<\/div>\n\t\t\t\t\t<\/div>\n\n\t\t\t\t<\/div>\n\t\t\t<\/div>\n\n\t\t[\/vc_column][\/vc_row][vc_row full_width=&#8221;stretch_row_content_no_spaces&#8221; css=&#8221;.vc_custom_1560510680448{margin-top: 0px !important;margin-bottom: 0px !important;border-top-width: 0px !important;border-bottom-width: 0px !important;}&#8221; el_class=&#8221;vc_hidden-lg vc_hidden-md&#8221;][vc_column width=&#8221;1\/3&#8243; css=&#8221;.vc_custom_1560509969668{margin-top: 0px !important;margin-bottom: 0px !important;border-top-width: 0px !important;border-bottom-width: 0px !important;padding-top: 0px !important;padding-bottom: 0px !important;}&#8221;]\n\t\t\t<div class=\"promo-banner-wrapper\">\n\t\t\t\t<div class=\"promo-banner cursor-pointer text-left vertical-alignment-top banner- hover- color-scheme-light \" onclick=\"window.location.href='en\/etnokoncerti-na-44-msf-2010\/'\" >\n\n\t\t\t\t\t<div class=\"main-wrapp-img\">\n\t\t\t\t\t\t<div class=\"banner-image\">\n\t\t\t\t\t\t\t\t\t\t\t\t\t\t\t\t\t\t\t\t\t\t\t\t<img loading=\"lazy\" decoding=\"async\" width=\"400\" height=\"360\" src=\"https:\/\/msf.hr\/wp-content\/uploads\/2019\/06\/44_etno_engl.jpg\" class=\"promo-banner-image image-1 attachment-full\" alt=\"\" title=\"44_etno_engl\" srcset=\"https:\/\/msf.hr\/wp-content\/uploads\/2019\/06\/44_etno_engl.jpg 400w, https:\/\/msf.hr\/wp-content\/uploads\/2019\/06\/44_etno_engl-300x270.jpg 300w\" sizes=\"auto, (max-width: 400px) 100vw, 400px\" \/>\t\t\t\t\t\t\t\t\t\t\t\t\t\t\t\t\t\t\t\t\t<\/div>\n\t\t\t\t\t<\/div>\n\n\t\t\t\t\t<div class=\"wrapper-content-baner\">\n\t\t\t\t\t\t<div class=\"banner-inner\">\n\t\t\t\t\t\t\t\t\t\t\t\t\t<\/div>\n\t\t\t\t\t<\/div>\n\n\t\t\t\t<\/div>\n\t\t\t<\/div>\n\n\t\t[\/vc_column][vc_column width=&#8221;1\/3&#8243; css=&#8221;.vc_custom_1560509977330{margin-top: 0px !important;margin-bottom: 0px !important;border-top-width: 0px !important;border-bottom-width: 0px !important;padding-top: 0px !important;padding-bottom: 0px !important;}&#8221;]\n\t\t\t<div class=\"promo-banner-wrapper\">\n\t\t\t\t<div class=\"promo-banner cursor-pointer text-left vertical-alignment-top banner- hover- color-scheme-light \" onclick=\"window.location.href='https:\/\/www.flickr.com\/photos\/69495271@N03\/albums\/72157640535923263'\" >\n\n\t\t\t\t\t<div class=\"main-wrapp-img\">\n\t\t\t\t\t\t<div class=\"banner-image\">\n\t\t\t\t\t\t\t\t\t\t\t\t\t\t\t\t\t\t\t\t\t\t\t\t<img loading=\"lazy\" decoding=\"async\" width=\"400\" height=\"360\" src=\"https:\/\/msf.hr\/wp-content\/uploads\/2019\/06\/43_etno_engl.jpg\" class=\"promo-banner-image image-1 attachment-full\" alt=\"\" title=\"43_etno_engl\" srcset=\"https:\/\/msf.hr\/wp-content\/uploads\/2019\/06\/43_etno_engl.jpg 400w, https:\/\/msf.hr\/wp-content\/uploads\/2019\/06\/43_etno_engl-300x270.jpg 300w\" sizes=\"auto, (max-width: 400px) 100vw, 400px\" \/>\t\t\t\t\t\t\t\t\t\t\t\t\t\t\t\t\t\t\t\t\t<\/div>\n\t\t\t\t\t<\/div>\n\n\t\t\t\t\t<div class=\"wrapper-content-baner\">\n\t\t\t\t\t\t<div class=\"banner-inner\">\n\t\t\t\t\t\t\t\t\t\t\t\t\t<\/div>\n\t\t\t\t\t<\/div>\n\n\t\t\t\t<\/div>\n\t\t\t<\/div>\n\n\t\t[\/vc_column][vc_column width=&#8221;1\/3&#8243; css=&#8221;.vc_custom_1560866111944{margin-top: 0px !important;margin-bottom: 0px !important;border-top-width: 0px !important;border-bottom-width: 0px !important;padding-top: 0px !important;padding-bottom: 0px !important;}&#8221;]\n\t\t\t<div class=\"promo-banner-wrapper\">\n\t\t\t\t<div class=\"promo-banner cursor-pointer text-left vertical-alignment-top banner- hover- color-scheme-light \" onclick=\"window.location.href='en\/etnokoncerti-na-42-msf-2008\/'\" >\n\n\t\t\t\t\t<div class=\"main-wrapp-img\">\n\t\t\t\t\t\t<div class=\"banner-image\">\n\t\t\t\t\t\t\t\t\t\t\t\t\t\t\t\t\t\t\t\t\t\t\t\t<img loading=\"lazy\" decoding=\"async\" width=\"400\" height=\"360\" src=\"https:\/\/msf.hr\/wp-content\/uploads\/2019\/06\/42_etno_eng.jpg\" class=\"promo-banner-image image-1 attachment-full\" alt=\"\" title=\"42_etno_eng\" srcset=\"https:\/\/msf.hr\/wp-content\/uploads\/2019\/06\/42_etno_eng.jpg 400w, https:\/\/msf.hr\/wp-content\/uploads\/2019\/06\/42_etno_eng-300x270.jpg 300w\" sizes=\"auto, (max-width: 400px) 100vw, 400px\" \/>\t\t\t\t\t\t\t\t\t\t\t\t\t\t\t\t\t\t\t\t\t<\/div>\n\t\t\t\t\t<\/div>\n\n\t\t\t\t\t<div class=\"wrapper-content-baner\">\n\t\t\t\t\t\t<div class=\"banner-inner\">\n\t\t\t\t\t\t\t\t\t\t\t\t\t<\/div>\n\t\t\t\t\t<\/div>\n\n\t\t\t\t<\/div>\n\t\t\t<\/div>\n\n\t\t[\/vc_column][\/vc_row][vc_row full_width=&#8221;stretch_row_content_no_spaces&#8221; css=&#8221;.vc_custom_1560510680448{margin-top: 0px !important;margin-bottom: 0px !important;border-top-width: 0px !important;border-bottom-width: 0px !important;}&#8221; el_class=&#8221;vc_hidden-lg vc_hidden-md&#8221;][vc_column width=&#8221;1\/3&#8243; css=&#8221;.vc_custom_1560509969668{margin-top: 0px !important;margin-bottom: 0px !important;border-top-width: 0px !important;border-bottom-width: 0px !important;padding-top: 0px !important;padding-bottom: 0px !important;}&#8221;]\n\t\t\t<div class=\"promo-banner-wrapper\">\n\t\t\t\t<div class=\"promo-banner cursor-pointer text-left vertical-alignment-top banner- hover- color-scheme-light \" onclick=\"window.location.href='en\/etnokoncerti-na-41-msf-2007\/'\" >\n\n\t\t\t\t\t<div class=\"main-wrapp-img\">\n\t\t\t\t\t\t<div class=\"banner-image\">\n\t\t\t\t\t\t\t\t\t\t\t\t\t\t\t\t\t\t\t\t\t\t\t\t<img loading=\"lazy\" decoding=\"async\" width=\"400\" height=\"360\" src=\"https:\/\/msf.hr\/wp-content\/uploads\/2019\/06\/41_etno_eng.jpg\" class=\"promo-banner-image image-1 attachment-full\" alt=\"\" title=\"41_etno_eng\" srcset=\"https:\/\/msf.hr\/wp-content\/uploads\/2019\/06\/41_etno_eng.jpg 400w, https:\/\/msf.hr\/wp-content\/uploads\/2019\/06\/41_etno_eng-300x270.jpg 300w\" sizes=\"auto, (max-width: 400px) 100vw, 400px\" \/>\t\t\t\t\t\t\t\t\t\t\t\t\t\t\t\t\t\t\t\t\t<\/div>\n\t\t\t\t\t<\/div>\n\n\t\t\t\t\t<div class=\"wrapper-content-baner\">\n\t\t\t\t\t\t<div class=\"banner-inner\">\n\t\t\t\t\t\t\t\t\t\t\t\t\t<\/div>\n\t\t\t\t\t<\/div>\n\n\t\t\t\t<\/div>\n\t\t\t<\/div>\n\n\t\t[\/vc_column][vc_column width=&#8221;1\/3&#8243; css=&#8221;.vc_custom_1560509977330{margin-top: 0px !important;margin-bottom: 0px !important;border-top-width: 0px !important;border-bottom-width: 0px !important;padding-top: 0px !important;padding-bottom: 0px !important;}&#8221;]\n\t\t\t<div class=\"promo-banner-wrapper\">\n\t\t\t\t<div class=\"promo-banner cursor-pointer text-left vertical-alignment-top banner- hover- color-scheme-light \" onclick=\"window.location.href='en\/2006-2005-2004-arhiva-etnokoncerti\/'\" >\n\n\t\t\t\t\t<div class=\"main-wrapp-img\">\n\t\t\t\t\t\t<div class=\"banner-image\">\n\t\t\t\t\t\t\t\t\t\t\t\t\t\t\t\t\t\t\t\t\t\t\t\t<img loading=\"lazy\" decoding=\"async\" width=\"400\" height=\"360\" src=\"https:\/\/msf.hr\/wp-content\/uploads\/2019\/06\/40_etno_engl.jpg\" class=\"promo-banner-image image-1 attachment-full\" alt=\"\" title=\"40_etno_engl\" srcset=\"https:\/\/msf.hr\/wp-content\/uploads\/2019\/06\/40_etno_engl.jpg 400w, https:\/\/msf.hr\/wp-content\/uploads\/2019\/06\/40_etno_engl-300x270.jpg 300w\" sizes=\"auto, (max-width: 400px) 100vw, 400px\" \/>\t\t\t\t\t\t\t\t\t\t\t\t\t\t\t\t\t\t\t\t\t<\/div>\n\t\t\t\t\t<\/div>\n\n\t\t\t\t\t<div class=\"wrapper-content-baner\">\n\t\t\t\t\t\t<div class=\"banner-inner\">\n\t\t\t\t\t\t\t\t\t\t\t\t\t<\/div>\n\t\t\t\t\t<\/div>\n\n\t\t\t\t<\/div>\n\t\t\t<\/div>\n\n\t\t[\/vc_column][vc_column width=&#8221;1\/3&#8243; css=&#8221;.vc_custom_1560866111944{margin-top: 0px !important;margin-bottom: 0px !important;border-top-width: 0px !important;border-bottom-width: 0px !important;padding-top: 0px !important;padding-bottom: 0px !important;}&#8221;]\n\t\t\t<div class=\"promo-banner-wrapper\">\n\t\t\t\t<div class=\"promo-banner cursor-pointer text-left vertical-alignment-top banner- hover- color-scheme-light \" onclick=\"window.location.href='en\/2006-2005-2004-arhiva-etnokoncerti\/'\" >\n\n\t\t\t\t\t<div class=\"main-wrapp-img\">\n\t\t\t\t\t\t<div class=\"banner-image\">\n\t\t\t\t\t\t\t\t\t\t\t\t\t\t\t\t\t\t\t\t\t\t\t\t<img loading=\"lazy\" decoding=\"async\" width=\"400\" height=\"360\" src=\"https:\/\/msf.hr\/wp-content\/uploads\/2019\/06\/39_eng_etno.jpg\" class=\"promo-banner-image image-1 attachment-full\" alt=\"\" title=\"39_eng_etno\" srcset=\"https:\/\/msf.hr\/wp-content\/uploads\/2019\/06\/39_eng_etno.jpg 400w, https:\/\/msf.hr\/wp-content\/uploads\/2019\/06\/39_eng_etno-300x270.jpg 300w\" sizes=\"auto, (max-width: 400px) 100vw, 400px\" \/>\t\t\t\t\t\t\t\t\t\t\t\t\t\t\t\t\t\t\t\t\t<\/div>\n\t\t\t\t\t<\/div>\n\n\t\t\t\t\t<div class=\"wrapper-content-baner\">\n\t\t\t\t\t\t<div class=\"banner-inner\">\n\t\t\t\t\t\t\t\t\t\t\t\t\t<\/div>\n\t\t\t\t\t<\/div>\n\n\t\t\t\t<\/div>\n\t\t\t<\/div>\n\n\t\t[\/vc_column][\/vc_row][vc_row full_width=&#8221;stretch_row_content_no_spaces&#8221; css=&#8221;.vc_custom_1560510680448{margin-top: 0px !important;margin-bottom: 0px !important;border-top-width: 0px !important;border-bottom-width: 0px !important;}&#8221; el_class=&#8221;vc_hidden-lg vc_hidden-md&#8221;][vc_column width=&#8221;1\/3&#8243; css=&#8221;.vc_custom_1560866111944{margin-top: 0px !important;margin-bottom: 0px !important;border-top-width: 0px !important;border-bottom-width: 0px !important;padding-top: 0px !important;padding-bottom: 0px !important;}&#8221;]\n\t\t\t<div class=\"promo-banner-wrapper\">\n\t\t\t\t<div class=\"promo-banner cursor-pointer text-left vertical-alignment-top banner- hover- color-scheme-light \" onclick=\"window.location.href='en\/2006-2005-2004-arhiva-etnokoncerti\/'\" >\n\n\t\t\t\t\t<div class=\"main-wrapp-img\">\n\t\t\t\t\t\t<div class=\"banner-image\">\n\t\t\t\t\t\t\t\t\t\t\t\t\t\t\t\t\t\t\t\t\t\t\t\t<img loading=\"lazy\" decoding=\"async\" width=\"400\" height=\"360\" src=\"https:\/\/msf.hr\/wp-content\/uploads\/2019\/06\/38_etno_eng.jpg\" class=\"promo-banner-image image-1 attachment-full\" alt=\"\" title=\"38_etno_eng\" srcset=\"https:\/\/msf.hr\/wp-content\/uploads\/2019\/06\/38_etno_eng.jpg 400w, https:\/\/msf.hr\/wp-content\/uploads\/2019\/06\/38_etno_eng-300x270.jpg 300w\" sizes=\"auto, (max-width: 400px) 100vw, 400px\" \/>\t\t\t\t\t\t\t\t\t\t\t\t\t\t\t\t\t\t\t\t\t<\/div>\n\t\t\t\t\t<\/div>\n\n\t\t\t\t\t<div class=\"wrapper-content-baner\">\n\t\t\t\t\t\t<div class=\"banner-inner\">\n\t\t\t\t\t\t\t\t\t\t\t\t\t<\/div>\n\t\t\t\t\t<\/div>\n\n\t\t\t\t<\/div>\n\t\t\t<\/div>\n\n\t\t[\/vc_column][vc_column width=&#8221;1\/3&#8243; css=&#8221;.vc_custom_1560509969668{margin-top: 0px !important;margin-bottom: 0px !important;border-top-width: 0px !important;border-bottom-width: 0px !important;padding-top: 0px !important;padding-bottom: 0px !important;}&#8221;]\n\t\t\t<div class=\"promo-banner-wrapper\">\n\t\t\t\t<div class=\"promo-banner cursor-pointer text-left vertical-alignment-top banner- hover- color-scheme-light \" onclick=\"window.location.href='en\/2003-2002-2001-200-arhiva-etnokoncerti\/'\" >\n\n\t\t\t\t\t<div class=\"main-wrapp-img\">\n\t\t\t\t\t\t<div class=\"banner-image\">\n\t\t\t\t\t\t\t\t\t\t\t\t\t\t\t\t\t\t\t\t\t\t\t\t<img loading=\"lazy\" decoding=\"async\" width=\"400\" height=\"360\" src=\"https:\/\/msf.hr\/wp-content\/uploads\/2019\/06\/37_etno_eng.jpg\" class=\"promo-banner-image image-1 attachment-full\" alt=\"\" title=\"37_etno_eng\" srcset=\"https:\/\/msf.hr\/wp-content\/uploads\/2019\/06\/37_etno_eng.jpg 400w, https:\/\/msf.hr\/wp-content\/uploads\/2019\/06\/37_etno_eng-300x270.jpg 300w\" sizes=\"auto, (max-width: 400px) 100vw, 400px\" \/>\t\t\t\t\t\t\t\t\t\t\t\t\t\t\t\t\t\t\t\t\t<\/div>\n\t\t\t\t\t<\/div>\n\n\t\t\t\t\t<div class=\"wrapper-content-baner\">\n\t\t\t\t\t\t<div class=\"banner-inner\">\n\t\t\t\t\t\t\t\t\t\t\t\t\t<\/div>\n\t\t\t\t\t<\/div>\n\n\t\t\t\t<\/div>\n\t\t\t<\/div>\n\n\t\t[\/vc_column][vc_column width=&#8221;1\/3&#8243; css=&#8221;.vc_custom_1560509977330{margin-top: 0px !important;margin-bottom: 0px !important;border-top-width: 0px !important;border-bottom-width: 0px !important;padding-top: 0px !important;padding-bottom: 0px !important;}&#8221;]\n\t\t\t<div class=\"promo-banner-wrapper\">\n\t\t\t\t<div class=\"promo-banner cursor-pointer text-left vertical-alignment-top banner- hover- color-scheme-light \" onclick=\"window.location.href='en\/2003-2002-2001-200-arhiva-etnokoncerti\/'\" >\n\n\t\t\t\t\t<div class=\"main-wrapp-img\">\n\t\t\t\t\t\t<div class=\"banner-image\">\n\t\t\t\t\t\t\t\t\t\t\t\t\t\t\t\t\t\t\t\t\t\t\t\t<img loading=\"lazy\" decoding=\"async\" width=\"400\" height=\"360\" src=\"https:\/\/msf.hr\/wp-content\/uploads\/2019\/06\/36_etno_eng.jpg\" class=\"promo-banner-image image-1 attachment-full\" alt=\"\" title=\"36_etno_eng\" srcset=\"https:\/\/msf.hr\/wp-content\/uploads\/2019\/06\/36_etno_eng.jpg 400w, https:\/\/msf.hr\/wp-content\/uploads\/2019\/06\/36_etno_eng-300x270.jpg 300w\" sizes=\"auto, (max-width: 400px) 100vw, 400px\" \/>\t\t\t\t\t\t\t\t\t\t\t\t\t\t\t\t\t\t\t\t\t<\/div>\n\t\t\t\t\t<\/div>\n\n\t\t\t\t\t<div class=\"wrapper-content-baner\">\n\t\t\t\t\t\t<div class=\"banner-inner\">\n\t\t\t\t\t\t\t\t\t\t\t\t\t<\/div>\n\t\t\t\t\t<\/div>\n\n\t\t\t\t<\/div>\n\t\t\t<\/div>\n\n\t\t[\/vc_column][\/vc_row][vc_row full_width=&#8221;stretch_row_content_no_spaces&#8221; css=&#8221;.vc_custom_1560510680448{margin-top: 0px !important;margin-bottom: 0px !important;border-top-width: 0px !important;border-bottom-width: 0px !important;}&#8221; el_class=&#8221;vc_hidden-lg vc_hidden-md&#8221;][vc_column width=&#8221;1\/3&#8243; css=&#8221;.vc_custom_1560866111944{margin-top: 0px !important;margin-bottom: 0px !important;border-top-width: 0px !important;border-bottom-width: 0px !important;padding-top: 0px !important;padding-bottom: 0px !important;}&#8221;]\n\t\t\t<div class=\"promo-banner-wrapper\">\n\t\t\t\t<div class=\"promo-banner cursor-pointer text-left vertical-alignment-top banner- hover- color-scheme-light \" onclick=\"window.location.href='en\/2003-2002-2001-200-arhiva-etnokoncerti\/'\" >\n\n\t\t\t\t\t<div class=\"main-wrapp-img\">\n\t\t\t\t\t\t<div class=\"banner-image\">\n\t\t\t\t\t\t\t\t\t\t\t\t\t\t\t\t\t\t\t\t\t\t\t\t<img loading=\"lazy\" decoding=\"async\" width=\"400\" height=\"360\" src=\"https:\/\/msf.hr\/wp-content\/uploads\/2019\/06\/35_etno_eng.jpg\" class=\"promo-banner-image image-1 attachment-full\" alt=\"\" title=\"35_etno_eng\" srcset=\"https:\/\/msf.hr\/wp-content\/uploads\/2019\/06\/35_etno_eng.jpg 400w, https:\/\/msf.hr\/wp-content\/uploads\/2019\/06\/35_etno_eng-300x270.jpg 300w\" sizes=\"auto, (max-width: 400px) 100vw, 400px\" \/>\t\t\t\t\t\t\t\t\t\t\t\t\t\t\t\t\t\t\t\t\t<\/div>\n\t\t\t\t\t<\/div>\n\n\t\t\t\t\t<div class=\"wrapper-content-baner\">\n\t\t\t\t\t\t<div class=\"banner-inner\">\n\t\t\t\t\t\t\t\t\t\t\t\t\t<\/div>\n\t\t\t\t\t<\/div>\n\n\t\t\t\t<\/div>\n\t\t\t<\/div>\n\n\t\t[\/vc_column][vc_column width=&#8221;1\/3&#8243; css=&#8221;.vc_custom_1560509969668{margin-top: 0px !important;margin-bottom: 0px !important;border-top-width: 0px !important;border-bottom-width: 0px !important;padding-top: 0px !important;padding-bottom: 0px !important;}&#8221;]\n\t\t\t<div class=\"promo-banner-wrapper\">\n\t\t\t\t<div class=\"promo-banner cursor-pointer text-left vertical-alignment-top banner- hover- color-scheme-light \" onclick=\"window.location.href='en\/2003-2002-2001-200-arhiva-etnokoncerti\/'\" >\n\n\t\t\t\t\t<div class=\"main-wrapp-img\">\n\t\t\t\t\t\t<div class=\"banner-image\">\n\t\t\t\t\t\t\t\t\t\t\t\t\t\t\t\t\t\t\t\t\t\t\t\t<img loading=\"lazy\" decoding=\"async\" width=\"400\" height=\"360\" src=\"https:\/\/msf.hr\/wp-content\/uploads\/2019\/06\/34_etno_eng.jpg\" class=\"promo-banner-image image-1 attachment-full\" alt=\"\" title=\"34_etno_eng\" srcset=\"https:\/\/msf.hr\/wp-content\/uploads\/2019\/06\/34_etno_eng.jpg 400w, https:\/\/msf.hr\/wp-content\/uploads\/2019\/06\/34_etno_eng-300x270.jpg 300w\" sizes=\"auto, (max-width: 400px) 100vw, 400px\" \/>\t\t\t\t\t\t\t\t\t\t\t\t\t\t\t\t\t\t\t\t\t<\/div>\n\t\t\t\t\t<\/div>\n\n\t\t\t\t\t<div class=\"wrapper-content-baner\">\n\t\t\t\t\t\t<div class=\"banner-inner\">\n\t\t\t\t\t\t\t\t\t\t\t\t\t<\/div>\n\t\t\t\t\t<\/div>\n\n\t\t\t\t<\/div>\n\t\t\t<\/div>\n\n\t\t[\/vc_column][vc_column width=&#8221;1\/3&#8243; css=&#8221;.vc_custom_1560509977330{margin-top: 0px !important;margin-bottom: 0px !important;border-top-width: 0px !important;border-bottom-width: 0px !important;padding-top: 0px !important;padding-bottom: 0px !important;}&#8221;][\/vc_column][\/vc_row]<\/p>\n<\/div>","protected":false},"excerpt":{"rendered":"<p>[vc_row full_width=&#8221;stretch_row&#8221; full_height=&#8221;yes&#8221; basel_parallax=&#8221;1&#8243; css=&#8221;.vc_custom_1753280402891{padding-top: 40px !important;padding-bottom: 40px !important;background-image: url(https:\/\/msf.hr\/wp-content\/uploads\/2025\/07\/Dizajn-bez-naslova-\u2013-kopija-2.jpg?id=17596) !important;}&#8221; el_class=&#8221;vc_hidden-sm vc_hidden-xs&#8221;][vc_column width=&#8221;1\/2&#8243; offset=&#8221;vc_hidden-sm vc_hidden-xs&#8221;][vc_custom_heading text=&#8221;59th IFF &#8211; Concert<\/p>\n","protected":false},"author":2,"featured_media":0,"parent":0,"menu_order":0,"comment_status":"closed","ping_status":"closed","template":"","meta":{"footnotes":""},"class_list":["post-4038","page","type-page","status-publish","hentry"],"aioseo_notices":[],"_links":{"self":[{"href":"https:\/\/msf.hr\/en\/wp-json\/wp\/v2\/pages\/4038","targetHints":{"allow":["GET"]}}],"collection":[{"href":"https:\/\/msf.hr\/en\/wp-json\/wp\/v2\/pages"}],"about":[{"href":"https:\/\/msf.hr\/en\/wp-json\/wp\/v2\/types\/page"}],"author":[{"embeddable":true,"href":"https:\/\/msf.hr\/en\/wp-json\/wp\/v2\/users\/2"}],"replies":[{"embeddable":true,"href":"https:\/\/msf.hr\/en\/wp-json\/wp\/v2\/comments?post=4038"}],"version-history":[{"count":50,"href":"https:\/\/msf.hr\/en\/wp-json\/wp\/v2\/pages\/4038\/revisions"}],"predecessor-version":[{"id":17648,"href":"https:\/\/msf.hr\/en\/wp-json\/wp\/v2\/pages\/4038\/revisions\/17648"}],"wp:attachment":[{"href":"https:\/\/msf.hr\/en\/wp-json\/wp\/v2\/media?parent=4038"}],"curies":[{"name":"wp","href":"https:\/\/api.w.org\/{rel}","templated":true}]}}