{"id":8555,"date":"2019-06-19T15:35:34","date_gmt":"2019-06-19T13:35:34","guid":{"rendered":"https:\/\/msf.hr\/church-folk-singing-2\/"},"modified":"2025-07-23T16:42:20","modified_gmt":"2025-07-23T14:42:20","slug":"iff-events-other","status":"publish","type":"page","link":"https:\/\/msf.hr\/en\/iff-events-other\/","title":{"rendered":"OTHER"},"content":{"rendered":"<div class=\"wpb-content-wrapper\"><p>[vc_row full_width=&#8221;stretch_row&#8221; full_height=&#8221;yes&#8221; basel_parallax=&#8221;1&#8243; css=&#8221;.vc_custom_1753281726842{padding-top: 40px !important;padding-bottom: 40px !important;background-image: url(https:\/\/msf.hr\/wp-content\/uploads\/2025\/07\/Dizajn-bez-naslova-1-5.jpg?id=17651) !important;}&#8221; el_class=&#8221;vc_hidden-sm vc_hidden-xs&#8221;][vc_column width=&#8221;1\/2&#8243; css=&#8221;.vc_custom_1560509317920{padding-right: 50px !important;padding-left: 20px !important;}&#8221; offset=&#8221;vc_hidden-sm vc_hidden-xs&#8221;][\/vc_column][vc_column width=&#8221;1\/2&#8243; offset=&#8221;vc_hidden-sm vc_hidden-xs&#8221;][vc_custom_heading text=&#8221;59th IFF &#8211; Life of Croatian literary heritage in modern local vernaculars on the example of the Litany of Loreto&#8221; font_container=&#8221;tag:h2|font_size:25|text_align:left|color:%23ffffff&#8221; use_theme_fonts=&#8221;yes&#8221; css=&#8221;.vc_custom_1753281573722{margin-bottom: 15px !important;}&#8221;][vc_custom_heading text=&#8221;Tuesday, June 8, 2025&#8243; font_container=&#8221;tag:h4|font_size:16|text_align:left|color:%23d30101|line_height:1.2&#8243; google_fonts=&#8221;font_family:Lato%3A100%2C100italic%2C300%2C300italic%2Cregular%2Citalic%2C700%2C700italic%2C900%2C900italic|font_style:400%20regular%3A400%3Anormal&#8221; css=&#8221;.vc_custom_1753281618324{margin-bottom: 10px !important;}&#8221;][vc_column_text css=&#8221;.vc_custom_1753281636098{margin-bottom: 25px !important;}&#8221; basel_color_scheme=&#8221;light&#8221;]The Litany of Loreto from two different prayer books from the turn of the 18th and 19th century \u2013 one kajkavian, the other ikavian-\u0161tokavian \u2013 will serve as an example of lexical vitality of Croatian linguistic heritage in modern local vernaculars&#8230;[\/vc_column_text][vc_btn title=&#8221;Read more&#8221; style=&#8221;custom&#8221; custom_background=&#8221;#981414&#8243; custom_text=&#8221;#ffffff&#8221; shape=&#8221;square&#8221; css=&#8221;&#8221; link=&#8221;url:https%3A%2F%2Fmsf.hr%2Fen%2Flife-of-croatian-literary-heritage-in-modern-local-vernaculars-on-the-example-of-the-litany-of-loreto%2F&#8221;][\/vc_column][\/vc_row][vc_row full_width=&#8221;stretch_row&#8221; full_height=&#8221;yes&#8221; basel_parallax=&#8221;1&#8243; css=&#8221;.vc_custom_1697707823028{padding-top: 40px !important;padding-bottom: 40px !important;background-image: url(https:\/\/msf.hr\/wp-content\/uploads\/2023\/09\/Copy-of-Copy-of-Untitled-Design-9.jpg?id=11479) !important;}&#8221; el_class=&#8221;vc_hidden-sm vc_hidden-xs&#8221;][vc_column width=&#8221;1\/2&#8243; css=&#8221;.vc_custom_1560509317920{padding-right: 50px !important;padding-left: 20px !important;}&#8221; offset=&#8221;vc_hidden-sm vc_hidden-xs&#8221;][vc_custom_heading text=&#8221;57th IFF &#8211; Folklore promenades in 2023.&#8221; font_container=&#8221;tag:h2|font_size:25|text_align:left|color:%23ffffff&#8221; use_theme_fonts=&#8221;yes&#8221; css=&#8221;.vc_custom_1697707864428{margin-bottom: 15px !important;}&#8221;][vc_custom_heading text=&#8221;City center of Zagreb&#8221; font_container=&#8221;tag:h4|font_size:16|text_align:left|color:%23d30101|line_height:1.2&#8243; google_fonts=&#8221;font_family:Lato%3A100%2C100italic%2C300%2C300italic%2Cregular%2Citalic%2C700%2C700italic%2C900%2C900italic|font_style:400%20regular%3A400%3Anormal&#8221; css=&#8221;.vc_custom_1697707965762{margin-bottom: 10px !important;}&#8221;][vc_column_text css=&#8221;.vc_custom_1697707949127{margin-bottom: 25px !important;}&#8221; basel_color_scheme=&#8221;light&#8221;]<span class=\"Y2IQFc\" lang=\"en\">Over the years, folklore promenades have become an integral part of MSF Zagreb. They are held in the city center of Zagreb, and in a relaxed manner they perform their points among the audience, who are often invited to join them.\u00a0<\/span><span class=\"Y2IQFc\" lang=\"en\">On the promenades, the audience has the opportunity to see the performers up close, talk with them and take photos&#8230;<\/span>[\/vc_column_text][vc_btn title=&#8221;Read more&#8221; style=&#8221;custom&#8221; custom_background=&#8221;#981414&#8243; custom_text=&#8221;#ffffff&#8221; shape=&#8221;square&#8221; link=&#8221;url:https%3A%2F%2Fmsf.hr%2Fen%2Ffolklore-promenades-in-2023%2F&#8221;][\/vc_column][vc_column width=&#8221;1\/2&#8243; offset=&#8221;vc_hidden-sm vc_hidden-xs&#8221;][\/vc_column][\/vc_row][vc_row full_width=&#8221;stretch_row&#8221; full_height=&#8221;yes&#8221; basel_parallax=&#8221;1&#8243; css=&#8221;.vc_custom_1697702334439{padding-top: 40px !important;padding-bottom: 40px !important;background-image: url(https:\/\/msf.hr\/wp-content\/uploads\/2023\/09\/Copy-of-Copy-of-Untitled-Design.jpg?id=11276) !important;}&#8221; el_class=&#8221;vc_hidden-sm vc_hidden-xs&#8221;][vc_column width=&#8221;1\/2&#8243; css=&#8221;.vc_custom_1560509317920{padding-right: 50px !important;padding-left: 20px !important;}&#8221; offset=&#8221;vc_hidden-sm vc_hidden-xs&#8221;][\/vc_column][vc_column width=&#8221;1\/2&#8243; offset=&#8221;vc_hidden-sm vc_hidden-xs&#8221;][vc_custom_heading text=&#8221;57th IFF &#8211; Five short theater pieces by Jo\u0161ka Weidinger&#8221; font_container=&#8221;tag:h2|font_size:25|text_align:left|color:%23ffffff&#8221; use_theme_fonts=&#8221;yes&#8221; css=&#8221;.vc_custom_1697702413248{margin-bottom: 15px !important;}&#8221;][vc_custom_heading text=&#8221;Theater group of the company \u201cDugava\u201d, Pinkovac, Austria, Saturday, 15 July 2023.&#8221; font_container=&#8221;tag:h4|font_size:16|text_align:left|color:%23d30101|line_height:1.2&#8243; google_fonts=&#8221;font_family:Lato%3A100%2C100italic%2C300%2C300italic%2Cregular%2Citalic%2C700%2C700italic%2C900%2C900italic|font_style:400%20regular%3A400%3Anormal&#8221; css=&#8221;.vc_custom_1697702452947{margin-bottom: 10px !important;}&#8221;][vc_column_text css=&#8221;.vc_custom_1697702470153{margin-bottom: 25px !important;}&#8221; basel_color_scheme=&#8221;light&#8221;]The veterans of the Dugava theater company will present five short plays written by the Croatian folk writer Jo\u0161ka Weidinger (1942-2010) from Gradi\u0161\u0107e. The titles are Korizmeni aldov, U nedilju po ma\u0161a, Plea for exemption from military service, Croatian-Croatian language problem and Gumi servis. In addition to dramatic performances, Weidinger\u2019s work will be presented and excerpts from his literary works will be read. The program will talk about the language and culture of the Pinkovo \u200b\u200bCroats&#8230;[\/vc_column_text][vc_btn title=&#8221;Read more&#8221; style=&#8221;custom&#8221; custom_background=&#8221;#981414&#8243; custom_text=&#8221;#ffffff&#8221; shape=&#8221;square&#8221; link=&#8221;url:https%3A%2F%2Fmsf.hr%2Fen%2Ffive-short-theater-pieces-by-joska-weidinger%2F&#8221;][\/vc_column][\/vc_row][vc_row full_width=&#8221;stretch_row&#8221; full_height=&#8221;yes&#8221; basel_parallax=&#8221;1&#8243; css=&#8221;.vc_custom_1697636043638{padding-top: 40px !important;padding-bottom: 40px !important;background-image: url(https:\/\/msf.hr\/wp-content\/uploads\/2023\/09\/Copy-of-Copy-of-Untitled-Design-2.jpg?id=11223) !important;}&#8221; el_class=&#8221;vc_hidden-sm vc_hidden-xs&#8221;][vc_column width=&#8221;1\/2&#8243; css=&#8221;.vc_custom_1560509317920{padding-right: 50px !important;padding-left: 20px !important;}&#8221; offset=&#8221;vc_hidden-sm vc_hidden-xs&#8221;][vc_custom_heading text=&#8221;57th IFF Zagreb \u2013 presentation of a monograph books&#8221; font_container=&#8221;tag:h2|font_size:25|text_align:left|color:%23ffffff&#8221; use_theme_fonts=&#8221;yes&#8221; css=&#8221;.vc_custom_1697636079612{margin-bottom: 15px !important;}&#8221;][vc_custom_heading text=&#8221;July 15, 2023, Bogdan Ogrizovi\u0107 Library and Reading Room, Preradovi\u0107eva 5&#8243; font_container=&#8221;tag:h4|font_size:16|text_align:left|color:%23d30101|line_height:1.2&#8243; google_fonts=&#8221;font_family:Lato%3A100%2C100italic%2C300%2C300italic%2Cregular%2Citalic%2C700%2C700italic%2C900%2C900italic|font_style:400%20regular%3A400%3Anormal&#8221; css=&#8221;.vc_custom_1697636092656{margin-bottom: 10px !important;}&#8221;][vc_column_text css=&#8221;.vc_custom_1697636107813{margin-bottom: 25px !important;}&#8221; basel_color_scheme=&#8221;light&#8221;]In recent years, numerous folklore groups from Pokuplje have celebrated big anniversaries of their existence, and some of them have also published printed monographs in that name.<\/p>\n<p>On behalf of the ethnological and cultural anthropological profession, the books were presented by: the artistic director of IFF Zagreb Tvrtko Zebec, Katarina Bu\u0161i\u0107 from the Zagreb Ethnographic Museum and Josip Forjan from the Traditioncal Cultural Heritage Centre. Also, editors of monographs and presidents of folklore groups spoke at the presentation&#8230;[\/vc_column_text][vc_btn title=&#8221;Read more&#8221; style=&#8221;custom&#8221; custom_background=&#8221;#981414&#8243; custom_text=&#8221;#ffffff&#8221; shape=&#8221;square&#8221; link=&#8221;url:https%3A%2F%2Fmsf.hr%2Fen%2F57th-iff-zagreb-presentation-of-a-monograph-books%2F&#8221;][\/vc_column][vc_column width=&#8221;1\/2&#8243; offset=&#8221;vc_hidden-sm vc_hidden-xs&#8221;][\/vc_column][\/vc_row][vc_row full_width=&#8221;stretch_row&#8221; full_height=&#8221;yes&#8221; basel_parallax=&#8221;1&#8243; css=&#8221;.vc_custom_1697634256180{padding-top: 40px !important;padding-bottom: 40px !important;background-image: url(https:\/\/msf.hr\/wp-content\/uploads\/2023\/07\/msf.png?id=10867) !important;}&#8221; el_class=&#8221;vc_hidden-sm vc_hidden-xs&#8221;][vc_column width=&#8221;1\/2&#8243; css=&#8221;.vc_custom_1560509317920{padding-right: 50px !important;padding-left: 20px !important;}&#8221; offset=&#8221;vc_hidden-sm vc_hidden-xs&#8221;][\/vc_column][vc_column width=&#8221;1\/2&#8243; offset=&#8221;vc_hidden-sm vc_hidden-xs&#8221;][vc_custom_heading text=&#8221;Press conference of the 57th IFF Zagreb&#8221; font_container=&#8221;tag:h2|font_size:25|text_align:left|color:%23ffffff&#8221; use_theme_fonts=&#8221;yes&#8221; css=&#8221;.vc_custom_1697634362213{margin-bottom: 15px !important;}&#8221;][vc_custom_heading text=&#8221;Monday, July 3, 2023 (Trg Republike Hrvatske 6A, 10000, Zagreb)&#8221; font_container=&#8221;tag:h4|font_size:16|text_align:left|color:%23d30101|line_height:1.2&#8243; google_fonts=&#8221;font_family:Lato%3A100%2C100italic%2C300%2C300italic%2Cregular%2Citalic%2C700%2C700italic%2C900%2C900italic|font_style:400%20regular%3A400%3Anormal&#8221; css=&#8221;.vc_custom_1697634466915{margin-bottom: 10px !important;}&#8221;][vc_column_text css=&#8221;.vc_custom_1697634510782{margin-bottom: 25px !important;}&#8221; basel_color_scheme=&#8221;light&#8221;]On Monday, July 3, 2023, a press conference was held to announce the program of the 57th Zagreb IFF Zagreb.<\/p>\n<p>The following spoke in front of numerous media: the Mayor of the City of Zagreb, Tomislav Toma\u0161evi\u0107, the Minister of Culture, Ph.D. sc. Nina Obuljen Kor\u017einek, artistic director of the IFF Zagreb, Ph.D. Tvrtko Zebec the director of the Tourist Board of the City of Zagreb, Ph.D. Martina Bienenfeld&#8230;[\/vc_column_text][vc_btn title=&#8221;Read more&#8221; style=&#8221;custom&#8221; custom_background=&#8221;#981414&#8243; custom_text=&#8221;#ffffff&#8221; shape=&#8221;square&#8221; link=&#8221;url:https%3A%2F%2Fmsf.hr%2Fen%2Fpress-conference-of-the-57th-iff-zagreb%2F&#8221;][\/vc_column][\/vc_row][vc_row full_width=&#8221;stretch_row&#8221; full_height=&#8221;yes&#8221; basel_parallax=&#8221;1&#8243; css=&#8221;.vc_custom_1697633581133{padding-top: 40px !important;padding-bottom: 40px !important;background-image: url(https:\/\/msf.hr\/wp-content\/uploads\/2023\/07\/6.png?id=10807) !important;}&#8221; el_class=&#8221;vc_hidden-sm vc_hidden-xs&#8221;][vc_column width=&#8221;1\/2&#8243; css=&#8221;.vc_custom_1560509317920{padding-right: 50px !important;padding-left: 20px !important;}&#8221; offset=&#8221;vc_hidden-sm vc_hidden-xs&#8221;][vc_custom_heading text=&#8221;57th IFF &#8211; Scientific panel \u201cHommage to the Pokuplje Expedition\u201d&#8221; font_container=&#8221;tag:h2|font_size:25|text_align:left|color:%23ffffff&#8221; use_theme_fonts=&#8221;yes&#8221; css=&#8221;.vc_custom_1697633958851{margin-bottom: 15px !important;}&#8221;][vc_custom_heading text=&#8221;Thursday, 6th July 2023, B. Ogrizovi\u0107 Library (Preradovi\u0107eva 5, Zagreb)&#8221; font_container=&#8221;tag:h4|font_size:16|text_align:left|color:%23d30101|line_height:1.2&#8243; google_fonts=&#8221;font_family:Lato%3A100%2C100italic%2C300%2C300italic%2Cregular%2Citalic%2C700%2C700italic%2C900%2C900italic|font_style:400%20regular%3A400%3Anormal&#8221; css=&#8221;.vc_custom_1697634089928{margin-bottom: 10px !important;}&#8221;][vc_column_text css=&#8221;.vc_custom_1697634114877{margin-bottom: 25px !important;}&#8221; basel_color_scheme=&#8221;light&#8221;]Speakers Matija Dronji\u0107 from Zagreb Ethnographic Museum and historian Josip Smerni\u0107 have enthusiastically presented the importance of the Pokuplje expedition and thus brought the topic of this year&#8217;s IFF Zagreb closer to the audience&#8230;[\/vc_column_text][vc_btn title=&#8221;Read more&#8221; style=&#8221;custom&#8221; custom_background=&#8221;#981414&#8243; custom_text=&#8221;#ffffff&#8221; shape=&#8221;square&#8221; link=&#8221;url:https%3A%2F%2Fmsf.hr%2Fen%2Fscientific-panel-hommage-to-the-pokuplje-expedition%2F&#8221;][\/vc_column][vc_column width=&#8221;1\/2&#8243; offset=&#8221;vc_hidden-sm vc_hidden-xs&#8221;][\/vc_column][\/vc_row][vc_row el_class=&#8221;vc_hidden-lg vc_hidden-md vc_hidden-sm&#8221;][vc_column][vc_basic_grid post_type=&#8221;ids&#8221; style=&#8221;load-more&#8221; items_per_page=&#8221;20&#8243; element_width=&#8221;12&#8243; gap=&#8221;0&#8243; grid_id=&#8221;vc_gid:1753281420571-89d9e6f24e334c67394ec6fd10d34a48-6&#8243; include=&#8221;2859, 2873, 2883, 2892, 2903, 2914, 2922, 2990, 3597, 3609, 3613&#8243; el_class=&#8221;mobile-pj&#8221;][\/vc_column][\/vc_row][vc_row el_class=&#8221;vc_hidden-lg vc_hidden-xs&#8221;][vc_column][vc_basic_grid post_type=&#8221;ids&#8221; style=&#8221;load-more&#8221; items_per_page=&#8221;20&#8243; element_width=&#8221;6&#8243; gap=&#8221;4&#8243; grid_id=&#8221;vc_gid:1753281420599-891bf73e980271abbe50ff28202925ee-7&#8243; include=&#8221;2859, 2873, 2883, 2892, 2903, 2914, 2922, 2990, 3597, 3609, 3613&#8243; el_class=&#8221;mobile-pj&#8221;][\/vc_column][\/vc_row]<\/p>\n<\/div>","protected":false},"excerpt":{"rendered":"<p>[vc_row full_width=&#8221;stretch_row&#8221; full_height=&#8221;yes&#8221; basel_parallax=&#8221;1&#8243; css=&#8221;.vc_custom_1753281726842{padding-top: 40px !important;padding-bottom: 40px !important;background-image: url(https:\/\/msf.hr\/wp-content\/uploads\/2025\/07\/Dizajn-bez-naslova-1-5.jpg?id=17651) !important;}&#8221; el_class=&#8221;vc_hidden-sm vc_hidden-xs&#8221;][vc_column width=&#8221;1\/2&#8243; css=&#8221;.vc_custom_1560509317920{padding-right: 50px !important;padding-left: 20px !important;}&#8221; offset=&#8221;vc_hidden-sm<\/p>\n","protected":false},"author":2,"featured_media":0,"parent":0,"menu_order":0,"comment_status":"closed","ping_status":"closed","template":"","meta":{"footnotes":""},"class_list":["post-8555","page","type-page","status-publish","hentry"],"aioseo_notices":[],"_links":{"self":[{"href":"https:\/\/msf.hr\/en\/wp-json\/wp\/v2\/pages\/8555","targetHints":{"allow":["GET"]}}],"collection":[{"href":"https:\/\/msf.hr\/en\/wp-json\/wp\/v2\/pages"}],"about":[{"href":"https:\/\/msf.hr\/en\/wp-json\/wp\/v2\/types\/page"}],"author":[{"embeddable":true,"href":"https:\/\/msf.hr\/en\/wp-json\/wp\/v2\/users\/2"}],"replies":[{"embeddable":true,"href":"https:\/\/msf.hr\/en\/wp-json\/wp\/v2\/comments?post=8555"}],"version-history":[{"count":8,"href":"https:\/\/msf.hr\/en\/wp-json\/wp\/v2\/pages\/8555\/revisions"}],"predecessor-version":[{"id":17653,"href":"https:\/\/msf.hr\/en\/wp-json\/wp\/v2\/pages\/8555\/revisions\/17653"}],"wp:attachment":[{"href":"https:\/\/msf.hr\/en\/wp-json\/wp\/v2\/media?parent=8555"}],"curies":[{"name":"wp","href":"https:\/\/api.w.org\/{rel}","templated":true}]}}